{"version":"1.0","provider_name":"MyRight","provider_url":"http:\/\/myright.se\/en","author_name":"Madeleine Jangard","author_url":"http:\/\/myright.se\/en\/author\/madeleine\/","title":"MyRight lanserar kampanj f\u00f6r att ingen ska l\u00e4mnas utanf\u00f6r i kriser och konflikter - MyRight","type":"rich","width":600,"height":338,"html":"<blockquote class=\"wp-embedded-content\" data-secret=\"hIkn8bAGab\"><a href=\"http:\/\/myright.se\/en\/kampanj-ingen-ska-lamnas-utanfor\/\">MyRight launches campaign to ensure no one is left behind in crises and conflicts<\/a><\/blockquote><iframe sandbox=\"allow-scripts\" security=\"restricted\" src=\"http:\/\/myright.se\/en\/kampanj-ingen-ska-lamnas-utanfor\/embed\/#?secret=hIkn8bAGab\" width=\"600\" height=\"338\" title=\"&#8220;MyRight lanserar kampanj f\u00f6r att ingen ska l\u00e4mnas utanf\u00f6r i kriser och konflikter&#8221; &#8212; MyRight\" data-secret=\"hIkn8bAGab\" frameborder=\"0\" marginwidth=\"0\" marginheight=\"0\" scrolling=\"no\" class=\"wp-embedded-content\"><\/iframe><script>\n\/*! This file is auto-generated *\/\n!function(d,l){\"use strict\";l.querySelector&&d.addEventListener&&\"undefined\"!=typeof URL&&(d.wp=d.wp||{},d.wp.receiveEmbedMessage||(d.wp.receiveEmbedMessage=function(e){var t=e.data;if((t||t.secret||t.message||t.value)&&!\/[^a-zA-Z0-9]\/.test(t.secret)){for(var s,r,n,a=l.querySelectorAll('iframe[data-secret=\"'+t.secret+'\"]'),o=l.querySelectorAll('blockquote[data-secret=\"'+t.secret+'\"]'),c=new RegExp(\"^https?:$\",\"i\"),i=0;i<o.length;i++)o[i].style.display=\"none\";for(i=0;i<a.length;i++)s=a[i],e.source===s.contentWindow&&(s.removeAttribute(\"style\"),\"height\"===t.message?(1e3<(r=parseInt(t.value,10))?r=1e3:~~r<200&&(r=200),s.height=r):\"link\"===t.message&&(r=new URL(s.getAttribute(\"src\")),n=new URL(t.value),c.test(n.protocol))&&n.host===r.host&&l.activeElement===s&&(d.top.location.href=t.value))}},d.addEventListener(\"message\",d.wp.receiveEmbedMessage,!1),l.addEventListener(\"DOMContentLoaded\",function(){for(var e,t,s=l.querySelectorAll(\"iframe.wp-embedded-content\"),r=0;r<s.length;r++)(t=(e=s[r]).getAttribute(\"data-secret\"))||(t=Math.random().toString(36).substring(2,12),e.src+=\"#?secret=\"+t,e.setAttribute(\"data-secret\",t)),e.contentWindow.postMessage({message:\"ready\",secret:t},\"*\")},!1)))}(window,document);\n\/\/# sourceURL=http:\/\/myright.se\/wp-includes\/js\/wp-embed.min.js\n<\/script>","thumbnail_url":"https:\/\/myright.se\/wp-content\/uploads\/2025\/11\/Untitled-design-1.png","thumbnail_width":1025,"thumbnail_height":576,"description":"N\u00e4r katastrofer sl\u00e5r till \u00e4r personer med funktionsneds\u00e4ttning ofta de som drabbas allra h\u00e5rdast \u2013 \u00e4nd\u00e5 missar svenskt bist\u00e5nd g\u00e5ng p\u00e5 g\u00e5ng att n\u00e5 dem. Endast 0,2 procent av Sveriges bist\u00e5ndsinsatser via Sida har funktionsneds\u00e4ttning som huvudfr\u00e5ga. Det \u00e4r en verklighet som vi vill f\u00f6r\u00e4ndra. D\u00e4rf\u00f6r lanserar MyRight nu en ny kampanj som lyfter hur [&hellip;]"}