{"version":"1.0","provider_name":"Mi derecho","provider_url":"http:\/\/myright.se\/es","author_name":"Madeleine Jangard","author_url":"http:\/\/myright.se\/es\/author\/madeleine\/","title":"Kvinnors resa mot j\u00e4mlikhet i Bosnien och Hercegovina - MyRight","type":"rich","width":600,"height":338,"html":"<blockquote class=\"wp-embedded-content\" data-secret=\"5NpjmYJh5d\"><a href=\"http:\/\/myright.se\/es\/kvinnors-resa-mot-jamlikhet-i-bosnien-och-hercegovina\/\">El camino de las mujeres hacia la igualdad en Bosnia y Herzegovina<\/a><\/blockquote><iframe sandbox=\"allow-scripts\" security=\"restricted\" src=\"http:\/\/myright.se\/es\/kvinnors-resa-mot-jamlikhet-i-bosnien-och-hercegovina\/embed\/#?secret=5NpjmYJh5d\" width=\"600\" height=\"338\" title=\"\u00abKvinnors resa mot j\u00e4mlikhet i Bosnien och Hercegovina\u00bb \u2014 MyRight\" data-secret=\"5NpjmYJh5d\" frameborder=\"0\" marginwidth=\"0\" marginheight=\"0\" scrolling=\"no\" class=\"wp-embedded-content\"><\/iframe><script>\n\/*! This file is auto-generated *\/\n!function(d,l){\"use strict\";l.querySelector&&d.addEventListener&&\"undefined\"!=typeof URL&&(d.wp=d.wp||{},d.wp.receiveEmbedMessage||(d.wp.receiveEmbedMessage=function(e){var t=e.data;if((t||t.secret||t.message||t.value)&&!\/[^a-zA-Z0-9]\/.test(t.secret)){for(var s,r,n,a=l.querySelectorAll('iframe[data-secret=\"'+t.secret+'\"]'),o=l.querySelectorAll('blockquote[data-secret=\"'+t.secret+'\"]'),c=new RegExp(\"^https?:$\",\"i\"),i=0;i<o.length;i++)o[i].style.display=\"none\";for(i=0;i<a.length;i++)s=a[i],e.source===s.contentWindow&&(s.removeAttribute(\"style\"),\"height\"===t.message?(1e3<(r=parseInt(t.value,10))?r=1e3:~~r<200&&(r=200),s.height=r):\"link\"===t.message&&(r=new URL(s.getAttribute(\"src\")),n=new URL(t.value),c.test(n.protocol))&&n.host===r.host&&l.activeElement===s&&(d.top.location.href=t.value))}},d.addEventListener(\"message\",d.wp.receiveEmbedMessage,!1),l.addEventListener(\"DOMContentLoaded\",function(){for(var e,t,s=l.querySelectorAll(\"iframe.wp-embedded-content\"),r=0;r<s.length;r++)(t=(e=s[r]).getAttribute(\"data-secret\"))||(t=Math.random().toString(36).substring(2,12),e.src+=\"#?secret=\"+t,e.setAttribute(\"data-secret\",t)),e.contentWindow.postMessage({message:\"ready\",secret:t},\"*\")},!1)))}(window,document);\n\/\/# sourceURL=http:\/\/myright.se\/wp-includes\/js\/wp-embed.min.js\n<\/script>","thumbnail_url":"https:\/\/myright.se\/wp-content\/uploads\/2024\/01\/Konferens-1-scaled.jpg","thumbnail_width":2560,"thumbnail_height":1707,"description":"I Bosnien och Hercegovina, d\u00e4r historien fortfarande ekar genom st\u00e4dernas gator, p\u00e5g\u00e5r en tyst men kraftfull f\u00f6r\u00e4ndring. En nation som har upplevt sin besk\u00e4rda del av utmaningar, \u00e4r nu sk\u00e5deplatsen f\u00f6r en inspirerande kamp f\u00f6r r\u00e4ttvisa och inkludering."}