{"version":"1.0","provider_name":"Mi derecho","provider_url":"http:\/\/myright.se\/es","author_name":"Madeleine Jangard","author_url":"http:\/\/myright.se\/es\/author\/madeleine\/","title":"F\u00f6retagsg\u00e5va - MyRight","type":"rich","width":600,"height":338,"html":"<blockquote class=\"wp-embedded-content\" data-secret=\"EB4v8lbYKS\"><a href=\"http:\/\/myright.se\/es\/stod-myright\/foretag\/\">Regalo corporativo<\/a><\/blockquote><iframe sandbox=\"allow-scripts\" security=\"restricted\" src=\"http:\/\/myright.se\/es\/stod-myright\/foretag\/embed\/#?secret=EB4v8lbYKS\" width=\"600\" height=\"338\" title=\"\u00abF\u00f6retagsg\u00e5va\u00bb \u2014 MyRight\" data-secret=\"EB4v8lbYKS\" frameborder=\"0\" marginwidth=\"0\" marginheight=\"0\" scrolling=\"no\" class=\"wp-embedded-content\"><\/iframe><script>\n\/*! This file is auto-generated *\/\n!function(d,l){\"use strict\";l.querySelector&&d.addEventListener&&\"undefined\"!=typeof URL&&(d.wp=d.wp||{},d.wp.receiveEmbedMessage||(d.wp.receiveEmbedMessage=function(e){var t=e.data;if((t||t.secret||t.message||t.value)&&!\/[^a-zA-Z0-9]\/.test(t.secret)){for(var s,r,n,a=l.querySelectorAll('iframe[data-secret=\"'+t.secret+'\"]'),o=l.querySelectorAll('blockquote[data-secret=\"'+t.secret+'\"]'),c=new RegExp(\"^https?:$\",\"i\"),i=0;i<o.length;i++)o[i].style.display=\"none\";for(i=0;i<a.length;i++)s=a[i],e.source===s.contentWindow&&(s.removeAttribute(\"style\"),\"height\"===t.message?(1e3<(r=parseInt(t.value,10))?r=1e3:~~r<200&&(r=200),s.height=r):\"link\"===t.message&&(r=new URL(s.getAttribute(\"src\")),n=new URL(t.value),c.test(n.protocol))&&n.host===r.host&&l.activeElement===s&&(d.top.location.href=t.value))}},d.addEventListener(\"message\",d.wp.receiveEmbedMessage,!1),l.addEventListener(\"DOMContentLoaded\",function(){for(var e,t,s=l.querySelectorAll(\"iframe.wp-embedded-content\"),r=0;r<s.length;r++)(t=(e=s[r]).getAttribute(\"data-secret\"))||(t=Math.random().toString(36).substring(2,12),e.src+=\"#?secret=\"+t,e.setAttribute(\"data-secret\",t)),e.contentWindow.postMessage({message:\"ready\",secret:t},\"*\")},!1)))}(window,document);\n\/\/# sourceURL=http:\/\/myright.se\/wp-includes\/js\/wp-embed.min.js\n<\/script>","description":"Ge en f\u00f6retagsg\u00e5va Med er f\u00f6retagsg\u00e5va bidrar ni till att f\u00f6r\u00e4ndra liv och st\u00e4rka r\u00e4ttigheter f\u00f6r personer med funktionsneds\u00e4ttning. Tillsammans kan vi se till att ingen l\u00e4mnas utanf\u00f6r. Tillsammans g\u00f6r vi skillnad \u00d6ver en miljard m\u00e4nniskor lever med funktionsneds\u00e4ttning. Tillsammans med f\u00f6retag kan vi st\u00e4rka m\u00e4nskliga r\u00e4ttigheter f\u00f6r personer med funktionsneds\u00e4ttning.\u00a0 MyRight \u00e4r tacksamma f\u00f6r [&hellip;]"}