{"version":"1.0","provider_name":"MyRight","provider_url":"https:\/\/myright.se\/en","author_name":"Madeleine Jangard","author_url":"https:\/\/myright.se\/en\/author\/madeleine\/","title":"Diskrimineringen i skolan forts\u00e4tter p\u00e5 arbetsmarknaden - MyRight","type":"rich","width":600,"height":338,"html":"<blockquote class=\"wp-embedded-content\" data-secret=\"YvTEl91wmf\"><a href=\"https:\/\/myright.se\/en\/diskrimineringen-i-skolan-fortsatter-pa-arbetsmarknaden\/\">Discrimination in schools continues in the labor market<\/a><\/blockquote><iframe sandbox=\"allow-scripts\" security=\"restricted\" src=\"https:\/\/myright.se\/en\/diskrimineringen-i-skolan-fortsatter-pa-arbetsmarknaden\/embed\/#?secret=YvTEl91wmf\" width=\"600\" height=\"338\" title=\"&quot;Discrimination in school continues in the labor market&quot; \u2014 MyRight\" data-secret=\"YvTEl91wmf\" frameborder=\"0\" marginwidth=\"0\" marginheight=\"0\" scrolling=\"no\" class=\"wp-embedded-content\"><\/iframe><script>\n\/*! This file is auto-generated *\/\n!function(d,l){\"use strict\";l.querySelector&&d.addEventListener&&\"undefined\"!=typeof URL&&(d.wp=d.wp||{},d.wp.receiveEmbedMessage||(d.wp.receiveEmbedMessage=function(e){var t=e.data;if((t||t.secret||t.message||t.value)&&!\/[^a-zA-Z0-9]\/.test(t.secret)){for(var s,r,n,a=l.querySelectorAll('iframe[data-secret=\"'+t.secret+'\"]'),o=l.querySelectorAll('blockquote[data-secret=\"'+t.secret+'\"]'),c=new RegExp(\"^https?:$\",\"i\"),i=0;i<o.length;i++)o[i].style.display=\"none\";for(i=0;i<a.length;i++)s=a[i],e.source===s.contentWindow&&(s.removeAttribute(\"style\"),\"height\"===t.message?(1e3<(r=parseInt(t.value,10))?r=1e3:~~r<200&&(r=200),s.height=r):\"link\"===t.message&&(r=new URL(s.getAttribute(\"src\")),n=new URL(t.value),c.test(n.protocol))&&n.host===r.host&&l.activeElement===s&&(d.top.location.href=t.value))}},d.addEventListener(\"message\",d.wp.receiveEmbedMessage,!1),l.addEventListener(\"DOMContentLoaded\",function(){for(var e,t,s=l.querySelectorAll(\"iframe.wp-embedded-content\"),r=0;r<s.length;r++)(t=(e=s[r]).getAttribute(\"data-secret\"))||(t=Math.random().toString(36).substring(2,12),e.src+=\"#?secret=\"+t,e.setAttribute(\"data-secret\",t)),e.contentWindow.postMessage({message:\"ready\",secret:t},\"*\")},!1)))}(window,document);\n\/\/# sourceURL=https:\/\/myright.se\/wp-includes\/js\/wp-embed.min.js\n<\/script>","thumbnail_url":"https:\/\/myright.se\/wp-content\/uploads\/2021\/11\/Isabell-blind-Nicaragua-3-scaled.jpg","thumbnail_width":2560,"thumbnail_height":1707,"description":"FN konstaterar att anst\u00e4llningsgraden bland personer med funktionsneds\u00e4ttning \u00e4r n\u00e4stan h\u00e4lften s\u00e5 h\u00f6g som j\u00e4mf\u00f6rt med den \u00f6vriga befolkningen. I alla v\u00e4rldens regioner \u00e4r siffrorna \u00e4nnu l\u00e4gre f\u00f6r kvinnor. De bristande skolsystemen leder till att m\u00e5nga personer med funktionsneds\u00e4ttning har s\u00e4mre m\u00f6jligheter p\u00e5 arbetsmarknaden. Men det finns ocks\u00e5 en rad andra sk\u00e4l. Ett \u00e4r att [&hellip;]"}