{"id":16913,"date":"2021-07-13T12:55:22","date_gmt":"2021-07-13T11:55:22","guid":{"rendered":"https:\/\/myright.se\/?page_id=16913"},"modified":"2024-02-14T11:09:34","modified_gmt":"2024-02-14T10:09:34","slug":"inclusive-education","status":"publish","type":"page","link":"https:\/\/myright.se\/en\/vart-arbete\/inkluderande-utbildning\/","title":{"rendered":"Inclusive education"},"content":{"rendered":"<div data-elementor-type=\"wp-page\" data-elementor-id=\"16913\" class=\"elementor elementor-16913\" data-elementor-post-type=\"page\">\n\t\t\t\t\t\t<section class=\"elementor-section elementor-top-section elementor-element elementor-element-684fa4c elementor-section-boxed elementor-section-height-default elementor-section-height-default\" data-id=\"684fa4c\" data-element_type=\"section\" data-e-type=\"section\" data-settings=\"{&quot;background_background&quot;:&quot;classic&quot;}\">\n\t\t\t\t\t\t<div class=\"elementor-container elementor-column-gap-default\">\n\t\t\t\t\t<div class=\"elementor-column elementor-col-100 elementor-top-column elementor-element elementor-element-e9773f7\" data-id=\"e9773f7\" data-element_type=\"column\" data-e-type=\"column\">\n\t\t\t<div class=\"elementor-widget-wrap elementor-element-populated\">\n\t\t\t\t\t\t<div class=\"elementor-element elementor-element-0403370 elementor-widget elementor-widget-breadcrumbs\" data-id=\"0403370\" data-element_type=\"widget\" data-e-type=\"widget\" data-widget_type=\"breadcrumbs.default\">\n\t\t\t\t<div class=\"elementor-widget-container\">\n\t\t\t\t\t<p id=\"breadcrumbs\"><span><span><a href=\"https:\/\/myright.se\/en\/\">Home<\/a><\/span><\/span><\/p>\t\t\t\t<\/div>\n\t\t\t\t<\/div>\n\t\t\t\t\t<\/div>\n\t\t<\/div>\n\t\t\t\t\t<\/div>\n\t\t<\/section>\n\t\t\t\t<section class=\"elementor-section elementor-top-section elementor-element elementor-element-71155d8 elementor-section-stretched elementor-section-boxed elementor-section-height-default elementor-section-height-default\" data-id=\"71155d8\" data-element_type=\"section\" data-e-type=\"section\" data-settings=\"{&quot;stretch_section&quot;:&quot;section-stretched&quot;,&quot;background_background&quot;:&quot;classic&quot;}\">\n\t\t\t\t\t\t<div class=\"elementor-container elementor-column-gap-wider\">\n\t\t\t\t\t<div class=\"elementor-column elementor-col-66 elementor-top-column elementor-element elementor-element-cb7f72c\" data-id=\"cb7f72c\" data-element_type=\"column\" data-e-type=\"column\">\n\t\t\t<div class=\"elementor-widget-wrap elementor-element-populated\">\n\t\t\t\t\t\t<div class=\"elementor-element elementor-element-26951ae elementor-widget elementor-widget-heading\" data-id=\"26951ae\" data-element_type=\"widget\" data-e-type=\"widget\" data-widget_type=\"heading.default\">\n\t\t\t\t<div class=\"elementor-widget-container\">\n\t\t\t\t\t<h1 class=\"elementor-heading-title elementor-size-default\">Open classrooms - for all children&#039;s right to education<\/h1>\t\t\t\t<\/div>\n\t\t\t\t<\/div>\n\t\t\t\t<div class=\"elementor-element elementor-element-c0e0702 elementor-widget elementor-widget-image\" data-id=\"c0e0702\" data-element_type=\"widget\" data-e-type=\"widget\" data-widget_type=\"image.default\">\n\t\t\t\t<div class=\"elementor-widget-container\">\n\t\t\t\t\t\t\t\t\t\t\t\t\t\t\t<img fetchpriority=\"high\" decoding=\"async\" width=\"2560\" height=\"1707\" src=\"https:\/\/myright.se\/wp-content\/uploads\/2021\/11\/O8C7514-scaled.jpg\" class=\"attachment-full size-full wp-image-18339\" alt=\"Two boys write in school books the picture is taken from above\" srcset=\"https:\/\/myright.se\/wp-content\/uploads\/2021\/11\/O8C7514-scaled.jpg 2560w, https:\/\/myright.se\/wp-content\/uploads\/2021\/11\/O8C7514-300x200.jpg 300w, https:\/\/myright.se\/wp-content\/uploads\/2021\/11\/O8C7514-1024x683.jpg 1024w, https:\/\/myright.se\/wp-content\/uploads\/2021\/11\/O8C7514-768x512.jpg 768w, https:\/\/myright.se\/wp-content\/uploads\/2021\/11\/O8C7514-1536x1024.jpg 1536w, https:\/\/myright.se\/wp-content\/uploads\/2021\/11\/O8C7514-2048x1365.jpg 2048w, https:\/\/myright.se\/wp-content\/uploads\/2021\/11\/O8C7514-18x12.jpg 18w, https:\/\/myright.se\/wp-content\/uploads\/2021\/11\/O8C7514-1200x800.jpg 1200w, https:\/\/myright.se\/wp-content\/uploads\/2021\/11\/O8C7514-1980x1320.jpg 1980w, https:\/\/myright.se\/wp-content\/uploads\/2021\/11\/O8C7514-600x400.jpg 600w\" sizes=\"(max-width: 2560px) 100vw, 2560px\" \/>\t\t\t\t\t\t\t\t\t\t\t\t\t\t\t<\/div>\n\t\t\t\t<\/div>\n\t\t\t\t<div class=\"elementor-element elementor-element-6704231 elementor-widget elementor-widget-text-editor\" data-id=\"6704231\" data-element_type=\"widget\" data-e-type=\"widget\" data-widget_type=\"text-editor.default\">\n\t\t\t\t<div class=\"elementor-widget-container\">\n\t\t\t\t\t\t\t\t\t<p><strong>Education is one of the most important factors in being able to get out of poverty. It is fundamental for a person&#039;s opportunities to get a job, to be able to support themselves and to participate in the development of society.<\/strong><\/p>\t\t\t\t\t\t\t\t<\/div>\n\t\t\t\t<\/div>\n\t\t\t\t<div class=\"elementor-element elementor-element-5d8a0e3 elementor-widget elementor-widget-text-editor\" data-id=\"5d8a0e3\" data-element_type=\"widget\" data-e-type=\"widget\" data-widget_type=\"text-editor.default\">\n\t\t\t\t<div class=\"elementor-widget-container\">\n\t\t\t\t\t\t\t\t\t<p><span style=\"font-size: inherit; text-align: inherit; color: var( --e-global-color-text ); font-family: var( --e-global-typography-text-font-family ), Sans-serif; font-weight: var( --e-global-typography-text-font-weight ); letter-spacing: -0.015em;\">Children who do not go to school have much worse conditions in the labor market and are at a much higher risk of falling into poverty. Few children with disabilities start school, according to the UN, it is one in three children with disabilities who do not go to primary school, it can be compared with one in seven children who do not have a disability. Those who then continue their studies in upper secondary school and upper secondary school are even fewer.\u00a0<\/span><\/p><p>We know that people with disabilities who have gone to school and got a job feel better, participate and contribute to society.\u00a0<\/p><p>All children are equally valuable and have the same rights. No one may be discriminated against. Nevertheless, children with disabilities go to school to a much lower extent compared to other children. MyRight is working to change that.<\/p>\t\t\t\t\t\t\t\t<\/div>\n\t\t\t\t<\/div>\n\t\t\t\t<div class=\"elementor-element elementor-element-6262028 elementor-widget elementor-widget-text-editor\" data-id=\"6262028\" data-element_type=\"widget\" data-e-type=\"widget\" data-widget_type=\"text-editor.default\">\n\t\t\t\t<div class=\"elementor-widget-container\">\n\t\t\t\t\t\t\t\t\t<p><span style=\"font-family: 'Open Sans', sans-serif; font-size: 25px; font-weight: 900; letter-spacing: -0.0415625em; text-align: inherit; color: var( --e-global-color-text );\">Everyone loses when children do not go to school<\/span><\/p><p>It is not just the children themselves who lose when they do not have access to education. The whole society is losing. When a country does not ensure that all children have access to basic education, the risk of those children ending up in or falling into poverty increases. Exclusion from school also means exclusion from the labor market, it means the loss of people who could provide income and labor in a country and contribute positively to the development of society.\u00a0<\/p><p>In order to open the closed classrooms so that children with disabilities can reach their full potential, targeted efforts are required to ensure that schools are accessible to all. It can be about the schools having resources to take care of, and teach children with disabilities and have teachers who have knowledge of how they meet the children&#039;s different needs.<\/p>\t\t\t\t\t\t\t\t<\/div>\n\t\t\t\t<\/div>\n\t\t\t\t\t<\/div>\n\t\t<\/div>\n\t\t\t\t<div class=\"elementor-column elementor-col-33 elementor-top-column elementor-element elementor-element-3985440\" data-id=\"3985440\" data-element_type=\"column\" data-e-type=\"column\" data-settings=\"{&quot;background_background&quot;:&quot;classic&quot;}\">\n\t\t\t<div class=\"elementor-widget-wrap elementor-element-populated\">\n\t\t\t\t\t\t<div class=\"elementor-element elementor-element-7479be2 elementor-widget elementor-widget-heading\" data-id=\"7479be2\" data-element_type=\"widget\" data-e-type=\"widget\" data-widget_type=\"heading.default\">\n\t\t\t\t<div class=\"elementor-widget-container\">\n\t\t\t\t\t<h2 class=\"elementor-heading-title elementor-size-default\">The situation in the world<\/h2>\t\t\t\t<\/div>\n\t\t\t\t<\/div>\n\t\t\t\t<div class=\"elementor-element elementor-element-4a11a80 elementor-widget elementor-widget-text-editor\" data-id=\"4a11a80\" data-element_type=\"widget\" data-e-type=\"widget\" data-widget_type=\"text-editor.default\">\n\t\t\t\t<div class=\"elementor-widget-container\">\n\t\t\t\t\t\t\t\t\t<p><strong>Between 93 and 150 million children<\/strong> in the world live with at least one form of disability.<\/p><p><b>One of three children with <\/b>disability does not go to primary school. A majority of them are girls.<\/p><p><strong>Up to nine out of ten children<\/strong> who live with a disability in low-income countries do not go to school.<\/p><p><strong>Disability<\/strong> is one of <strong>the biggest obstacles<\/strong> for children&#039;s schooling in the world.<\/p><p><strong>Statistics on children with disabilities<\/strong> has long been deficient. Therefore, it is difficult to know exactly how many children will be deprived of their schooling.\u00a0<\/p>\t\t\t\t\t\t\t\t<\/div>\n\t\t\t\t<\/div>\n\t\t\t\t<div class=\"elementor-element elementor-element-705cd7f elementor-cta--skin-classic elementor-animated-content elementor-bg-transform elementor-bg-transform-zoom-in elementor-widget elementor-widget-call-to-action\" data-id=\"705cd7f\" data-element_type=\"widget\" data-e-type=\"widget\" data-widget_type=\"call-to-action.default\">\n\t\t\t\t<div class=\"elementor-widget-container\">\n\t\t\t\t\t\t\t<div class=\"elementor-cta\">\n\t\t\t\t\t<div class=\"elementor-cta__bg-wrapper\">\n\t\t\t\t<div class=\"elementor-cta__bg elementor-bg\" style=\"background-image: url(https:\/\/myright.se\/wp-content\/uploads\/2021\/07\/04_god_utbildning-1024x1024.png);\" role=\"img\" aria-label=\"image of goal four in global goals red background with wide text where it says 4 Good education and an illustration in white of a book below\"><\/div>\n\t\t\t\t<div class=\"elementor-cta__bg-overlay\"><\/div>\n\t\t\t<\/div>\n\t\t\t\t\t\t\t<div class=\"elementor-cta__content\">\n\t\t\t\t\n\t\t\t\t\t\t\t\t\t<h2 class=\"elementor-cta__title elementor-cta__content-item elementor-content-item\">\n\t\t\t\t\t\tGoal 4: Good education for all\t\t\t\t\t<\/h2>\n\t\t\t\t\n\t\t\t\t\t\t\t\t\t<div class=\"elementor-cta__description elementor-cta__content-item elementor-content-item\">\n\t\t\t\t\t\tGoal four of the global goals is to ensure inclusive and equal education of good quality and promote lifelong learning for all. By 2030 at the latest, there must be \"equal access to education and vocational training at all levels for vulnerable people, including people with disabilities.\"\t\t\t\t\t<\/div>\n\t\t\t\t\n\t\t\t\t\t\t\t\t\t<div class=\"elementor-cta__button-wrapper elementor-cta__content-item elementor-content-item\">\n\t\t\t\t\t<a class=\"elementor-cta__button elementor-button elementor-size-\" href=\"https:\/\/myright.se\/en\/mal-4-god-utbildning-for-alla\/\">\n\t\t\t\t\t\tRead more\t\t\t\t\t<\/a>\n\t\t\t\t\t<\/div>\n\t\t\t\t\t\t\t<\/div>\n\t\t\t\t\t\t<\/div>\n\t\t\t\t\t\t<\/div>\n\t\t\t\t<\/div>\n\t\t\t\t\t<\/div>\n\t\t<\/div>\n\t\t\t\t\t<\/div>\n\t\t<\/section>\n\t\t\t\t<section class=\"elementor-section elementor-top-section elementor-element elementor-element-a7192f7 elementor-section-boxed elementor-section-height-default elementor-section-height-default\" data-id=\"a7192f7\" data-element_type=\"section\" data-e-type=\"section\" data-settings=\"{&quot;background_background&quot;:&quot;classic&quot;}\">\n\t\t\t\t\t\t<div class=\"elementor-container elementor-column-gap-default\">\n\t\t\t\t\t<div class=\"elementor-column elementor-col-100 elementor-top-column elementor-element elementor-element-ec979a3\" data-id=\"ec979a3\" data-element_type=\"column\" data-e-type=\"column\" data-settings=\"{&quot;background_background&quot;:&quot;classic&quot;}\">\n\t\t\t<div class=\"elementor-widget-wrap elementor-element-populated\">\n\t\t\t\t\t\t<div class=\"elementor-element elementor-element-68ebdad elementor-widget elementor-widget-spacer\" data-id=\"68ebdad\" data-element_type=\"widget\" data-e-type=\"widget\" data-widget_type=\"spacer.default\">\n\t\t\t\t<div class=\"elementor-widget-container\">\n\t\t\t\t\t\t\t<div class=\"elementor-spacer\">\n\t\t\t<div class=\"elementor-spacer-inner\"><\/div>\n\t\t<\/div>\n\t\t\t\t\t\t<\/div>\n\t\t\t\t<\/div>\n\t\t\t\t\t<\/div>\n\t\t<\/div>\n\t\t\t\t\t<\/div>\n\t\t<\/section>\n\t\t\t\t<section class=\"elementor-section elementor-top-section elementor-element elementor-element-fed4981 elementor-section-boxed elementor-section-height-default elementor-section-height-default\" data-id=\"fed4981\" data-element_type=\"section\" data-e-type=\"section\" data-settings=\"{&quot;background_background&quot;:&quot;classic&quot;}\">\n\t\t\t\t\t\t<div class=\"elementor-container elementor-column-gap-default\">\n\t\t\t\t\t<div class=\"elementor-column elementor-col-50 elementor-top-column elementor-element elementor-element-a0d61e9\" data-id=\"a0d61e9\" data-element_type=\"column\" data-e-type=\"column\">\n\t\t\t<div class=\"elementor-widget-wrap elementor-element-populated\">\n\t\t\t\t\t\t<div class=\"elementor-element elementor-element-1131c3f elementor-widget elementor-widget-heading\" data-id=\"1131c3f\" data-element_type=\"widget\" data-e-type=\"widget\" data-widget_type=\"heading.default\">\n\t\t\t\t<div class=\"elementor-widget-container\">\n\t\t\t\t\t<h2 class=\"elementor-heading-title elementor-size-default\">The school is particularly exclusive towards girls with disabilities<\/h2>\t\t\t\t<\/div>\n\t\t\t\t<\/div>\n\t\t\t\t<div class=\"elementor-element elementor-element-d138586 elementor-widget elementor-widget-text-editor\" data-id=\"d138586\" data-element_type=\"widget\" data-e-type=\"widget\" data-widget_type=\"text-editor.default\">\n\t\t\t\t<div class=\"elementor-widget-container\">\n\t\t\t\t\t\t\t\t\t<p><strong>Over the past two decades, the proportion of children attending school has increased rapidly on a global level. Despite this, there are still very many children with disabilities who lack access to education. Girls with disabilities are particularly vulnerable. <\/strong><\/p><p>Girls and women with disabilities are the group that lags far behind when the world community is to live up to the goal of an equal world without poverty. Access to education is one of the most successful means of reducing poverty and increasing gender equality. Therefore, it is of utmost importance that girls, with and without disabilities, have the opportunity to go to school.<\/p><p><a href=\"https:\/\/myright.se\/en\/skolan-sarskilt-exkluderande-for-flickor-med-funktionsnedsattning\/\">read more here<\/a><\/p>\t\t\t\t\t\t\t\t<\/div>\n\t\t\t\t<\/div>\n\t\t\t\t\t<\/div>\n\t\t<\/div>\n\t\t\t\t<div class=\"elementor-column elementor-col-50 elementor-top-column elementor-element elementor-element-029be04\" data-id=\"029be04\" data-element_type=\"column\" data-e-type=\"column\" data-settings=\"{&quot;background_background&quot;:&quot;classic&quot;}\">\n\t\t\t<div class=\"elementor-widget-wrap elementor-element-populated\">\n\t\t\t\t\t\t<div class=\"elementor-element elementor-element-260b4ad elementor-cta--skin-classic elementor-animated-content elementor-bg-transform elementor-bg-transform-zoom-in elementor-widget elementor-widget-call-to-action\" data-id=\"260b4ad\" data-element_type=\"widget\" data-e-type=\"widget\" data-widget_type=\"call-to-action.default\">\n\t\t\t\t<div class=\"elementor-widget-container\">\n\t\t\t\t\t\t\t<div class=\"elementor-cta\">\n\t\t\t\t\t<div class=\"elementor-cta__bg-wrapper\">\n\t\t\t\t<div class=\"elementor-cta__bg elementor-bg\" style=\"background-image: url(https:\/\/myright.se\/wp-content\/uploads\/2021\/07\/sdlx8xAVJqyVEY-nh-1024x663.jpg);\" role=\"img\" aria-label=\"a classroom where several girls sit at school desks, the teacher stands at one of the desks and helps one of the girls who lacks an arm\"><\/div>\n\t\t\t\t<div class=\"elementor-cta__bg-overlay\"><\/div>\n\t\t\t<\/div>\n\t\t\t\t\t\t\t<div class=\"elementor-cta__content\">\n\t\t\t\t\n\t\t\t\t\t\t\t\t\t<h2 class=\"elementor-cta__title elementor-cta__content-item elementor-content-item\">\n\t\t\t\t\t\tLack of gender equality increases exclusion\t\t\t\t\t<\/h2>\n\t\t\t\t\n\t\t\t\t\t\t\t\t\t<div class=\"elementor-cta__description elementor-cta__content-item elementor-content-item\">\n\t\t\t\t\t\tWomen and girls with disabilities risk being discriminated against both because of their gender and disability. All MyRight projects and programs have a comprehensive gender equality perspective.\t\t\t\t\t<\/div>\n\t\t\t\t\n\t\t\t\t\t\t\t\t\t<div class=\"elementor-cta__button-wrapper elementor-cta__content-item elementor-content-item\">\n\t\t\t\t\t<a class=\"elementor-cta__button elementor-button elementor-size-\" href=\"https:\/\/myright.se\/en\/what-we-do\/jam-staleness\/\">\n\t\t\t\t\t\tRead more\t\t\t\t\t<\/a>\n\t\t\t\t\t<\/div>\n\t\t\t\t\t\t\t<\/div>\n\t\t\t\t\t\t<\/div>\n\t\t\t\t\t\t<\/div>\n\t\t\t\t<\/div>\n\t\t\t\t\t<\/div>\n\t\t<\/div>\n\t\t\t\t\t<\/div>\n\t\t<\/section>\n\t\t\t\t<section class=\"elementor-section elementor-top-section elementor-element elementor-element-211b0c4 elementor-section-boxed elementor-section-height-default elementor-section-height-default\" data-id=\"211b0c4\" data-element_type=\"section\" data-e-type=\"section\" data-settings=\"{&quot;background_background&quot;:&quot;classic&quot;}\">\n\t\t\t\t\t\t<div class=\"elementor-container elementor-column-gap-default\">\n\t\t\t\t\t<div class=\"elementor-column elementor-col-66 elementor-top-column elementor-element elementor-element-7aa6f7f\" data-id=\"7aa6f7f\" data-element_type=\"column\" data-e-type=\"column\" data-settings=\"{&quot;background_background&quot;:&quot;classic&quot;}\">\n\t\t\t<div class=\"elementor-widget-wrap elementor-element-populated\">\n\t\t\t\t\t\t<div class=\"elementor-element elementor-element-1031549 elementor-widget elementor-widget-video\" data-id=\"1031549\" data-element_type=\"widget\" data-e-type=\"widget\" data-settings=\"{&quot;youtube_url&quot;:&quot;https:\\\/\\\/youtu.be\\\/L8BapPE5tvg&quot;,&quot;loop&quot;:&quot;yes&quot;,&quot;show_image_overlay&quot;:&quot;yes&quot;,&quot;image_overlay&quot;:{&quot;url&quot;:&quot;&quot;,&quot;id&quot;:&quot;&quot;,&quot;size&quot;:&quot;&quot;,&quot;alt&quot;:&quot;Fyra skolungdomar sitter tillsammans p\\u00e5 en b\\u00e4nk utanf\\u00f6r skolbyggnaden i Rwanda&quot;,&quot;source&quot;:&quot;library&quot;},&quot;video_type&quot;:&quot;youtube&quot;,&quot;controls&quot;:&quot;yes&quot;}\" data-widget_type=\"video.default\">\n\t\t\t\t<div class=\"elementor-widget-container\">\n\t\t\t\t\t\t\t<div class=\"elementor-wrapper elementor-open-inline\">\n\t\t\t<div class=\"elementor-video\"><\/div>\t\t<\/div>\n\t\t\t\t\t\t<\/div>\n\t\t\t\t<\/div>\n\t\t\t\t\t<\/div>\n\t\t<\/div>\n\t\t\t\t<div class=\"elementor-column elementor-col-33 elementor-top-column elementor-element elementor-element-21fe629\" data-id=\"21fe629\" data-element_type=\"column\" data-e-type=\"column\">\n\t\t\t<div class=\"elementor-widget-wrap elementor-element-populated\">\n\t\t\t\t\t\t<div class=\"elementor-element elementor-element-85b66f6 elementor-widget elementor-widget-heading\" data-id=\"85b66f6\" data-element_type=\"widget\" data-e-type=\"widget\" data-widget_type=\"heading.default\">\n\t\t\t\t<div class=\"elementor-widget-container\">\n\t\t\t\t\t<h2 class=\"elementor-heading-title elementor-size-default\">Movie: Open the classrooms<\/h2>\t\t\t\t<\/div>\n\t\t\t\t<\/div>\n\t\t\t\t<div class=\"elementor-element elementor-element-5ef019f elementor-widget elementor-widget-text-editor\" data-id=\"5ef019f\" data-element_type=\"widget\" data-e-type=\"widget\" data-widget_type=\"text-editor.default\">\n\t\t\t\t<div class=\"elementor-widget-container\">\n\t\t\t\t\t\t\t\t\t<p>Education is one of the most effective ways to get out of poverty. Despite this, many children with disabilities do not have the chance to go to school.<\/p>\t\t\t\t\t\t\t\t<\/div>\n\t\t\t\t<\/div>\n\t\t\t\t<div class=\"elementor-element elementor-element-329ad5d elementor-align-left elementor-widget elementor-widget-button\" data-id=\"329ad5d\" data-element_type=\"widget\" data-e-type=\"widget\" data-widget_type=\"button.default\">\n\t\t\t\t<div class=\"elementor-widget-container\">\n\t\t\t\t\t\t\t\t\t<div class=\"elementor-button-wrapper\">\n\t\t\t\t\t<a class=\"elementor-button elementor-button-link elementor-size-sm\" href=\"https:\/\/www.youtube.com\/playlist?list=PLII3aO9k5YOVoHJq86EXmSRlC-W9fGST_\" target=\"_blank\">\n\t\t\t\t\t\t<span class=\"elementor-button-content-wrapper\">\n\t\t\t\t\t\t<span class=\"elementor-button-icon\">\n\t\t\t\t<i aria-hidden=\"true\" class=\"fas fa-angle-right\"><\/i>\t\t\t<\/span>\n\t\t\t\t\t\t\t\t\t<span class=\"elementor-button-text\"> MORE VOTES ABOUT EDUCATION<\/span>\n\t\t\t\t\t<\/span>\n\t\t\t\t\t<\/a>\n\t\t\t\t<\/div>\n\t\t\t\t\t\t\t\t<\/div>\n\t\t\t\t<\/div>\n\t\t\t\t\t<\/div>\n\t\t<\/div>\n\t\t\t\t\t<\/div>\n\t\t<\/section>\n\t\t\t\t<section class=\"elementor-section elementor-top-section elementor-element elementor-element-d1728a5 elementor-section-boxed elementor-section-height-default elementor-section-height-default\" data-id=\"d1728a5\" data-element_type=\"section\" data-e-type=\"section\" data-settings=\"{&quot;background_background&quot;:&quot;classic&quot;}\">\n\t\t\t\t\t\t<div class=\"elementor-container elementor-column-gap-default\">\n\t\t\t\t\t<div class=\"elementor-column elementor-col-100 elementor-top-column elementor-element elementor-element-211da9c\" data-id=\"211da9c\" data-element_type=\"column\" data-e-type=\"column\">\n\t\t\t<div class=\"elementor-widget-wrap elementor-element-populated\">\n\t\t\t\t\t\t<div class=\"elementor-element elementor-element-347a2d8 elementor-widget elementor-widget-heading\" data-id=\"347a2d8\" data-element_type=\"widget\" data-e-type=\"widget\" data-widget_type=\"heading.default\">\n\t\t\t\t<div class=\"elementor-widget-container\">\n\t\t\t\t\t<h2 class=\"elementor-heading-title elementor-size-default\">Read more about the right to education<\/h2>\t\t\t\t<\/div>\n\t\t\t\t<\/div>\n\t\t\t\t\t<\/div>\n\t\t<\/div>\n\t\t\t\t\t<\/div>\n\t\t<\/section>\n\t\t\t\t<section class=\"elementor-section elementor-top-section elementor-element elementor-element-b2526d0 elementor-section-stretched elementor-section-boxed elementor-section-height-default elementor-section-height-default\" data-id=\"b2526d0\" data-element_type=\"section\" data-e-type=\"section\" data-settings=\"{&quot;background_background&quot;:&quot;classic&quot;,&quot;stretch_section&quot;:&quot;section-stretched&quot;}\">\n\t\t\t\t\t\t<div class=\"elementor-container elementor-column-gap-default\">\n\t\t\t\t\t<div class=\"elementor-column elementor-col-33 elementor-top-column elementor-element elementor-element-5ec1adb\" data-id=\"5ec1adb\" data-element_type=\"column\" data-e-type=\"column\">\n\t\t\t<div class=\"elementor-widget-wrap elementor-element-populated\">\n\t\t\t\t\t\t<div class=\"elementor-element elementor-element-c58be59 elementor-cta--valign-middle elementor-cta--skin-classic elementor-animated-content elementor-widget elementor-widget-call-to-action\" data-id=\"c58be59\" data-element_type=\"widget\" data-e-type=\"widget\" data-widget_type=\"call-to-action.default\">\n\t\t\t\t<div class=\"elementor-widget-container\">\n\t\t\t\t\t\t\t<a class=\"elementor-cta\" href=\"https:\/\/myright.se\/en\/fa-barn-med-funktionsnedsattning-i-skolorna\/\">\n\t\t\t\t\t<div class=\"elementor-cta__bg-wrapper\">\n\t\t\t\t<div class=\"elementor-cta__bg elementor-bg\" style=\"background-image: url(https:\/\/myright.se\/wp-content\/uploads\/2021\/11\/statisktik-bild-webb-utbildning-1-300x225.png);\" role=\"img\" aria-label=\"statistic picture, 1 in three children living with a disability do not go to school compared with 1 in 7 children in the rest of the population\"><\/div>\n\t\t\t\t<div class=\"elementor-cta__bg-overlay\"><\/div>\n\t\t\t<\/div>\n\t\t\t\t\t\t\t<div class=\"elementor-cta__content\">\n\t\t\t\t\n\t\t\t\t\t\t\t\t\t<h2 class=\"elementor-cta__title elementor-cta__content-item elementor-content-item\">\n\t\t\t\t\t\tFew children with disabilities in schools\t\t\t\t\t<\/h2>\n\t\t\t\t\n\t\t\t\t\t\t\t\t\t<div class=\"elementor-cta__description elementor-cta__content-item elementor-content-item\">\n\t\t\t\t\t\tOne in three children with disabilities in the world does not go to primary school. It can be compared with one in seven children among the rest of the population.\t\t\t\t\t<\/div>\n\t\t\t\t\n\t\t\t\t\t\t\t<\/div>\n\t\t\t\t\t\t<\/a>\n\t\t\t\t\t\t<\/div>\n\t\t\t\t<\/div>\n\t\t\t\t\t<\/div>\n\t\t<\/div>\n\t\t\t\t<div class=\"elementor-column elementor-col-33 elementor-top-column elementor-element elementor-element-4cf59a1\" data-id=\"4cf59a1\" data-element_type=\"column\" data-e-type=\"column\">\n\t\t\t<div class=\"elementor-widget-wrap elementor-element-populated\">\n\t\t\t\t\t\t<div class=\"elementor-element elementor-element-a3c5bc8 elementor-cta--valign-middle elementor-cta--skin-classic elementor-animated-content elementor-widget elementor-widget-call-to-action\" data-id=\"a3c5bc8\" data-element_type=\"widget\" data-e-type=\"widget\" data-widget_type=\"call-to-action.default\">\n\t\t\t\t<div class=\"elementor-widget-container\">\n\t\t\t\t\t\t\t<a class=\"elementor-cta\" href=\"https:\/\/myright.se\/en\/why-dont-children-with-disabilities-go-to-school\/\">\n\t\t\t\t\t<div class=\"elementor-cta__bg-wrapper\">\n\t\t\t\t<div class=\"elementor-cta__bg elementor-bg\" style=\"background-image: url(https:\/\/myright.se\/wp-content\/uploads\/2021\/11\/Daniel-Claudine-m-fl-5-1024x768.jpg);\" role=\"img\" aria-label=\"children&#039;s hands reading braille\"><\/div>\n\t\t\t\t<div class=\"elementor-cta__bg-overlay\"><\/div>\n\t\t\t<\/div>\n\t\t\t\t\t\t\t<div class=\"elementor-cta__content\">\n\t\t\t\t\n\t\t\t\t\t\t\t\t\t<h2 class=\"elementor-cta__title elementor-cta__content-item elementor-content-item\">\n\t\t\t\t\t\tWhy do children with disabilities not go to school?\t\t\t\t\t<\/h2>\n\t\t\t\t\n\t\t\t\t\t\t\t\t\t<div class=\"elementor-cta__description elementor-cta__content-item elementor-content-item\">\n\t\t\t\t\t\tPoverty, prejudice and lack of accessibility are some of the reasons why children with disabilities are excluded from school.\t\t\t\t\t<\/div>\n\t\t\t\t\n\t\t\t\t\t\t\t<\/div>\n\t\t\t\t\t\t<\/a>\n\t\t\t\t\t\t<\/div>\n\t\t\t\t<\/div>\n\t\t\t\t\t<\/div>\n\t\t<\/div>\n\t\t\t\t<div class=\"elementor-column elementor-col-33 elementor-top-column elementor-element elementor-element-8215931\" data-id=\"8215931\" data-element_type=\"column\" data-e-type=\"column\">\n\t\t\t<div class=\"elementor-widget-wrap elementor-element-populated\">\n\t\t\t\t\t\t<div class=\"elementor-element elementor-element-3eb31dc elementor-cta--valign-middle elementor-cta--skin-classic elementor-animated-content elementor-widget elementor-widget-call-to-action\" data-id=\"3eb31dc\" data-element_type=\"widget\" data-e-type=\"widget\" data-widget_type=\"call-to-action.default\">\n\t\t\t\t<div class=\"elementor-widget-container\">\n\t\t\t\t\t\t\t<a class=\"elementor-cta\" href=\"https:\/\/myright.se\/en\/skolan-sarskilt-exkluderande-for-flickor-med-funktionsnedsattning\/\">\n\t\t\t\t\t<div class=\"elementor-cta__bg-wrapper\">\n\t\t\t\t<div class=\"elementor-cta__bg elementor-bg\" style=\"background-image: url(https:\/\/myright.se\/wp-content\/uploads\/2021\/07\/sdlx8xAVJqyVEY-nh-1024x663.jpg);\" role=\"img\" aria-label=\"a classroom where several girls sit at school desks, the teacher stands at one of the desks and helps one of the girls who lacks an arm\"><\/div>\n\t\t\t\t<div class=\"elementor-cta__bg-overlay\"><\/div>\n\t\t\t<\/div>\n\t\t\t\t\t\t\t<div class=\"elementor-cta__content\">\n\t\t\t\t\n\t\t\t\t\t\t\t\t\t<h2 class=\"elementor-cta__title elementor-cta__content-item elementor-content-item\">\n\t\t\t\t\t\tThe school is particularly exclusive for girls with disabilities\t\t\t\t\t<\/h2>\n\t\t\t\t\n\t\t\t\t\t\t\t\t\t<div class=\"elementor-cta__description elementor-cta__content-item elementor-content-item\">\n\t\t\t\t\t\tGirls and women with disabilities are the group that lags far behind when the world community is to live up to the goal of an equal world without poverty.\t\t\t\t\t<\/div>\n\t\t\t\t\n\t\t\t\t\t\t\t<\/div>\n\t\t\t\t\t\t<\/a>\n\t\t\t\t\t\t<\/div>\n\t\t\t\t<\/div>\n\t\t\t\t\t<\/div>\n\t\t<\/div>\n\t\t\t\t\t<\/div>\n\t\t<\/section>\n\t\t\t\t<section class=\"elementor-section elementor-top-section elementor-element elementor-element-94db5a9 elementor-section-stretched elementor-section-boxed elementor-section-height-default elementor-section-height-default\" data-id=\"94db5a9\" data-element_type=\"section\" data-e-type=\"section\" data-settings=\"{&quot;background_background&quot;:&quot;classic&quot;,&quot;stretch_section&quot;:&quot;section-stretched&quot;}\">\n\t\t\t\t\t\t<div class=\"elementor-container elementor-column-gap-default\">\n\t\t\t\t\t<div class=\"elementor-column elementor-col-33 elementor-top-column elementor-element elementor-element-2923a38\" data-id=\"2923a38\" data-element_type=\"column\" data-e-type=\"column\">\n\t\t\t<div class=\"elementor-widget-wrap elementor-element-populated\">\n\t\t\t\t\t\t<div class=\"elementor-element elementor-element-ed4a90a elementor-cta--valign-middle elementor-cta--skin-classic elementor-animated-content elementor-widget elementor-widget-call-to-action\" data-id=\"ed4a90a\" data-element_type=\"widget\" data-e-type=\"widget\" data-widget_type=\"call-to-action.default\">\n\t\t\t\t<div class=\"elementor-widget-container\">\n\t\t\t\t\t\t\t<a class=\"elementor-cta\" href=\"https:\/\/myright.se\/en\/diskrimineringen-i-skolan-fortsatter-pa-arbetsmarknaden\/\">\n\t\t\t\t\t<div class=\"elementor-cta__bg-wrapper\">\n\t\t\t\t<div class=\"elementor-cta__bg elementor-bg\" style=\"background-image: url(https:\/\/myright.se\/wp-content\/uploads\/2021\/11\/Isabell-blind-Nicaragua-3-1024x683.jpg);\" role=\"img\" aria-label=\"girl sitting at a Braille typewriter at school\"><\/div>\n\t\t\t\t<div class=\"elementor-cta__bg-overlay\"><\/div>\n\t\t\t<\/div>\n\t\t\t\t\t\t\t<div class=\"elementor-cta__content\">\n\t\t\t\t\n\t\t\t\t\t\t\t\t\t<h2 class=\"elementor-cta__title elementor-cta__content-item elementor-content-item\">\n\t\t\t\t\t\tDiscrimination in schools continues in the labor market\t\t\t\t\t<\/h2>\n\t\t\t\t\n\t\t\t\t\t\t\t\t\t<div class=\"elementor-cta__description elementor-cta__content-item elementor-content-item\">\n\t\t\t\t\t\tThe employment rate among people with disabilities is almost half as high as compared with the rest of the population.\t\t\t\t\t<\/div>\n\t\t\t\t\n\t\t\t\t\t\t\t<\/div>\n\t\t\t\t\t\t<\/a>\n\t\t\t\t\t\t<\/div>\n\t\t\t\t<\/div>\n\t\t\t\t\t<\/div>\n\t\t<\/div>\n\t\t\t\t<div class=\"elementor-column elementor-col-33 elementor-top-column elementor-element elementor-element-2c3981d\" data-id=\"2c3981d\" data-element_type=\"column\" data-e-type=\"column\">\n\t\t\t<div class=\"elementor-widget-wrap elementor-element-populated\">\n\t\t\t\t\t\t<div class=\"elementor-element elementor-element-c737460 elementor-cta--valign-middle elementor-cta--skin-classic elementor-animated-content elementor-widget elementor-widget-call-to-action\" data-id=\"c737460\" data-element_type=\"widget\" data-e-type=\"widget\" data-widget_type=\"call-to-action.default\">\n\t\t\t\t<div class=\"elementor-widget-container\">\n\t\t\t\t\t\t\t<a class=\"elementor-cta\" href=\"https:\/\/myright.se\/en\/mal-4-god-utbildning-for-alla\/\">\n\t\t\t\t\t<div class=\"elementor-cta__bg-wrapper\">\n\t\t\t\t<div class=\"elementor-cta__bg elementor-bg\" style=\"background-image: url(https:\/\/myright.se\/wp-content\/uploads\/2021\/07\/04_god_utbildning-300x300.png);\" role=\"img\" aria-label=\"image of goal four in global goals red background with wide text where it says 4 Good education and an illustration in white of a book below\"><\/div>\n\t\t\t\t<div class=\"elementor-cta__bg-overlay\"><\/div>\n\t\t\t<\/div>\n\t\t\t\t\t\t\t<div class=\"elementor-cta__content\">\n\t\t\t\t\n\t\t\t\t\t\t\t\t\t<h2 class=\"elementor-cta__title elementor-cta__content-item elementor-content-item\">\n\t\t\t\t\t\tGoal 4 - good education for all\t\t\t\t\t<\/h2>\n\t\t\t\t\n\t\t\t\t\t\t\t\t\t<div class=\"elementor-cta__description elementor-cta__content-item elementor-content-item\">\n\t\t\t\t\t\tGoal 4 is to ensure an inclusive and equal education of good quality and promote lifelong learning for all. \t\t\t\t\t<\/div>\n\t\t\t\t\n\t\t\t\t\t\t\t<\/div>\n\t\t\t\t\t\t<\/a>\n\t\t\t\t\t\t<\/div>\n\t\t\t\t<\/div>\n\t\t\t\t\t<\/div>\n\t\t<\/div>\n\t\t\t\t<div class=\"elementor-column elementor-col-33 elementor-top-column elementor-element elementor-element-88f06e5\" data-id=\"88f06e5\" data-element_type=\"column\" data-e-type=\"column\">\n\t\t\t<div class=\"elementor-widget-wrap elementor-element-populated\">\n\t\t\t\t\t\t<div class=\"elementor-element elementor-element-09333c1 elementor-cta--valign-middle elementor-cta--skin-classic elementor-animated-content elementor-widget elementor-widget-call-to-action\" data-id=\"09333c1\" data-element_type=\"widget\" data-e-type=\"widget\" data-widget_type=\"call-to-action.default\">\n\t\t\t\t<div class=\"elementor-widget-container\">\n\t\t\t\t\t\t\t<a class=\"elementor-cta\" href=\"https:\/\/myright.se\/en\/det-har-behovs-for-att-alla-ska-kunna-ga-i-skolan\/\">\n\t\t\t\t\t<div class=\"elementor-cta__bg-wrapper\">\n\t\t\t\t<div class=\"elementor-cta__bg elementor-bg\" style=\"background-image: url(https:\/\/myright.se\/wp-content\/uploads\/2021\/10\/P1040115-2-1024x768.jpg);\" role=\"img\" aria-label=\"Girl sitting alone on a bench outside a school building in Rwanda she is wearing a blue skirt and green sweater\"><\/div>\n\t\t\t\t<div class=\"elementor-cta__bg-overlay\"><\/div>\n\t\t\t<\/div>\n\t\t\t\t\t\t\t<div class=\"elementor-cta__content\">\n\t\t\t\t\n\t\t\t\t\t\t\t\t\t<h2 class=\"elementor-cta__title elementor-cta__content-item elementor-content-item\">\n\t\t\t\t\t\tThis is needed so that everyone can go to school\t\t\t\t\t<\/h2>\n\t\t\t\t\n\t\t\t\t\t\t\t\t\t<div class=\"elementor-cta__description elementor-cta__content-item elementor-content-item\">\n\t\t\t\t\t\tInclusive education means that the school can respond to all children&#039;s different needs - and to ensure that they are not only in the classroom but are safe, participate and learn.\t\t\t\t\t<\/div>\n\t\t\t\t\n\t\t\t\t\t\t\t<\/div>\n\t\t\t\t\t\t<\/a>\n\t\t\t\t\t\t<\/div>\n\t\t\t\t<\/div>\n\t\t\t\t\t<\/div>\n\t\t<\/div>\n\t\t\t\t\t<\/div>\n\t\t<\/section>\n\t\t\t\t<section class=\"elementor-section elementor-top-section elementor-element elementor-element-bffc288 elementor-section-boxed elementor-section-height-default elementor-section-height-default\" data-id=\"bffc288\" data-element_type=\"section\" data-e-type=\"section\" data-settings=\"{&quot;background_background&quot;:&quot;classic&quot;}\">\n\t\t\t\t\t\t<div class=\"elementor-container elementor-column-gap-default\">\n\t\t\t\t\t<div class=\"elementor-column elementor-col-100 elementor-top-column elementor-element elementor-element-bc36476\" data-id=\"bc36476\" data-element_type=\"column\" data-e-type=\"column\">\n\t\t\t<div class=\"elementor-widget-wrap elementor-element-populated\">\n\t\t\t\t\t\t<div class=\"elementor-element elementor-element-f50ed7e elementor-widget elementor-widget-heading\" data-id=\"f50ed7e\" data-element_type=\"widget\" data-e-type=\"widget\" data-widget_type=\"heading.default\">\n\t\t\t\t<div class=\"elementor-widget-container\">\n\t\t\t\t\t<h2 class=\"elementor-heading-title elementor-size-default\">Stories<\/h2>\t\t\t\t<\/div>\n\t\t\t\t<\/div>\n\t\t\t\t<div class=\"elementor-element elementor-element-c1f9cf1 elementor-grid-3 elementor-grid-tablet-2 elementor-grid-mobile-1 elementor-posts--thumbnail-top elementor-widget elementor-widget-posts\" data-id=\"c1f9cf1\" data-element_type=\"widget\" data-e-type=\"widget\" data-settings=\"{&quot;pagination_type&quot;:&quot;numbers&quot;,&quot;classic_columns&quot;:&quot;3&quot;,&quot;classic_columns_tablet&quot;:&quot;2&quot;,&quot;classic_columns_mobile&quot;:&quot;1&quot;,&quot;classic_row_gap&quot;:{&quot;unit&quot;:&quot;px&quot;,&quot;size&quot;:35,&quot;sizes&quot;:[]},&quot;classic_row_gap_tablet&quot;:{&quot;unit&quot;:&quot;px&quot;,&quot;size&quot;:&quot;&quot;,&quot;sizes&quot;:[]},&quot;classic_row_gap_mobile&quot;:{&quot;unit&quot;:&quot;px&quot;,&quot;size&quot;:&quot;&quot;,&quot;sizes&quot;:[]}}\" data-widget_type=\"posts.classic\">\n\t\t\t\t<div class=\"elementor-widget-container\">\n\t\t\t\t\t\t\t<div class=\"elementor-posts-container elementor-posts elementor-posts--skin-classic elementor-grid\" role=\"list\">\n\t\t\t\t<article class=\"elementor-post elementor-grid-item post-23351 post type-post status-publish format-standard has-post-thumbnail hentry category-aktuellt category-inkluderande-utbildning\" role=\"listitem\">\n\t\t\t\t<a class=\"elementor-post__thumbnail__link\" href=\"https:\/\/myright.se\/en\/sambandet-mellan-funktionsnedsattning-fattigdom-och-laskunnighet\/\" tabindex=\"-1\" >\n\t\t\t<div class=\"elementor-post__thumbnail\"><img decoding=\"async\" width=\"580\" height=\"491\" src=\"https:\/\/myright.se\/wp-content\/uploads\/2021\/10\/IMG-613088fc8feb321a35de5b57a90e0d03-V-1024x867.jpg\" class=\"attachment-large size-large wp-image-18226\" alt=\"students at PFPID day center in nepal sit in school desks with mouth guards during a lesson\" srcset=\"https:\/\/myright.se\/wp-content\/uploads\/2021\/10\/IMG-613088fc8feb321a35de5b57a90e0d03-V-1024x867.jpg 1024w, https:\/\/myright.se\/wp-content\/uploads\/2021\/10\/IMG-613088fc8feb321a35de5b57a90e0d03-V-300x254.jpg 300w, https:\/\/myright.se\/wp-content\/uploads\/2021\/10\/IMG-613088fc8feb321a35de5b57a90e0d03-V-768x650.jpg 768w, https:\/\/myright.se\/wp-content\/uploads\/2021\/10\/IMG-613088fc8feb321a35de5b57a90e0d03-V-1536x1301.jpg 1536w, https:\/\/myright.se\/wp-content\/uploads\/2021\/10\/IMG-613088fc8feb321a35de5b57a90e0d03-V-14x12.jpg 14w, https:\/\/myright.se\/wp-content\/uploads\/2021\/10\/IMG-613088fc8feb321a35de5b57a90e0d03-V-1200x1016.jpg 1200w, https:\/\/myright.se\/wp-content\/uploads\/2021\/10\/IMG-613088fc8feb321a35de5b57a90e0d03-V-600x508.jpg 600w, https:\/\/myright.se\/wp-content\/uploads\/2021\/10\/IMG-613088fc8feb321a35de5b57a90e0d03-V.jpg 1600w\" sizes=\"(max-width: 580px) 100vw, 580px\" \/><\/div>\n\t\t<\/a>\n\t\t\t\t<div class=\"elementor-post__text\">\n\t\t\t\t<h3 class=\"elementor-post__title\">\n\t\t\t<a href=\"https:\/\/myright.se\/en\/sambandet-mellan-funktionsnedsattning-fattigdom-och-laskunnighet\/\" >\n\t\t\t\tThe Link between Disability, Poverty and Literacy\t\t\t<\/a>\n\t\t<\/h3>\n\t\t\t\t<div class=\"elementor-post__excerpt\">\n\t\t\t<p>Today, 8 September, we celebrate International Literacy Day.<\/p>\n\t\t<\/div>\n\t\t\n\t\t<a class=\"elementor-post__read-more\" href=\"https:\/\/myright.se\/en\/sambandet-mellan-funktionsnedsattning-fattigdom-och-laskunnighet\/\" aria-label=\"Read more about Sambandet mellan Funktionsneds\u00e4ttning, Fattigdom och L\u00e4skunnighet\" tabindex=\"-1\" >\n\t\t\tRead more\t\t<\/a>\n\n\t\t\t\t<\/div>\n\t\t\t\t<\/article>\n\t\t\t\t<article class=\"elementor-post elementor-grid-item post-22780 post type-post status-publish format-standard has-post-thumbnail hentry category-aktuellt category-inkluderande-utbildning\" role=\"listitem\">\n\t\t\t\t<a class=\"elementor-post__thumbnail__link\" href=\"https:\/\/myright.se\/en\/inkluderande-utbildning-i-nepal\/\" tabindex=\"-1\" >\n\t\t\t<div class=\"elementor-post__thumbnail\"><img decoding=\"async\" width=\"580\" height=\"321\" src=\"https:\/\/myright.se\/wp-content\/uploads\/2023\/04\/PFPID-2-1024x566.jpg\" class=\"attachment-large size-large wp-image-22785\" alt=\"Several people are sitting on the floor in a classroom reading school materials.\" srcset=\"https:\/\/myright.se\/wp-content\/uploads\/2023\/04\/PFPID-2-1024x566.jpg 1024w, https:\/\/myright.se\/wp-content\/uploads\/2023\/04\/PFPID-2-300x166.jpg 300w, https:\/\/myright.se\/wp-content\/uploads\/2023\/04\/PFPID-2-768x425.jpg 768w, https:\/\/myright.se\/wp-content\/uploads\/2023\/04\/PFPID-2-18x10.jpg 18w, https:\/\/myright.se\/wp-content\/uploads\/2023\/04\/PFPID-2-1200x664.jpg 1200w, https:\/\/myright.se\/wp-content\/uploads\/2023\/04\/PFPID-2-600x332.jpg 600w, https:\/\/myright.se\/wp-content\/uploads\/2023\/04\/PFPID-2.jpg 1501w\" sizes=\"(max-width: 580px) 100vw, 580px\" \/><\/div>\n\t\t<\/a>\n\t\t\t\t<div class=\"elementor-post__text\">\n\t\t\t\t<h3 class=\"elementor-post__title\">\n\t\t\t<a href=\"https:\/\/myright.se\/en\/inkluderande-utbildning-i-nepal\/\" >\n\t\t\t\tRooting in society brings lasting change\t\t\t<\/a>\n\t\t<\/h3>\n\t\t\t\t<div class=\"elementor-post__excerpt\">\n\t\t\t<p>MyRight has recently completed a successful project on inclusive education in Nepal with funding from the Postcode Foundation. The project has inspired similar training in other parts of Nepal.<\/p>\n\t\t<\/div>\n\t\t\n\t\t<a class=\"elementor-post__read-more\" href=\"https:\/\/myright.se\/en\/inkluderande-utbildning-i-nepal\/\" aria-label=\"Read more about Anchoring in society brings lasting change\" tabindex=\"-1\" >\n\t\t\tRead more\t\t<\/a>\n\n\t\t\t\t<\/div>\n\t\t\t\t<\/article>\n\t\t\t\t<article class=\"elementor-post elementor-grid-item post-21492 post type-post status-publish format-standard has-post-thumbnail hentry category-aktuellt category-berattelser category-inkluderande-utbildning category-nepal\" role=\"listitem\">\n\t\t\t\t<a class=\"elementor-post__thumbnail__link\" href=\"https:\/\/myright.se\/en\/sangita-vill-vara-en-del-av-forandringen-for-barn-med-autisms-rattigheter\/\" tabindex=\"-1\" >\n\t\t\t<div class=\"elementor-post__thumbnail\"><img loading=\"lazy\" decoding=\"async\" width=\"580\" height=\"435\" src=\"https:\/\/myright.se\/wp-content\/uploads\/2022\/12\/IMG_20221021_151750-1024x768.jpg\" class=\"attachment-large size-large wp-image-21493\" alt=\"Sangita has black shoulder length hair, she smiles into the camera. behind her, a small child is climbing a climbing frame.\" srcset=\"https:\/\/myright.se\/wp-content\/uploads\/2022\/12\/IMG_20221021_151750-1024x768.jpg 1024w, https:\/\/myright.se\/wp-content\/uploads\/2022\/12\/IMG_20221021_151750-300x225.jpg 300w, https:\/\/myright.se\/wp-content\/uploads\/2022\/12\/IMG_20221021_151750-768x576.jpg 768w, https:\/\/myright.se\/wp-content\/uploads\/2022\/12\/IMG_20221021_151750-1536x1152.jpg 1536w, https:\/\/myright.se\/wp-content\/uploads\/2022\/12\/IMG_20221021_151750-2048x1536.jpg 2048w, https:\/\/myright.se\/wp-content\/uploads\/2022\/12\/IMG_20221021_151750-16x12.jpg 16w, https:\/\/myright.se\/wp-content\/uploads\/2022\/12\/IMG_20221021_151750-1200x900.jpg 1200w, https:\/\/myright.se\/wp-content\/uploads\/2022\/12\/IMG_20221021_151750-1980x1485.jpg 1980w, https:\/\/myright.se\/wp-content\/uploads\/2022\/12\/IMG_20221021_151750-600x450.jpg 600w\" sizes=\"(max-width: 580px) 100vw, 580px\" \/><\/div>\n\t\t<\/a>\n\t\t\t\t<div class=\"elementor-post__text\">\n\t\t\t\t<h3 class=\"elementor-post__title\">\n\t\t\t<a href=\"https:\/\/myright.se\/en\/sangita-vill-vara-en-del-av-forandringen-for-barn-med-autisms-rattigheter\/\" >\n\t\t\t\tSangita wants to be part of the change for children with autism rights\t\t\t<\/a>\n\t\t<\/h3>\n\t\t\t\t<div class=\"elementor-post__excerpt\">\n\t\t\t<p>In Nepal, awareness of autism is very low. The diagnosis is relatively new in the country and there is a great lack<\/p>\n\t\t<\/div>\n\t\t\n\t\t<a class=\"elementor-post__read-more\" href=\"https:\/\/myright.se\/en\/sangita-vill-vara-en-del-av-forandringen-for-barn-med-autisms-rattigheter\/\" aria-label=\"Read more about Sangita wants to be part of the change for the rights of children with autism\" tabindex=\"-1\" >\n\t\t\tRead more\t\t<\/a>\n\n\t\t\t\t<\/div>\n\t\t\t\t<\/article>\n\t\t\t\t<\/div>\n\t\t\n\t\t\t\t<div class=\"e-load-more-anchor\" data-page=\"1\" data-max-page=\"5\" data-next-page=\"https:\/\/myright.se\/en\/wp-json\/wp\/v2\/pages\/16913\/page\/2\/\"><\/div>\n\t\t\t\t<nav class=\"elementor-pagination\" aria-label=\"Pagination\">\n\t\t\t<span aria-current=\"page\" class=\"page-numbers current\"><span class=\"elementor-screen-only\">Page<\/span>1<\/span>\n<a class=\"page-numbers\" href=\"https:\/\/myright.se\/en\/wp-json\/wp\/v2\/pages\/16913\/page\/2\/\"><span class=\"elementor-screen-only\">Page<\/span>2<\/a>\n<a class=\"page-numbers\" href=\"https:\/\/myright.se\/en\/wp-json\/wp\/v2\/pages\/16913\/page\/3\/\"><span class=\"elementor-screen-only\">Page<\/span>3<\/a>\n<a class=\"page-numbers\" href=\"https:\/\/myright.se\/en\/wp-json\/wp\/v2\/pages\/16913\/page\/4\/\"><span class=\"elementor-screen-only\">Page<\/span>4<\/a>\n<a class=\"page-numbers\" href=\"https:\/\/myright.se\/en\/wp-json\/wp\/v2\/pages\/16913\/page\/5\/\"><span class=\"elementor-screen-only\">Page<\/span>5<\/a>\t\t<\/nav>\n\t\t\t\t\t\t<\/div>\n\t\t\t\t<\/div>\n\t\t\t\t\t<\/div>\n\t\t<\/div>\n\t\t\t\t\t<\/div>\n\t\t<\/section>\n\t\t\t\t<section class=\"elementor-section elementor-top-section elementor-element elementor-element-82b421e elementor-section-full_width elementor-section-height-default elementor-section-height-default\" data-id=\"82b421e\" data-element_type=\"section\" data-e-type=\"section\" data-settings=\"{&quot;background_background&quot;:&quot;classic&quot;}\">\n\t\t\t\t\t\t<div class=\"elementor-container elementor-column-gap-default\">\n\t\t\t\t\t<div class=\"elementor-column elementor-col-100 elementor-top-column elementor-element elementor-element-d8e7c5b\" data-id=\"d8e7c5b\" data-element_type=\"column\" data-e-type=\"column\">\n\t\t\t<div class=\"elementor-widget-wrap elementor-element-populated\">\n\t\t\t\t\t\t<div class=\"elementor-element elementor-element-3e0a3cc elementor-widget elementor-widget-heading\" data-id=\"3e0a3cc\" data-element_type=\"widget\" data-e-type=\"widget\" data-widget_type=\"heading.default\">\n\t\t\t\t<div class=\"elementor-widget-container\">\n\t\t\t\t\t<h2 class=\"elementor-heading-title elementor-size-default\">Here's how you can contribute<\/h2>\t\t\t\t<\/div>\n\t\t\t\t<\/div>\n\t\t\t\t<section class=\"elementor-section elementor-inner-section elementor-element elementor-element-44515d3 elementor-section-boxed elementor-section-height-default elementor-section-height-default\" data-id=\"44515d3\" data-element_type=\"section\" data-e-type=\"section\">\n\t\t\t\t\t\t<div class=\"elementor-container elementor-column-gap-default\">\n\t\t\t\t\t<div class=\"elementor-column elementor-col-50 elementor-inner-column elementor-element elementor-element-849da25\" data-id=\"849da25\" data-element_type=\"column\" data-e-type=\"column\">\n\t\t\t<div class=\"elementor-widget-wrap elementor-element-populated\">\n\t\t\t\t\t\t<div class=\"elementor-element elementor-element-34e59a5 elementor-icon-list--layout-traditional elementor-list-item-link-full_width elementor-widget elementor-widget-icon-list\" data-id=\"34e59a5\" data-element_type=\"widget\" data-e-type=\"widget\" data-widget_type=\"icon-list.default\">\n\t\t\t\t<div class=\"elementor-widget-container\">\n\t\t\t\t\t\t\t<ul class=\"elementor-icon-list-items\">\n\t\t\t\t\t\t\t<li class=\"elementor-icon-list-item\">\n\t\t\t\t\t\t\t\t\t\t\t<span class=\"elementor-icon-list-icon\">\n\t\t\t\t\t\t\t<i aria-hidden=\"true\" class=\"fas fa-thumbs-up\"><\/i>\t\t\t\t\t\t<\/span>\n\t\t\t\t\t\t\t\t\t\t<span class=\"elementor-icon-list-text\">Follow MyRight on social media <\/span>\n\t\t\t\t\t\t\t\t\t<\/li>\n\t\t\t\t\t\t<\/ul>\n\t\t\t\t\t\t<\/div>\n\t\t\t\t<\/div>\n\t\t\t\t<div class=\"elementor-element elementor-element-5aba681 elementor-widget elementor-widget-text-editor\" data-id=\"5aba681\" data-element_type=\"widget\" data-e-type=\"widget\" data-widget_type=\"text-editor.default\">\n\t\t\t\t<div class=\"elementor-widget-container\">\n\t\t\t\t\t\t\t\t\t<p>Like, comment and share our posts on social media, and you will help us reach more people and spread knowledge.\u00a0<\/p>\t\t\t\t\t\t\t\t<\/div>\n\t\t\t\t<\/div>\n\t\t\t\t<div class=\"elementor-element elementor-element-d9b2ab6 elementor-icon-list--layout-traditional elementor-list-item-link-full_width elementor-widget elementor-widget-icon-list\" data-id=\"d9b2ab6\" data-element_type=\"widget\" data-e-type=\"widget\" data-widget_type=\"icon-list.default\">\n\t\t\t\t<div class=\"elementor-widget-container\">\n\t\t\t\t\t\t\t<ul class=\"elementor-icon-list-items\">\n\t\t\t\t\t\t\t<li class=\"elementor-icon-list-item\">\n\t\t\t\t\t\t\t\t\t\t\t<span class=\"elementor-icon-list-icon\">\n\t\t\t\t\t\t\t<i aria-hidden=\"true\" class=\"fas fa-hand-holding-heart\"><\/i>\t\t\t\t\t\t<\/span>\n\t\t\t\t\t\t\t\t\t\t<span class=\"elementor-icon-list-text\">Support MyRight <\/span>\n\t\t\t\t\t\t\t\t\t<\/li>\n\t\t\t\t\t\t<\/ul>\n\t\t\t\t\t\t<\/div>\n\t\t\t\t<\/div>\n\t\t\t\t<div class=\"elementor-element elementor-element-0403310 elementor-widget elementor-widget-text-editor\" data-id=\"0403310\" data-element_type=\"widget\" data-e-type=\"widget\" data-widget_type=\"text-editor.default\">\n\t\t\t\t<div class=\"elementor-widget-container\">\n\t\t\t\t\t\t\t\t\t<p>MyRight is the only organization in Sweden that works exclusively for the rights of persons with disabilities and poverty reduction. We are a non-profit organization and need your support to continue working for persons with disabilities. Every contribution makes a difference.<\/p>\t\t\t\t\t\t\t\t<\/div>\n\t\t\t\t<\/div>\n\t\t\t\t\t<\/div>\n\t\t<\/div>\n\t\t\t\t<div class=\"elementor-column elementor-col-50 elementor-inner-column elementor-element elementor-element-525a60e\" data-id=\"525a60e\" data-element_type=\"column\" data-e-type=\"column\">\n\t\t\t<div class=\"elementor-widget-wrap elementor-element-populated\">\n\t\t\t\t\t\t<div class=\"elementor-element elementor-element-dcfec0a elementor-icon-list--layout-traditional elementor-list-item-link-full_width elementor-widget elementor-widget-icon-list\" data-id=\"dcfec0a\" data-element_type=\"widget\" data-e-type=\"widget\" data-widget_type=\"icon-list.default\">\n\t\t\t\t<div class=\"elementor-widget-container\">\n\t\t\t\t\t\t\t<ul class=\"elementor-icon-list-items\">\n\t\t\t\t\t\t\t<li class=\"elementor-icon-list-item\">\n\t\t\t\t\t\t\t\t\t\t\t<span class=\"elementor-icon-list-icon\">\n\t\t\t\t\t\t\t<i aria-hidden=\"true\" class=\"fas fa-globe\"><\/i>\t\t\t\t\t\t<\/span>\n\t\t\t\t\t\t\t\t\t\t<span class=\"elementor-icon-list-text\"><span style=\"letter-spacing: -0.255px\">Learn more and tell others<\/span><\/span>\n\t\t\t\t\t\t\t\t\t<\/li>\n\t\t\t\t\t\t<\/ul>\n\t\t\t\t\t\t<\/div>\n\t\t\t\t<\/div>\n\t\t\t\t<div class=\"elementor-element elementor-element-588613c elementor-widget elementor-widget-text-editor\" data-id=\"588613c\" data-element_type=\"widget\" data-e-type=\"widget\" data-widget_type=\"text-editor.default\">\n\t\t\t\t<div class=\"elementor-widget-container\">\n\t\t\t\t\t\t\t\t\t<p>Read more on our website or take part in our information material such as reports and films. To change the world requires knowledge and commitment.<\/p>\t\t\t\t\t\t\t\t<\/div>\n\t\t\t\t<\/div>\n\t\t\t\t<div class=\"elementor-element elementor-element-ae4b5cb elementor-icon-list--layout-traditional elementor-list-item-link-full_width elementor-widget elementor-widget-icon-list\" data-id=\"ae4b5cb\" data-element_type=\"widget\" data-e-type=\"widget\" data-widget_type=\"icon-list.default\">\n\t\t\t\t<div class=\"elementor-widget-container\">\n\t\t\t\t\t\t\t<ul class=\"elementor-icon-list-items\">\n\t\t\t\t\t\t\t<li class=\"elementor-icon-list-item\">\n\t\t\t\t\t\t\t\t\t\t\t<span class=\"elementor-icon-list-icon\">\n\t\t\t\t\t\t\t<i aria-hidden=\"true\" class=\"fas fa-question\"><\/i>\t\t\t\t\t\t<\/span>\n\t\t\t\t\t\t\t\t\t\t<span class=\"elementor-icon-list-text\">Ask how others work <\/span>\n\t\t\t\t\t\t\t\t\t<\/li>\n\t\t\t\t\t\t<\/ul>\n\t\t\t\t\t\t<\/div>\n\t\t\t\t<\/div>\n\t\t\t\t<div class=\"elementor-element elementor-element-2c15d75 elementor-widget elementor-widget-text-editor\" data-id=\"2c15d75\" data-element_type=\"widget\" data-e-type=\"widget\" data-widget_type=\"text-editor.default\">\n\t\t\t\t<div class=\"elementor-widget-container\">\n\t\t\t\t\t\t\t\t\t<p>If you want to support another organization - ask how they work to safeguard the rights of people with disabilities. Can they promise that persons with disabilities will also be able to take part in their efforts?<\/p>\t\t\t\t\t\t\t\t<\/div>\n\t\t\t\t<\/div>\n\t\t\t\t\t<\/div>\n\t\t<\/div>\n\t\t\t\t\t<\/div>\n\t\t<\/section>\n\t\t\t\t\t<\/div>\n\t\t<\/div>\n\t\t\t\t\t<\/div>\n\t\t<\/section>\n\t\t\t\t<\/div>","protected":false},"excerpt":{"rendered":"<p>\u00d6ppna klassrummen &#8211; f\u00f6r alla barns r\u00e4tt till utbildning Utbildning \u00e4r en av de viktigaste faktorerna f\u00f6r att kunna ta sig ur fattigdom. Det \u00e4r grundl\u00e4ggande f\u00f6r en m\u00e4nniskas m\u00f6jligheter att f\u00e5 arbete, att kunna f\u00f6rs\u00f6rja sig och att delta i samh\u00e4llsutvecklingen. Barn som inte g\u00e5r i skolan f\u00e5r v\u00e4ldigt mycket s\u00e4mre f\u00f6ruts\u00e4ttningar p\u00e5 arbetsmarknaden [&hellip;]<\/p>\n","protected":false},"author":2,"featured_media":18340,"parent":12,"menu_order":0,"comment_status":"closed","ping_status":"closed","template":"","meta":{"footnotes":""},"class_list":["post-16913","page","type-page","status-publish","has-post-thumbnail","hentry"],"yoast_head":"<!-- This site is optimized with the Yoast SEO plugin v27.5 - https:\/\/yoast.com\/product\/yoast-seo-wordpress\/ -->\n<title>Inkluderande utbildning - MyRight<\/title>\n<meta name=\"robots\" content=\"index, follow, max-snippet:-1, max-image-preview:large, max-video-preview:-1\" \/>\n<link rel=\"canonical\" href=\"https:\/\/myright.se\/en\/what-we-do\/inclusive-education\/\" \/>\n<meta property=\"og:locale\" content=\"en_GB\" \/>\n<meta property=\"og:type\" content=\"article\" \/>\n<meta property=\"og:title\" content=\"Inkluderande utbildning - MyRight\" \/>\n<meta property=\"og:description\" content=\"\u00d6ppna klassrummen &#8211; f\u00f6r alla barns r\u00e4tt till utbildning Utbildning \u00e4r en av de viktigaste faktorerna f\u00f6r att kunna ta sig ur fattigdom. Det \u00e4r grundl\u00e4ggande f\u00f6r en m\u00e4nniskas m\u00f6jligheter att f\u00e5 arbete, att kunna f\u00f6rs\u00f6rja sig och att delta i samh\u00e4llsutvecklingen. Barn som inte g\u00e5r i skolan f\u00e5r v\u00e4ldigt mycket s\u00e4mre f\u00f6ruts\u00e4ttningar p\u00e5 arbetsmarknaden [&hellip;]\" \/>\n<meta property=\"og:url\" content=\"https:\/\/myright.se\/en\/what-we-do\/inclusive-education\/\" \/>\n<meta property=\"og:site_name\" content=\"MyRight\" \/>\n<meta property=\"article:modified_time\" content=\"2024-02-14T10:09:34+00:00\" \/>\n<meta property=\"og:image\" content=\"https:\/\/myright.se\/wp-content\/uploads\/2021\/11\/O8C7501-scaled.jpg\" \/>\n\t<meta property=\"og:image:width\" content=\"2560\" \/>\n\t<meta property=\"og:image:height\" content=\"1707\" \/>\n\t<meta property=\"og:image:type\" content=\"image\/jpeg\" \/>\n<meta name=\"twitter:card\" content=\"summary_large_image\" \/>\n<meta name=\"twitter:label1\" content=\"Estimated reading time\" \/>\n\t<meta name=\"twitter:data1\" content=\"6 minutes\" \/>\n<script type=\"application\/ld+json\" class=\"yoast-schema-graph\">{\"@context\":\"https:\\\/\\\/schema.org\",\"@graph\":[{\"@type\":\"WebPage\",\"@id\":\"https:\\\/\\\/myright.se\\\/vart-arbete\\\/inkluderande-utbildning\\\/\",\"url\":\"https:\\\/\\\/myright.se\\\/vart-arbete\\\/inkluderande-utbildning\\\/\",\"name\":\"Inkluderande utbildning - MyRight\",\"isPartOf\":{\"@id\":\"https:\\\/\\\/myright.se\\\/#website\"},\"primaryImageOfPage\":{\"@id\":\"https:\\\/\\\/myright.se\\\/vart-arbete\\\/inkluderande-utbildning\\\/#primaryimage\"},\"image\":{\"@id\":\"https:\\\/\\\/myright.se\\\/vart-arbete\\\/inkluderande-utbildning\\\/#primaryimage\"},\"thumbnailUrl\":\"https:\\\/\\\/myright.se\\\/wp-content\\\/uploads\\\/2021\\\/11\\\/O8C7501-scaled.jpg\",\"datePublished\":\"2021-07-13T11:55:22+00:00\",\"dateModified\":\"2024-02-14T10:09:34+00:00\",\"breadcrumb\":{\"@id\":\"https:\\\/\\\/myright.se\\\/vart-arbete\\\/inkluderande-utbildning\\\/#breadcrumb\"},\"inLanguage\":\"en-GB\",\"potentialAction\":[{\"@type\":\"ReadAction\",\"target\":[\"https:\\\/\\\/myright.se\\\/vart-arbete\\\/inkluderande-utbildning\\\/\"]}]},{\"@type\":\"ImageObject\",\"inLanguage\":\"en-GB\",\"@id\":\"https:\\\/\\\/myright.se\\\/vart-arbete\\\/inkluderande-utbildning\\\/#primaryimage\",\"url\":\"https:\\\/\\\/myright.se\\\/wp-content\\\/uploads\\\/2021\\\/11\\\/O8C7501-scaled.jpg\",\"contentUrl\":\"https:\\\/\\\/myright.se\\\/wp-content\\\/uploads\\\/2021\\\/11\\\/O8C7501-scaled.jpg\",\"width\":2560,\"height\":1707,\"caption\":\"Tv\u00e5 pojkar skriver i skolb\u00f6cker de ser koncentrerande ut bild fr\u00e5n rwanda\"},{\"@type\":\"BreadcrumbList\",\"@id\":\"https:\\\/\\\/myright.se\\\/vart-arbete\\\/inkluderande-utbildning\\\/#breadcrumb\",\"itemListElement\":[{\"@type\":\"ListItem\",\"position\":1,\"name\":\"Hem\",\"item\":\"https:\\\/\\\/myright.se\\\/\"},{\"@type\":\"ListItem\",\"position\":2,\"name\":\"V\u00e5rt arbete\",\"item\":\"https:\\\/\\\/myright.se\\\/vart-arbete\\\/\"},{\"@type\":\"ListItem\",\"position\":3,\"name\":\"Inkluderande utbildning\"}]},{\"@type\":\"WebSite\",\"@id\":\"https:\\\/\\\/myright.se\\\/#website\",\"url\":\"https:\\\/\\\/myright.se\\\/\",\"name\":\"MyRight\",\"description\":\"\",\"publisher\":{\"@id\":\"https:\\\/\\\/myright.se\\\/#organization\"},\"potentialAction\":[{\"@type\":\"SearchAction\",\"target\":{\"@type\":\"EntryPoint\",\"urlTemplate\":\"https:\\\/\\\/myright.se\\\/?s={search_term_string}\"},\"query-input\":{\"@type\":\"PropertyValueSpecification\",\"valueRequired\":true,\"valueName\":\"search_term_string\"}}],\"inLanguage\":\"en-GB\"},{\"@type\":\"Organization\",\"@id\":\"https:\\\/\\\/myright.se\\\/#organization\",\"name\":\"MyRight\",\"url\":\"https:\\\/\\\/myright.se\\\/\",\"logo\":{\"@type\":\"ImageObject\",\"inLanguage\":\"en-GB\",\"@id\":\"https:\\\/\\\/myright.se\\\/#\\\/schema\\\/logo\\\/image\\\/\",\"url\":\"https:\\\/\\\/myright.se\\\/wp-content\\\/uploads\\\/2020\\\/02\\\/Myright_logo_no_text_bredvid.png\",\"contentUrl\":\"https:\\\/\\\/myright.se\\\/wp-content\\\/uploads\\\/2020\\\/02\\\/Myright_logo_no_text_bredvid.png\",\"width\":2751,\"height\":816,\"caption\":\"MyRight\"},\"image\":{\"@id\":\"https:\\\/\\\/myright.se\\\/#\\\/schema\\\/logo\\\/image\\\/\"}}]}<\/script>\n<!-- \/ Yoast SEO plugin. -->","yoast_head_json":{"title":"Inclusive education - MyRight","robots":{"index":"index","follow":"follow","max-snippet":"max-snippet:-1","max-image-preview":"max-image-preview:large","max-video-preview":"max-video-preview:-1"},"canonical":"https:\/\/myright.se\/en\/what-we-do\/inclusive-education\/","og_locale":"en_GB","og_type":"article","og_title":"Inkluderande utbildning - MyRight","og_description":"\u00d6ppna klassrummen &#8211; f\u00f6r alla barns r\u00e4tt till utbildning Utbildning \u00e4r en av de viktigaste faktorerna f\u00f6r att kunna ta sig ur fattigdom. Det \u00e4r grundl\u00e4ggande f\u00f6r en m\u00e4nniskas m\u00f6jligheter att f\u00e5 arbete, att kunna f\u00f6rs\u00f6rja sig och att delta i samh\u00e4llsutvecklingen. Barn som inte g\u00e5r i skolan f\u00e5r v\u00e4ldigt mycket s\u00e4mre f\u00f6ruts\u00e4ttningar p\u00e5 arbetsmarknaden [&hellip;]","og_url":"https:\/\/myright.se\/en\/what-we-do\/inclusive-education\/","og_site_name":"MyRight","article_modified_time":"2024-02-14T10:09:34+00:00","og_image":[{"width":2560,"height":1707,"url":"https:\/\/myright.se\/wp-content\/uploads\/2021\/11\/O8C7501-scaled.jpg","type":"image\/jpeg"}],"twitter_card":"summary_large_image","twitter_misc":{"Estimated reading time":"6 minutes"},"schema":{"@context":"https:\/\/schema.org","@graph":[{"@type":"WebPage","@id":"https:\/\/myright.se\/vart-arbete\/inkluderande-utbildning\/","url":"https:\/\/myright.se\/vart-arbete\/inkluderande-utbildning\/","name":"Inclusive education - MyRight","isPartOf":{"@id":"https:\/\/myright.se\/#website"},"primaryImageOfPage":{"@id":"https:\/\/myright.se\/vart-arbete\/inkluderande-utbildning\/#primaryimage"},"image":{"@id":"https:\/\/myright.se\/vart-arbete\/inkluderande-utbildning\/#primaryimage"},"thumbnailUrl":"https:\/\/myright.se\/wp-content\/uploads\/2021\/11\/O8C7501-scaled.jpg","datePublished":"2021-07-13T11:55:22+00:00","dateModified":"2024-02-14T10:09:34+00:00","breadcrumb":{"@id":"https:\/\/myright.se\/vart-arbete\/inkluderande-utbildning\/#breadcrumb"},"inLanguage":"en-GB","potentialAction":[{"@type":"ReadAction","target":["https:\/\/myright.se\/vart-arbete\/inkluderande-utbildning\/"]}]},{"@type":"ImageObject","inLanguage":"en-GB","@id":"https:\/\/myright.se\/vart-arbete\/inkluderande-utbildning\/#primaryimage","url":"https:\/\/myright.se\/wp-content\/uploads\/2021\/11\/O8C7501-scaled.jpg","contentUrl":"https:\/\/myright.se\/wp-content\/uploads\/2021\/11\/O8C7501-scaled.jpg","width":2560,"height":1707,"caption":"Tv\u00e5 pojkar skriver i skolb\u00f6cker de ser koncentrerande ut bild fr\u00e5n rwanda"},{"@type":"BreadcrumbList","@id":"https:\/\/myright.se\/vart-arbete\/inkluderande-utbildning\/#breadcrumb","itemListElement":[{"@type":"ListItem","position":1,"name":"Hem","item":"https:\/\/myright.se\/"},{"@type":"ListItem","position":2,"name":"V\u00e5rt arbete","item":"https:\/\/myright.se\/vart-arbete\/"},{"@type":"ListItem","position":3,"name":"Inkluderande utbildning"}]},{"@type":"WebSite","@id":"https:\/\/myright.se\/#website","url":"https:\/\/myright.se\/","name":"MyRight","description":"","publisher":{"@id":"https:\/\/myright.se\/#organization"},"potentialAction":[{"@type":"SearchAction","target":{"@type":"EntryPoint","urlTemplate":"https:\/\/myright.se\/?s={search_term_string}"},"query-input":{"@type":"PropertyValueSpecification","valueRequired":true,"valueName":"search_term_string"}}],"inLanguage":"en-GB"},{"@type":"Organization","@id":"https:\/\/myright.se\/#organization","name":"MyRight","url":"https:\/\/myright.se\/","logo":{"@type":"ImageObject","inLanguage":"en-GB","@id":"https:\/\/myright.se\/#\/schema\/logo\/image\/","url":"https:\/\/myright.se\/wp-content\/uploads\/2020\/02\/Myright_logo_no_text_bredvid.png","contentUrl":"https:\/\/myright.se\/wp-content\/uploads\/2020\/02\/Myright_logo_no_text_bredvid.png","width":2751,"height":816,"caption":"MyRight"},"image":{"@id":"https:\/\/myright.se\/#\/schema\/logo\/image\/"}}]}},"_links":{"self":[{"href":"https:\/\/myright.se\/en\/wp-json\/wp\/v2\/pages\/16913","targetHints":{"allow":["GET"]}}],"collection":[{"href":"https:\/\/myright.se\/en\/wp-json\/wp\/v2\/pages"}],"about":[{"href":"https:\/\/myright.se\/en\/wp-json\/wp\/v2\/types\/page"}],"author":[{"embeddable":true,"href":"https:\/\/myright.se\/en\/wp-json\/wp\/v2\/users\/2"}],"replies":[{"embeddable":true,"href":"https:\/\/myright.se\/en\/wp-json\/wp\/v2\/comments?post=16913"}],"version-history":[{"count":445,"href":"https:\/\/myright.se\/en\/wp-json\/wp\/v2\/pages\/16913\/revisions"}],"predecessor-version":[{"id":29006,"href":"https:\/\/myright.se\/en\/wp-json\/wp\/v2\/pages\/16913\/revisions\/29006"}],"up":[{"embeddable":true,"href":"https:\/\/myright.se\/en\/wp-json\/wp\/v2\/pages\/12"}],"wp:featuredmedia":[{"embeddable":true,"href":"https:\/\/myright.se\/en\/wp-json\/wp\/v2\/media\/18340"}],"wp:attachment":[{"href":"https:\/\/myright.se\/en\/wp-json\/wp\/v2\/media?parent=16913"}],"curies":[{"name":"wp","href":"https:\/\/api.w.org\/{rel}","templated":true}]}}