{"id":19118,"date":"2022-01-10T09:08:45","date_gmt":"2022-01-10T08:08:45","guid":{"rendered":"https:\/\/myright.se\/?page_id=19118"},"modified":"2025-08-08T08:47:23","modified_gmt":"2025-08-08T07:47:23","slug":"environment-and-climate","status":"publish","type":"page","link":"https:\/\/myright.se\/en\/vart-arbete\/miljo-och-klimat\/","title":{"rendered":"Environment and climate"},"content":{"rendered":"<div data-elementor-type=\"wp-page\" data-elementor-id=\"19118\" class=\"elementor elementor-19118\" data-elementor-post-type=\"page\">\n\t\t\t\t\t\t<section class=\"elementor-section elementor-top-section elementor-element elementor-element-7dff2b3f elementor-section-stretched elementor-section-boxed elementor-section-height-default elementor-section-height-default\" data-id=\"7dff2b3f\" data-element_type=\"section\" data-e-type=\"section\" data-settings=\"{&quot;stretch_section&quot;:&quot;section-stretched&quot;,&quot;background_background&quot;:&quot;classic&quot;}\">\n\t\t\t\t\t\t<div class=\"elementor-container elementor-column-gap-default\">\n\t\t\t\t\t<div class=\"elementor-column elementor-col-100 elementor-top-column elementor-element elementor-element-6b055c01\" data-id=\"6b055c01\" data-element_type=\"column\" data-e-type=\"column\">\n\t\t\t<div class=\"elementor-widget-wrap elementor-element-populated\">\n\t\t\t\t\t\t<div class=\"elementor-element elementor-element-154a9646 elementor-widget elementor-widget-breadcrumbs\" data-id=\"154a9646\" data-element_type=\"widget\" data-e-type=\"widget\" data-widget_type=\"breadcrumbs.default\">\n\t\t\t\t<div class=\"elementor-widget-container\">\n\t\t\t\t\t<p id=\"breadcrumbs\"><span><span><a href=\"https:\/\/myright.se\/en\/\">Home<\/a><\/span><\/span><\/p>\t\t\t\t<\/div>\n\t\t\t\t<\/div>\n\t\t\t\t\t<\/div>\n\t\t<\/div>\n\t\t\t\t\t<\/div>\n\t\t<\/section>\n\t\t\t\t<section class=\"elementor-section elementor-top-section elementor-element elementor-element-1b77203 elementor-section-stretched elementor-section-boxed elementor-section-height-default elementor-section-height-default\" data-id=\"1b77203\" data-element_type=\"section\" data-e-type=\"section\" data-settings=\"{&quot;stretch_section&quot;:&quot;section-stretched&quot;,&quot;background_background&quot;:&quot;classic&quot;}\">\n\t\t\t\t\t\t<div class=\"elementor-container elementor-column-gap-wider\">\n\t\t\t\t\t<div class=\"elementor-column elementor-col-66 elementor-top-column elementor-element elementor-element-25d3f80\" data-id=\"25d3f80\" data-element_type=\"column\" data-e-type=\"column\">\n\t\t\t<div class=\"elementor-widget-wrap elementor-element-populated\">\n\t\t\t\t\t\t<div class=\"elementor-element elementor-element-6aecb6a elementor-widget elementor-widget-heading\" data-id=\"6aecb6a\" data-element_type=\"widget\" data-e-type=\"widget\" data-widget_type=\"heading.default\">\n\t\t\t\t<div class=\"elementor-widget-container\">\n\t\t\t\t\t<h1 class=\"elementor-heading-title elementor-size-default\">Environment and climate from a functional law perspective<\/h1>\t\t\t\t<\/div>\n\t\t\t\t<\/div>\n\t\t\t\t<div class=\"elementor-element elementor-element-bf2cabc elementor-widget elementor-widget-image\" data-id=\"bf2cabc\" data-element_type=\"widget\" data-e-type=\"widget\" data-widget_type=\"image.default\">\n\t\t\t\t<div class=\"elementor-widget-container\">\n\t\t\t\t\t\t\t\t\t\t\t\t\t\t\t<img fetchpriority=\"high\" decoding=\"async\" width=\"1200\" height=\"800\" src=\"https:\/\/myright.se\/wp-content\/uploads\/2022\/01\/A-man-injured-by-Haiti-earthquake-2010-Photo-credit-UN.jpg\" class=\"attachment-full size-full wp-image-19103\" alt=\"A man is in a wheelchair in front of a dilapidated house after an earthquake in Haiti\" srcset=\"https:\/\/myright.se\/wp-content\/uploads\/2022\/01\/A-man-injured-by-Haiti-earthquake-2010-Photo-credit-UN.jpg 1200w, https:\/\/myright.se\/wp-content\/uploads\/2022\/01\/A-man-injured-by-Haiti-earthquake-2010-Photo-credit-UN-300x200.jpg 300w, https:\/\/myright.se\/wp-content\/uploads\/2022\/01\/A-man-injured-by-Haiti-earthquake-2010-Photo-credit-UN-1024x683.jpg 1024w, https:\/\/myright.se\/wp-content\/uploads\/2022\/01\/A-man-injured-by-Haiti-earthquake-2010-Photo-credit-UN-768x512.jpg 768w, https:\/\/myright.se\/wp-content\/uploads\/2022\/01\/A-man-injured-by-Haiti-earthquake-2010-Photo-credit-UN-18x12.jpg 18w, https:\/\/myright.se\/wp-content\/uploads\/2022\/01\/A-man-injured-by-Haiti-earthquake-2010-Photo-credit-UN-600x400.jpg 600w\" sizes=\"(max-width: 1200px) 100vw, 1200px\" \/>\t\t\t\t\t\t\t\t\t\t\t\t\t\t\t<\/div>\n\t\t\t\t<\/div>\n\t\t\t\t<div class=\"elementor-element elementor-element-e087455 elementor-widget elementor-widget-text-editor\" data-id=\"e087455\" data-element_type=\"widget\" data-e-type=\"widget\" data-widget_type=\"text-editor.default\">\n\t\t\t\t<div class=\"elementor-widget-container\">\n\t\t\t\t\t\t\t\t\t<p><strong>Despite the fact that people with disabilities are particularly hard hit by climate change, there is almost always a lack of a functional law perspective on climate issues. <\/strong><\/p>\t\t\t\t\t\t\t\t<\/div>\n\t\t\t\t<\/div>\n\t\t\t\t<div class=\"elementor-element elementor-element-3909fd6 elementor-widget elementor-widget-text-editor\" data-id=\"3909fd6\" data-element_type=\"widget\" data-e-type=\"widget\" data-widget_type=\"text-editor.default\">\n\t\t\t\t<div class=\"elementor-widget-container\">\n\t\t\t\t\t\t\t\t\t<p>People with disabilities are almost never included in the work for a better climate and information on climate change is rarely available in available formats. It can have devastating consequences.\u00a0<\/p><p class=\"Default\">The impact of climate change on humans and the environment is significant and they are the biggest fateful issue of our time. Those already living in poverty and vulnerability are particularly hard hit. As a result of people with disabilities being overrepresented in terms of poverty while often being systematically discriminated against, their exposure to increasing climate change is particularly serious.<\/p><p>People with disabilities are not only severely affected by short-term disasters, they are also particularly vulnerable to gradual changes such as drought, rising temperatures and rising sea levels.\u00a0<\/p>\t\t\t\t\t\t\t\t<\/div>\n\t\t\t\t<\/div>\n\t\t\t\t<div class=\"elementor-element elementor-element-ed13c7b elementor-widget elementor-widget-heading\" data-id=\"ed13c7b\" data-element_type=\"widget\" data-e-type=\"widget\" data-widget_type=\"heading.default\">\n\t\t\t\t<div class=\"elementor-widget-container\">\n\t\t\t\t\t<h2 class=\"elementor-heading-title elementor-size-default\">Prevented from participating in the work for a better environment<\/h2>\t\t\t\t<\/div>\n\t\t\t\t<\/div>\n\t\t\t\t<div class=\"elementor-element elementor-element-22bfcbd elementor-widget elementor-widget-text-editor\" data-id=\"22bfcbd\" data-element_type=\"widget\" data-e-type=\"widget\" data-widget_type=\"text-editor.default\">\n\t\t\t\t<div class=\"elementor-widget-container\">\n\t\t\t\t\t\t\t\t\t<p><strong>Due to lack of accessibility, the world misses the commitment and contributions of millions of people.<\/strong><\/p><p>Information about the climate crisis, its consequences and how we as individuals can contribute is rarely given in sign language, easy to read, interpreted visually or in Braille. Without information, it is difficult to be involved and change.<\/p><p>Climate work follows the same discriminatory structures as other areas and people with disabilities are made invisible, forgotten and de-prioritized. An example is recycling stations that are virtually never adapted so that people who are blind or use a wheelchair can use them.<\/p><p>There are one billion people with disabilities in the world. The work for climate and the environment could go further if people with disabilities were better included.\u00a0<\/p>\t\t\t\t\t\t\t\t<\/div>\n\t\t\t\t<\/div>\n\t\t\t\t\t<\/div>\n\t\t<\/div>\n\t\t\t\t<div class=\"elementor-column elementor-col-33 elementor-top-column elementor-element elementor-element-923b709\" data-id=\"923b709\" data-element_type=\"column\" data-e-type=\"column\" data-settings=\"{&quot;background_background&quot;:&quot;classic&quot;}\">\n\t\t\t<div class=\"elementor-widget-wrap elementor-element-populated\">\n\t\t\t\t\t\t<div class=\"elementor-element elementor-element-f052cab elementor-widget elementor-widget-heading\" data-id=\"f052cab\" data-element_type=\"widget\" data-e-type=\"widget\" data-widget_type=\"heading.default\">\n\t\t\t\t<div class=\"elementor-widget-container\">\n\t\t\t\t\t<h2 class=\"elementor-heading-title elementor-size-default\">Recommendations to actors in global sustainability:<\/h2>\t\t\t\t<\/div>\n\t\t\t\t<\/div>\n\t\t\t\t<div class=\"elementor-element elementor-element-3c4caeb elementor-widget elementor-widget-text-editor\" data-id=\"3c4caeb\" data-element_type=\"widget\" data-e-type=\"widget\" data-widget_type=\"text-editor.default\">\n\t\t\t\t<div class=\"elementor-widget-container\">\n\t\t\t\t\t\t\t\t\t<p><strong>Collaborate with organizations of people with disabilities<\/strong> to improve strategies, policies, plans, decisions and evaluations.<\/p><p><strong>Develop policies that protect and include<\/strong> people with disabilities so they are not exposed to risks.<\/p><p><strong>Collect data on how climate change affects people with disabilities<\/strong> to highlight how certain groups are particularly vulnerable and affected to a greater extent.<\/p><p><strong>Ensure that also particularly vulnerable groups of people with disabilities<\/strong> as girls and women, people with mental disabilities and intellectual disabilities are referred to in governing documents and objectives.<\/p><p><strong>Use a twin-track approach<\/strong> and let the functional law perspective permeate all initiatives while you design special solutions for certain groups.<\/p>\t\t\t\t\t\t\t\t<\/div>\n\t\t\t\t<\/div>\n\t\t\t\t<div class=\"elementor-element elementor-element-08be7d2 elementor-widget-divider--view-line elementor-widget elementor-widget-divider\" data-id=\"08be7d2\" data-element_type=\"widget\" data-e-type=\"widget\" data-widget_type=\"divider.default\">\n\t\t\t\t<div class=\"elementor-widget-container\">\n\t\t\t\t\t\t\t<div class=\"elementor-divider\">\n\t\t\t<span class=\"elementor-divider-separator\">\n\t\t\t\t\t\t<\/span>\n\t\t<\/div>\n\t\t\t\t\t\t<\/div>\n\t\t\t\t<\/div>\n\t\t\t\t\t<\/div>\n\t\t<\/div>\n\t\t\t\t\t<\/div>\n\t\t<\/section>\n\t\t\t\t<section class=\"elementor-section elementor-top-section elementor-element elementor-element-2ee34a5 elementor-section-boxed elementor-section-height-default elementor-section-height-default\" data-id=\"2ee34a5\" data-element_type=\"section\" data-e-type=\"section\" data-settings=\"{&quot;background_background&quot;:&quot;classic&quot;}\">\n\t\t\t\t\t\t<div class=\"elementor-container elementor-column-gap-default\">\n\t\t\t\t\t<div class=\"elementor-column elementor-col-100 elementor-top-column elementor-element elementor-element-927043f\" data-id=\"927043f\" data-element_type=\"column\" data-e-type=\"column\">\n\t\t\t<div class=\"elementor-widget-wrap elementor-element-populated\">\n\t\t\t\t\t\t<div class=\"elementor-element elementor-element-f8034b7 elementor-widget elementor-widget-spacer\" data-id=\"f8034b7\" data-element_type=\"widget\" data-e-type=\"widget\" data-widget_type=\"spacer.default\">\n\t\t\t\t<div class=\"elementor-widget-container\">\n\t\t\t\t\t\t\t<div class=\"elementor-spacer\">\n\t\t\t<div class=\"elementor-spacer-inner\"><\/div>\n\t\t<\/div>\n\t\t\t\t\t\t<\/div>\n\t\t\t\t<\/div>\n\t\t\t\t\t<\/div>\n\t\t<\/div>\n\t\t\t\t\t<\/div>\n\t\t<\/section>\n\t\t\t\t<section class=\"elementor-section elementor-top-section elementor-element elementor-element-c64919d elementor-section-stretched elementor-section-boxed elementor-section-height-default elementor-section-height-default\" data-id=\"c64919d\" data-element_type=\"section\" data-e-type=\"section\" data-settings=\"{&quot;stretch_section&quot;:&quot;section-stretched&quot;,&quot;background_background&quot;:&quot;classic&quot;}\">\n\t\t\t\t\t\t<div class=\"elementor-container elementor-column-gap-wider\">\n\t\t\t\t\t<div class=\"elementor-column elementor-col-100 elementor-top-column elementor-element elementor-element-4b3bc53\" data-id=\"4b3bc53\" data-element_type=\"column\" data-e-type=\"column\" data-settings=\"{&quot;background_background&quot;:&quot;classic&quot;}\">\n\t\t\t<div class=\"elementor-widget-wrap elementor-element-populated\">\n\t\t\t\t\t\t<div class=\"elementor-element elementor-element-b3a119e elementor-widget elementor-widget-heading\" data-id=\"b3a119e\" data-element_type=\"widget\" data-e-type=\"widget\" data-widget_type=\"heading.default\">\n\t\t\t\t<div class=\"elementor-widget-container\">\n\t\t\t\t\t<h1 class=\"elementor-heading-title elementor-size-default\">Read more:<\/h1>\t\t\t\t<\/div>\n\t\t\t\t<\/div>\n\t\t\t\t<div class=\"elementor-element elementor-element-c00d34d elementor-grid-3 elementor-grid-tablet-2 elementor-grid-mobile-1 elementor-posts--thumbnail-top elementor-widget elementor-widget-posts\" data-id=\"c00d34d\" data-element_type=\"widget\" data-e-type=\"widget\" data-settings=\"{&quot;pagination_type&quot;:&quot;numbers&quot;,&quot;classic_columns&quot;:&quot;3&quot;,&quot;classic_columns_tablet&quot;:&quot;2&quot;,&quot;classic_columns_mobile&quot;:&quot;1&quot;,&quot;classic_row_gap&quot;:{&quot;unit&quot;:&quot;px&quot;,&quot;size&quot;:35,&quot;sizes&quot;:[]},&quot;classic_row_gap_tablet&quot;:{&quot;unit&quot;:&quot;px&quot;,&quot;size&quot;:&quot;&quot;,&quot;sizes&quot;:[]},&quot;classic_row_gap_mobile&quot;:{&quot;unit&quot;:&quot;px&quot;,&quot;size&quot;:&quot;&quot;,&quot;sizes&quot;:[]}}\" data-widget_type=\"posts.classic\">\n\t\t\t\t<div class=\"elementor-widget-container\">\n\t\t\t\t\t\t\t<div class=\"elementor-posts-container elementor-posts elementor-posts--skin-classic elementor-grid\" role=\"list\">\n\t\t\t\t<article class=\"elementor-post elementor-grid-item post-29092 post type-post status-publish format-standard has-post-thumbnail hentry category-aktuellt category-miljo-och-klimat\" role=\"listitem\">\n\t\t\t\t<a class=\"elementor-post__thumbnail__link\" href=\"https:\/\/myright.se\/en\/klimatkrisen-drabbar-inte-alla-lika\/\" tabindex=\"-1\" >\n\t\t\t<div class=\"elementor-post__thumbnail\"><img decoding=\"async\" width=\"300\" height=\"141\" src=\"https:\/\/myright.se\/wp-content\/uploads\/2025\/06\/mairi-feeger-300x141.webp\" class=\"attachment-medium size-medium wp-image-29093\" alt=\"Ipul Powaseu sits in a red wheelchair with a turquoise shawl around her and smiles. Behind her is an office landscape.\" srcset=\"https:\/\/myright.se\/wp-content\/uploads\/2025\/06\/mairi-feeger-300x141.webp 300w, https:\/\/myright.se\/wp-content\/uploads\/2025\/06\/mairi-feeger-1024x481.webp 1024w, https:\/\/myright.se\/wp-content\/uploads\/2025\/06\/mairi-feeger-768x361.webp 768w, https:\/\/myright.se\/wp-content\/uploads\/2025\/06\/mairi-feeger-18x8.webp 18w, https:\/\/myright.se\/wp-content\/uploads\/2025\/06\/mairi-feeger-600x282.webp 600w, https:\/\/myright.se\/wp-content\/uploads\/2025\/06\/mairi-feeger.webp 1200w\" sizes=\"(max-width: 300px) 100vw, 300px\" \/><\/div>\n\t\t<\/a>\n\t\t\t\t<div class=\"elementor-post__text\">\n\t\t\t\t<h3 class=\"elementor-post__title\">\n\t\t\t<a href=\"https:\/\/myright.se\/en\/klimatkrisen-drabbar-inte-alla-lika\/\" >\n\t\t\t\tThe climate crisis does not affect everyone equally\t\t\t<\/a>\n\t\t<\/h3>\n\t\t\t\t<div class=\"elementor-post__excerpt\">\n\t\t\t<p>Women with disabilities in low-income countries suffer more than others. But there are grassroots movements that make sure their voices are heard!<\/p>\n\t\t<\/div>\n\t\t\n\t\t<a class=\"elementor-post__read-more\" href=\"https:\/\/myright.se\/en\/klimatkrisen-drabbar-inte-alla-lika\/\" aria-label=\"Read more about Klimatkrisen drabbar inte alla lika\" tabindex=\"-1\" >\n\t\t\tRead more\t\t<\/a>\n\n\t\t\t\t<\/div>\n\t\t\t\t<\/article>\n\t\t\t\t<article class=\"elementor-post elementor-grid-item post-19151 post type-post status-publish format-standard has-post-thumbnail hentry category-aktuellt category-miljo-och-klimat\" role=\"listitem\">\n\t\t\t\t<a class=\"elementor-post__thumbnail__link\" href=\"https:\/\/myright.se\/en\/sarskilt-utsatta-men-bortglomda-i-krisberedskap\/\" tabindex=\"-1\" >\n\t\t\t<div class=\"elementor-post__thumbnail\"><img decoding=\"async\" width=\"300\" height=\"200\" src=\"https:\/\/myright.se\/wp-content\/uploads\/2022\/01\/Pojke_rullstol-300x200.jpg\" class=\"attachment-medium size-medium wp-image-19107\" alt=\"boy sitting in a wheelchair next to him stands brother they are in a refugee camp\" srcset=\"https:\/\/myright.se\/wp-content\/uploads\/2022\/01\/Pojke_rullstol-300x200.jpg 300w, https:\/\/myright.se\/wp-content\/uploads\/2022\/01\/Pojke_rullstol-1024x683.jpg 1024w, https:\/\/myright.se\/wp-content\/uploads\/2022\/01\/Pojke_rullstol-768x512.jpg 768w, https:\/\/myright.se\/wp-content\/uploads\/2022\/01\/Pojke_rullstol-1536x1024.jpg 1536w, https:\/\/myright.se\/wp-content\/uploads\/2022\/01\/Pojke_rullstol-2048x1365.jpg 2048w, https:\/\/myright.se\/wp-content\/uploads\/2022\/01\/Pojke_rullstol-18x12.jpg 18w, https:\/\/myright.se\/wp-content\/uploads\/2022\/01\/Pojke_rullstol-1200x800.jpg 1200w, https:\/\/myright.se\/wp-content\/uploads\/2022\/01\/Pojke_rullstol-1980x1320.jpg 1980w, https:\/\/myright.se\/wp-content\/uploads\/2022\/01\/Pojke_rullstol-600x400.jpg 600w\" sizes=\"(max-width: 300px) 100vw, 300px\" \/><\/div>\n\t\t<\/a>\n\t\t\t\t<div class=\"elementor-post__text\">\n\t\t\t\t<h3 class=\"elementor-post__title\">\n\t\t\t<a href=\"https:\/\/myright.se\/en\/sarskilt-utsatta-men-bortglomda-i-krisberedskap\/\" >\n\t\t\t\tParticularly vulnerable but forgotten in crisis preparedness\t\t\t<\/a>\n\t\t<\/h3>\n\t\t\t\t<div class=\"elementor-post__excerpt\">\n\t\t\t<p>In crises and disasters, people with disabilities are often the last to receive information and the last to receive help.<\/p>\n\t\t<\/div>\n\t\t\n\t\t<a class=\"elementor-post__read-more\" href=\"https:\/\/myright.se\/en\/sarskilt-utsatta-men-bortglomda-i-krisberedskap\/\" aria-label=\"Read more about S\u00e4rskilt utsatta men bortgl\u00f6mda i krisberedskap\" tabindex=\"-1\" >\n\t\t\tRead more\t\t<\/a>\n\n\t\t\t\t<\/div>\n\t\t\t\t<\/article>\n\t\t\t\t<article class=\"elementor-post elementor-grid-item post-19163 post type-post status-publish format-standard has-post-thumbnail hentry category-aktuellt category-miljo-och-klimat\" role=\"listitem\">\n\t\t\t\t<a class=\"elementor-post__thumbnail__link\" href=\"https:\/\/myright.se\/en\/uteslutna-fran-besluts-och-paverkansprocesser\/\" tabindex=\"-1\" >\n\t\t\t<div class=\"elementor-post__thumbnail\"><img loading=\"lazy\" decoding=\"async\" width=\"300\" height=\"200\" src=\"https:\/\/myright.se\/wp-content\/uploads\/2022\/01\/Peace-for-All-seminar-3-300x200.jpg\" class=\"attachment-medium size-medium wp-image-19167\" alt=\"Two young women in wheelchairs sitting next to each other, we see their backs\" srcset=\"https:\/\/myright.se\/wp-content\/uploads\/2022\/01\/Peace-for-All-seminar-3-300x200.jpg 300w, https:\/\/myright.se\/wp-content\/uploads\/2022\/01\/Peace-for-All-seminar-3-1024x683.jpg 1024w, https:\/\/myright.se\/wp-content\/uploads\/2022\/01\/Peace-for-All-seminar-3-768x513.jpg 768w, https:\/\/myright.se\/wp-content\/uploads\/2022\/01\/Peace-for-All-seminar-3-1536x1025.jpg 1536w, https:\/\/myright.se\/wp-content\/uploads\/2022\/01\/Peace-for-All-seminar-3-2048x1367.jpg 2048w, https:\/\/myright.se\/wp-content\/uploads\/2022\/01\/Peace-for-All-seminar-3-18x12.jpg 18w, https:\/\/myright.se\/wp-content\/uploads\/2022\/01\/Peace-for-All-seminar-3-1200x801.jpg 1200w, https:\/\/myright.se\/wp-content\/uploads\/2022\/01\/Peace-for-All-seminar-3-1980x1321.jpg 1980w, https:\/\/myright.se\/wp-content\/uploads\/2022\/01\/Peace-for-All-seminar-3-600x400.jpg 600w\" sizes=\"(max-width: 300px) 100vw, 300px\" \/><\/div>\n\t\t<\/a>\n\t\t\t\t<div class=\"elementor-post__text\">\n\t\t\t\t<h3 class=\"elementor-post__title\">\n\t\t\t<a href=\"https:\/\/myright.se\/en\/uteslutna-fran-besluts-och-paverkansprocesser\/\" >\n\t\t\t\tExcluded from decision-making and influence processes\t\t\t<\/a>\n\t\t<\/h3>\n\t\t\t\t<div class=\"elementor-post__excerpt\">\n\t\t\t<p>Despite the fact that people with disabilities are disproportionately affected by climate change, they are often excluded from decision-making processes at all<\/p>\n\t\t<\/div>\n\t\t\n\t\t<a class=\"elementor-post__read-more\" href=\"https:\/\/myright.se\/en\/uteslutna-fran-besluts-och-paverkansprocesser\/\" aria-label=\"Read more about Uteslutna fr\u00e5n besluts- och p\u00e5verkansprocesser\" tabindex=\"-1\" >\n\t\t\tRead more\t\t<\/a>\n\n\t\t\t\t<\/div>\n\t\t\t\t<\/article>\n\t\t\t\t<\/div>\n\t\t\n\t\t\t\t\t\t<\/div>\n\t\t\t\t<\/div>\n\t\t\t\t\t<\/div>\n\t\t<\/div>\n\t\t\t\t\t<\/div>\n\t\t<\/section>\n\t\t\t\t<section class=\"elementor-section elementor-top-section elementor-element elementor-element-722c8c7 elementor-hidden-desktop elementor-hidden-tablet elementor-hidden-mobile elementor-section-boxed elementor-section-height-default elementor-section-height-default\" data-id=\"722c8c7\" data-element_type=\"section\" data-e-type=\"section\" data-settings=\"{&quot;background_background&quot;:&quot;classic&quot;}\">\n\t\t\t\t\t\t<div class=\"elementor-container elementor-column-gap-default\">\n\t\t\t\t\t<div class=\"elementor-column elementor-col-50 elementor-top-column elementor-element elementor-element-a1c4dc8\" data-id=\"a1c4dc8\" data-element_type=\"column\" data-e-type=\"column\">\n\t\t\t<div class=\"elementor-widget-wrap elementor-element-populated\">\n\t\t\t\t\t\t<div class=\"elementor-element elementor-element-3ec179d elementor-widget elementor-widget-image\" data-id=\"3ec179d\" data-element_type=\"widget\" data-e-type=\"widget\" data-widget_type=\"image.default\">\n\t\t\t\t<div class=\"elementor-widget-container\">\n\t\t\t\t\t\t\t\t\t\t\t\t\t\t\t<img loading=\"lazy\" decoding=\"async\" width=\"580\" height=\"387\" src=\"https:\/\/myright.se\/wp-content\/uploads\/2022\/01\/Pojke_rullstol-1024x683.jpg\" class=\"attachment-large size-large wp-image-19107\" alt=\"boy sitting in a wheelchair next to him stands brother they are in a refugee camp\" srcset=\"https:\/\/myright.se\/wp-content\/uploads\/2022\/01\/Pojke_rullstol-1024x683.jpg 1024w, https:\/\/myright.se\/wp-content\/uploads\/2022\/01\/Pojke_rullstol-300x200.jpg 300w, https:\/\/myright.se\/wp-content\/uploads\/2022\/01\/Pojke_rullstol-768x512.jpg 768w, https:\/\/myright.se\/wp-content\/uploads\/2022\/01\/Pojke_rullstol-1536x1024.jpg 1536w, https:\/\/myright.se\/wp-content\/uploads\/2022\/01\/Pojke_rullstol-2048x1365.jpg 2048w, https:\/\/myright.se\/wp-content\/uploads\/2022\/01\/Pojke_rullstol-18x12.jpg 18w, https:\/\/myright.se\/wp-content\/uploads\/2022\/01\/Pojke_rullstol-1200x800.jpg 1200w, https:\/\/myright.se\/wp-content\/uploads\/2022\/01\/Pojke_rullstol-1980x1320.jpg 1980w, https:\/\/myright.se\/wp-content\/uploads\/2022\/01\/Pojke_rullstol-600x400.jpg 600w\" sizes=\"(max-width: 580px) 100vw, 580px\" \/>\t\t\t\t\t\t\t\t\t\t\t\t\t\t\t<\/div>\n\t\t\t\t<\/div>\n\t\t\t\t<div class=\"elementor-element elementor-element-c7dbe0b elementor-widget elementor-widget-heading\" data-id=\"c7dbe0b\" data-element_type=\"widget\" data-e-type=\"widget\" data-widget_type=\"heading.default\">\n\t\t\t\t<div class=\"elementor-widget-container\">\n\t\t\t\t\t<h2 class=\"elementor-heading-title elementor-size-default\">Particularly vulnerable but forgotten in crisis preparedness<\/h2>\t\t\t\t<\/div>\n\t\t\t\t<\/div>\n\t\t\t\t<div class=\"elementor-element elementor-element-bdbb268 elementor-widget elementor-widget-text-editor\" data-id=\"bdbb268\" data-element_type=\"widget\" data-e-type=\"widget\" data-widget_type=\"text-editor.default\">\n\t\t\t\t<div class=\"elementor-widget-container\">\n\t\t\t\t\t\t\t\t\t<p>In crises and disasters, people with disabilities are often the last to receive information and the last to receive help.<\/p>\t\t\t\t\t\t\t\t<\/div>\n\t\t\t\t<\/div>\n\t\t\t\t<div class=\"elementor-element elementor-element-2829dee elementor-widget elementor-widget-button\" data-id=\"2829dee\" data-element_type=\"widget\" data-e-type=\"widget\" data-widget_type=\"button.default\">\n\t\t\t\t<div class=\"elementor-widget-container\">\n\t\t\t\t\t\t\t\t\t<div class=\"elementor-button-wrapper\">\n\t\t\t\t\t<a class=\"elementor-button elementor-button-link elementor-size-sm\" href=\"https:\/\/myright.se\/en\/sarskilt-utsatta-men-bortglomda-i-krisberedskap\/\" target=\"_blank\">\n\t\t\t\t\t\t<span class=\"elementor-button-content-wrapper\">\n\t\t\t\t\t\t<span class=\"elementor-button-icon\">\n\t\t\t\t<i aria-hidden=\"true\" class=\"fas fa-angle-right\"><\/i>\t\t\t<\/span>\n\t\t\t\t\t\t\t\t\t<span class=\"elementor-button-text\">Read more<\/span>\n\t\t\t\t\t<\/span>\n\t\t\t\t\t<\/a>\n\t\t\t\t<\/div>\n\t\t\t\t\t\t\t\t<\/div>\n\t\t\t\t<\/div>\n\t\t\t\t\t<\/div>\n\t\t<\/div>\n\t\t\t\t<div class=\"elementor-column elementor-col-50 elementor-top-column elementor-element elementor-element-95b0f0b\" data-id=\"95b0f0b\" data-element_type=\"column\" data-e-type=\"column\">\n\t\t\t<div class=\"elementor-widget-wrap elementor-element-populated\">\n\t\t\t\t\t\t<div class=\"elementor-element elementor-element-b3ab9c1 elementor-widget elementor-widget-image\" data-id=\"b3ab9c1\" data-element_type=\"widget\" data-e-type=\"widget\" data-widget_type=\"image.default\">\n\t\t\t\t<div class=\"elementor-widget-container\">\n\t\t\t\t\t\t\t\t\t\t\t\t\t\t\t<img loading=\"lazy\" decoding=\"async\" width=\"580\" height=\"387\" src=\"https:\/\/myright.se\/wp-content\/uploads\/2022\/01\/Peace-for-All-seminar-3-1024x683.jpg\" class=\"attachment-large size-large wp-image-19167\" alt=\"Two young women in wheelchairs sitting next to each other, we see their backs\" srcset=\"https:\/\/myright.se\/wp-content\/uploads\/2022\/01\/Peace-for-All-seminar-3-1024x683.jpg 1024w, https:\/\/myright.se\/wp-content\/uploads\/2022\/01\/Peace-for-All-seminar-3-300x200.jpg 300w, https:\/\/myright.se\/wp-content\/uploads\/2022\/01\/Peace-for-All-seminar-3-768x513.jpg 768w, https:\/\/myright.se\/wp-content\/uploads\/2022\/01\/Peace-for-All-seminar-3-1536x1025.jpg 1536w, https:\/\/myright.se\/wp-content\/uploads\/2022\/01\/Peace-for-All-seminar-3-2048x1367.jpg 2048w, https:\/\/myright.se\/wp-content\/uploads\/2022\/01\/Peace-for-All-seminar-3-18x12.jpg 18w, https:\/\/myright.se\/wp-content\/uploads\/2022\/01\/Peace-for-All-seminar-3-1200x801.jpg 1200w, https:\/\/myright.se\/wp-content\/uploads\/2022\/01\/Peace-for-All-seminar-3-1980x1321.jpg 1980w, https:\/\/myright.se\/wp-content\/uploads\/2022\/01\/Peace-for-All-seminar-3-600x400.jpg 600w\" sizes=\"(max-width: 580px) 100vw, 580px\" \/>\t\t\t\t\t\t\t\t\t\t\t\t\t\t\t<\/div>\n\t\t\t\t<\/div>\n\t\t\t\t<div class=\"elementor-element elementor-element-0b42145 elementor-widget elementor-widget-heading\" data-id=\"0b42145\" data-element_type=\"widget\" data-e-type=\"widget\" data-widget_type=\"heading.default\">\n\t\t\t\t<div class=\"elementor-widget-container\">\n\t\t\t\t\t<h2 class=\"elementor-heading-title elementor-size-default\">Excluded from decision-making and influence processes<\/h2>\t\t\t\t<\/div>\n\t\t\t\t<\/div>\n\t\t\t\t<div class=\"elementor-element elementor-element-41971df elementor-widget elementor-widget-text-editor\" data-id=\"41971df\" data-element_type=\"widget\" data-e-type=\"widget\" data-widget_type=\"text-editor.default\">\n\t\t\t\t<div class=\"elementor-widget-container\">\n\t\t\t\t\t\t\t\t\t<p>People with disabilities are disproportionately affected by climate change but are excluded from decision-making processes.\u00a0<\/p>\t\t\t\t\t\t\t\t<\/div>\n\t\t\t\t<\/div>\n\t\t\t\t<div class=\"elementor-element elementor-element-d3e9bc6 elementor-widget elementor-widget-button\" data-id=\"d3e9bc6\" data-element_type=\"widget\" data-e-type=\"widget\" data-widget_type=\"button.default\">\n\t\t\t\t<div class=\"elementor-widget-container\">\n\t\t\t\t\t\t\t\t\t<div class=\"elementor-button-wrapper\">\n\t\t\t\t\t<a class=\"elementor-button elementor-button-link elementor-size-sm\" href=\"https:\/\/myright.se\/en\/uteslutna-fran-besluts-och-paverkansprocesser\/\" target=\"_blank\">\n\t\t\t\t\t\t<span class=\"elementor-button-content-wrapper\">\n\t\t\t\t\t\t<span class=\"elementor-button-icon\">\n\t\t\t\t<i aria-hidden=\"true\" class=\"fas fa-angle-right\"><\/i>\t\t\t<\/span>\n\t\t\t\t\t\t\t\t\t<span class=\"elementor-button-text\">Read more<\/span>\n\t\t\t\t\t<\/span>\n\t\t\t\t\t<\/a>\n\t\t\t\t<\/div>\n\t\t\t\t\t\t\t\t<\/div>\n\t\t\t\t<\/div>\n\t\t\t\t\t<\/div>\n\t\t<\/div>\n\t\t\t\t\t<\/div>\n\t\t<\/section>\n\t\t\t\t<section class=\"elementor-section elementor-top-section elementor-element elementor-element-2d60ae0 elementor-section-stretched elementor-section-boxed elementor-section-height-default elementor-section-height-default\" data-id=\"2d60ae0\" data-element_type=\"section\" data-e-type=\"section\" data-settings=\"{&quot;stretch_section&quot;:&quot;section-stretched&quot;,&quot;background_background&quot;:&quot;classic&quot;}\">\n\t\t\t\t\t\t<div class=\"elementor-container elementor-column-gap-wider\">\n\t\t\t\t\t<div class=\"elementor-column elementor-col-66 elementor-top-column elementor-element elementor-element-8a275e9\" data-id=\"8a275e9\" data-element_type=\"column\" data-e-type=\"column\">\n\t\t\t<div class=\"elementor-widget-wrap elementor-element-populated\">\n\t\t\t\t\t\t<div class=\"elementor-element elementor-element-9900d43 elementor-widget elementor-widget-heading\" data-id=\"9900d43\" data-element_type=\"widget\" data-e-type=\"widget\" data-widget_type=\"heading.default\">\n\t\t\t\t<div class=\"elementor-widget-container\">\n\t\t\t\t\t<h2 class=\"elementor-heading-title elementor-size-default\">Movie: Global Goals <\/h2>\t\t\t\t<\/div>\n\t\t\t\t<\/div>\n\t\t\t\t<div class=\"elementor-element elementor-element-1ba6198 elementor-widget elementor-widget-video\" data-id=\"1ba6198\" data-element_type=\"widget\" data-e-type=\"widget\" data-settings=\"{&quot;youtube_url&quot;:&quot;https:\\\/\\\/www.youtube.com\\\/watch?v=wWuPwEciuM4&amp;t=1s&quot;,&quot;yt_privacy&quot;:&quot;yes&quot;,&quot;video_type&quot;:&quot;youtube&quot;,&quot;controls&quot;:&quot;yes&quot;}\" data-widget_type=\"video.default\">\n\t\t\t\t<div class=\"elementor-widget-container\">\n\t\t\t\t\t\t\t<div class=\"elementor-wrapper elementor-open-inline\">\n\t\t\t<div class=\"elementor-video\"><\/div>\t\t<\/div>\n\t\t\t\t\t\t<\/div>\n\t\t\t\t<\/div>\n\t\t\t\t\t<\/div>\n\t\t<\/div>\n\t\t\t\t<div class=\"elementor-column elementor-col-33 elementor-top-column elementor-element elementor-element-360b70e\" data-id=\"360b70e\" data-element_type=\"column\" data-e-type=\"column\" data-settings=\"{&quot;background_background&quot;:&quot;classic&quot;}\">\n\t\t\t<div class=\"elementor-widget-wrap elementor-element-populated\">\n\t\t\t\t\t\t<div class=\"elementor-element elementor-element-34ad6e6 elementor-widget elementor-widget-heading\" data-id=\"34ad6e6\" data-element_type=\"widget\" data-e-type=\"widget\" data-widget_type=\"heading.default\">\n\t\t\t\t<div class=\"elementor-widget-container\">\n\t\t\t\t\t<h2 class=\"elementor-heading-title elementor-size-default\">Disability and the global goals<\/h2>\t\t\t\t<\/div>\n\t\t\t\t<\/div>\n\t\t\t\t<div class=\"elementor-element elementor-element-f5e5dca elementor-widget elementor-widget-text-editor\" data-id=\"f5e5dca\" data-element_type=\"widget\" data-e-type=\"widget\" data-widget_type=\"text-editor.default\">\n\t\t\t\t<div class=\"elementor-widget-container\">\n\t\t\t\t\t\t\t\t\t<p>Global goals are the most ambitious sustainable development agenda that the countries of the world have ever adopted. Disability is mentioned 11 times in the Global Goals and 7 of the 17 Goals have explicit references to disability.<\/p><p>Global goals must solve the climate crisis by 2030, and in order for this to be possible, people with disabilities must be included in the work.\u00a0<\/p>\t\t\t\t\t\t\t\t<\/div>\n\t\t\t\t<\/div>\n\t\t\t\t\t<\/div>\n\t\t<\/div>\n\t\t\t\t\t<\/div>\n\t\t<\/section>\n\t\t\t\t<section class=\"elementor-section elementor-top-section elementor-element elementor-element-3dc27d6 elementor-section-boxed elementor-section-height-default elementor-section-height-default\" data-id=\"3dc27d6\" data-element_type=\"section\" data-e-type=\"section\" data-settings=\"{&quot;background_background&quot;:&quot;classic&quot;}\">\n\t\t\t\t\t\t<div class=\"elementor-container elementor-column-gap-default\">\n\t\t\t\t\t<div class=\"elementor-column elementor-col-100 elementor-top-column elementor-element elementor-element-206db4a\" data-id=\"206db4a\" data-element_type=\"column\" data-e-type=\"column\">\n\t\t\t<div class=\"elementor-widget-wrap elementor-element-populated\">\n\t\t\t\t\t\t<div class=\"elementor-element elementor-element-f7fed9d elementor-widget elementor-widget-heading\" data-id=\"f7fed9d\" data-element_type=\"widget\" data-e-type=\"widget\" data-widget_type=\"heading.default\">\n\t\t\t\t<div class=\"elementor-widget-container\">\n\t\t\t\t\t<h2 class=\"elementor-heading-title elementor-size-default\">Here's how you can contribute<\/h2>\t\t\t\t<\/div>\n\t\t\t\t<\/div>\n\t\t\t\t\t<\/div>\n\t\t<\/div>\n\t\t\t\t\t<\/div>\n\t\t<\/section>\n\t\t\t\t<section class=\"elementor-section elementor-top-section elementor-element elementor-element-2bee496 elementor-section-boxed elementor-section-height-default elementor-section-height-default\" data-id=\"2bee496\" data-element_type=\"section\" data-e-type=\"section\" data-settings=\"{&quot;background_background&quot;:&quot;classic&quot;}\">\n\t\t\t\t\t\t<div class=\"elementor-container elementor-column-gap-narrow\">\n\t\t\t\t\t<div class=\"elementor-column elementor-col-50 elementor-top-column elementor-element elementor-element-345e48e\" data-id=\"345e48e\" data-element_type=\"column\" data-e-type=\"column\" data-settings=\"{&quot;background_background&quot;:&quot;classic&quot;}\">\n\t\t\t<div class=\"elementor-widget-wrap elementor-element-populated\">\n\t\t\t\t\t\t<div class=\"elementor-element elementor-element-d5a7bd9 elementor-icon-list--layout-traditional elementor-list-item-link-full_width elementor-widget elementor-widget-icon-list\" data-id=\"d5a7bd9\" data-element_type=\"widget\" data-e-type=\"widget\" data-widget_type=\"icon-list.default\">\n\t\t\t\t<div class=\"elementor-widget-container\">\n\t\t\t\t\t\t\t<ul class=\"elementor-icon-list-items\">\n\t\t\t\t\t\t\t<li class=\"elementor-icon-list-item\">\n\t\t\t\t\t\t\t\t\t\t\t<span class=\"elementor-icon-list-icon\">\n\t\t\t\t\t\t\t<i aria-hidden=\"true\" class=\"fas fa-thumbs-up\"><\/i>\t\t\t\t\t\t<\/span>\n\t\t\t\t\t\t\t\t\t\t<span class=\"elementor-icon-list-text\">Follow MyRight on social media<\/span>\n\t\t\t\t\t\t\t\t\t<\/li>\n\t\t\t\t\t\t<\/ul>\n\t\t\t\t\t\t<\/div>\n\t\t\t\t<\/div>\n\t\t\t\t<div class=\"elementor-element elementor-element-2bd50dc elementor-widget elementor-widget-text-editor\" data-id=\"2bd50dc\" data-element_type=\"widget\" data-e-type=\"widget\" data-widget_type=\"text-editor.default\">\n\t\t\t\t<div class=\"elementor-widget-container\">\n\t\t\t\t\t\t\t\t\t<p>Share our posts and spread knowledge to others.<\/p>\t\t\t\t\t\t\t\t<\/div>\n\t\t\t\t<\/div>\n\t\t\t\t<div class=\"elementor-element elementor-element-e7f3a03 elementor-icon-list--layout-traditional elementor-list-item-link-full_width elementor-widget elementor-widget-icon-list\" data-id=\"e7f3a03\" data-element_type=\"widget\" data-e-type=\"widget\" data-widget_type=\"icon-list.default\">\n\t\t\t\t<div class=\"elementor-widget-container\">\n\t\t\t\t\t\t\t<ul class=\"elementor-icon-list-items\">\n\t\t\t\t\t\t\t<li class=\"elementor-icon-list-item\">\n\t\t\t\t\t\t\t\t\t\t\t<span class=\"elementor-icon-list-icon\">\n\t\t\t\t\t\t\t<i aria-hidden=\"true\" class=\"fas fa-hand-holding-heart\"><\/i>\t\t\t\t\t\t<\/span>\n\t\t\t\t\t\t\t\t\t\t<span class=\"elementor-icon-list-text\">Contribute financially to MyRight's work<\/span>\n\t\t\t\t\t\t\t\t\t<\/li>\n\t\t\t\t\t\t<\/ul>\n\t\t\t\t\t\t<\/div>\n\t\t\t\t<\/div>\n\t\t\t\t<div class=\"elementor-element elementor-element-bdd6cee elementor-widget elementor-widget-text-editor\" data-id=\"bdd6cee\" data-element_type=\"widget\" data-e-type=\"widget\" data-widget_type=\"text-editor.default\">\n\t\t\t\t<div class=\"elementor-widget-container\">\n\t\t\t\t\t\t\t\t\t<p>MyRight is the only organization in Sweden that works exclusively for the rights of persons with disabilities and poverty reduction. We are a non-profit organization and need your support to continue working for persons with disabilities. Every contribution makes a difference.<\/p>\t\t\t\t\t\t\t\t<\/div>\n\t\t\t\t<\/div>\n\t\t\t\t\t<\/div>\n\t\t<\/div>\n\t\t\t\t<div class=\"elementor-column elementor-col-50 elementor-top-column elementor-element elementor-element-d1218b1\" data-id=\"d1218b1\" data-element_type=\"column\" data-e-type=\"column\">\n\t\t\t<div class=\"elementor-widget-wrap elementor-element-populated\">\n\t\t\t\t\t\t<div class=\"elementor-element elementor-element-a12ea19 elementor-icon-list--layout-traditional elementor-list-item-link-full_width elementor-widget elementor-widget-icon-list\" data-id=\"a12ea19\" data-element_type=\"widget\" data-e-type=\"widget\" data-widget_type=\"icon-list.default\">\n\t\t\t\t<div class=\"elementor-widget-container\">\n\t\t\t\t\t\t\t<ul class=\"elementor-icon-list-items\">\n\t\t\t\t\t\t\t<li class=\"elementor-icon-list-item\">\n\t\t\t\t\t\t\t\t\t\t\t<span class=\"elementor-icon-list-icon\">\n\t\t\t\t\t\t\t<i aria-hidden=\"true\" class=\"fas fa-globe\"><\/i>\t\t\t\t\t\t<\/span>\n\t\t\t\t\t\t\t\t\t\t<span class=\"elementor-icon-list-text\">Learn more and tell others<\/span>\n\t\t\t\t\t\t\t\t\t<\/li>\n\t\t\t\t\t\t<\/ul>\n\t\t\t\t\t\t<\/div>\n\t\t\t\t<\/div>\n\t\t\t\t<div class=\"elementor-element elementor-element-1adbb4d elementor-widget elementor-widget-text-editor\" data-id=\"1adbb4d\" data-element_type=\"widget\" data-e-type=\"widget\" data-widget_type=\"text-editor.default\">\n\t\t\t\t<div class=\"elementor-widget-container\">\n\t\t\t\t\t\t\t\t\t<p>Read more on our website or take part in our information material such as reports and films. To change the world requires knowledge and commitment.<\/p>\t\t\t\t\t\t\t\t<\/div>\n\t\t\t\t<\/div>\n\t\t\t\t<div class=\"elementor-element elementor-element-c59d66f elementor-icon-list--layout-traditional elementor-list-item-link-full_width elementor-widget elementor-widget-icon-list\" data-id=\"c59d66f\" data-element_type=\"widget\" data-e-type=\"widget\" data-widget_type=\"icon-list.default\">\n\t\t\t\t<div class=\"elementor-widget-container\">\n\t\t\t\t\t\t\t<ul class=\"elementor-icon-list-items\">\n\t\t\t\t\t\t\t<li class=\"elementor-icon-list-item\">\n\t\t\t\t\t\t\t\t\t\t\t<span class=\"elementor-icon-list-icon\">\n\t\t\t\t\t\t\t<i aria-hidden=\"true\" class=\"fas fa-question\"><\/i>\t\t\t\t\t\t<\/span>\n\t\t\t\t\t\t\t\t\t\t<span class=\"elementor-icon-list-text\">Ask how others work<\/span>\n\t\t\t\t\t\t\t\t\t<\/li>\n\t\t\t\t\t\t<\/ul>\n\t\t\t\t\t\t<\/div>\n\t\t\t\t<\/div>\n\t\t\t\t<div class=\"elementor-element elementor-element-19bdb78 elementor-widget elementor-widget-text-editor\" data-id=\"19bdb78\" data-element_type=\"widget\" data-e-type=\"widget\" data-widget_type=\"text-editor.default\">\n\t\t\t\t<div class=\"elementor-widget-container\">\n\t\t\t\t\t\t\t\t\t<p>If you want to support another organization - ask how they work to safeguard the rights of people with disabilities. Can they promise that persons with disabilities will also be able to take part in their efforts?<\/p>\t\t\t\t\t\t\t\t<\/div>\n\t\t\t\t<\/div>\n\t\t\t\t\t<\/div>\n\t\t<\/div>\n\t\t\t\t\t<\/div>\n\t\t<\/section>\n\t\t\t\t<\/div>","protected":false},"excerpt":{"rendered":"<p>Milj\u00f6 och klimat ur ett funktionsr\u00e4ttsperspektiv Trots att personer med funktionsneds\u00e4ttning p\u00e5verkas s\u00e4rskilt h\u00e5rt av klimatf\u00f6r\u00e4ndringarna saknas i stort sett alltid ett funktionsr\u00e4ttsperspektiv i klimatfr\u00e5gor. Personer med funktionsneds\u00e4ttning \u00e4r i stort sett aldrig inkluderade i arbetet f\u00f6r ett b\u00e4ttre klimat och information om klimatf\u00f6r\u00e4ndringar finns s\u00e4llan i tillg\u00e4ngliga format. Det kan f\u00e5 f\u00f6r\u00f6dande konsekvenser.\u00a0 Klimatf\u00f6r\u00e4ndringarnas [&hellip;]<\/p>\n","protected":false},"author":2,"featured_media":18173,"parent":12,"menu_order":0,"comment_status":"closed","ping_status":"closed","template":"","meta":{"footnotes":""},"class_list":["post-19118","page","type-page","status-publish","has-post-thumbnail","hentry"],"yoast_head":"<!-- This site is optimized with the Yoast SEO plugin v27.5 - https:\/\/yoast.com\/product\/yoast-seo-wordpress\/ -->\n<title>Milj\u00f6 och klimat - MyRight<\/title>\n<meta name=\"robots\" content=\"index, follow, max-snippet:-1, max-image-preview:large, max-video-preview:-1\" \/>\n<link rel=\"canonical\" href=\"https:\/\/myright.se\/en\/what-we-do\/environment-and-climate\/\" \/>\n<meta property=\"og:locale\" content=\"en_GB\" \/>\n<meta property=\"og:type\" content=\"article\" \/>\n<meta property=\"og:title\" content=\"Milj\u00f6 och klimat - MyRight\" \/>\n<meta property=\"og:description\" content=\"Milj\u00f6 och klimat ur ett funktionsr\u00e4ttsperspektiv Trots att personer med funktionsneds\u00e4ttning p\u00e5verkas s\u00e4rskilt h\u00e5rt av klimatf\u00f6r\u00e4ndringarna saknas i stort sett alltid ett funktionsr\u00e4ttsperspektiv i klimatfr\u00e5gor. Personer med funktionsneds\u00e4ttning \u00e4r i stort sett aldrig inkluderade i arbetet f\u00f6r ett b\u00e4ttre klimat och information om klimatf\u00f6r\u00e4ndringar finns s\u00e4llan i tillg\u00e4ngliga format. Det kan f\u00e5 f\u00f6r\u00f6dande konsekvenser.\u00a0 Klimatf\u00f6r\u00e4ndringarnas [&hellip;]\" \/>\n<meta property=\"og:url\" content=\"https:\/\/myright.se\/en\/what-we-do\/environment-and-climate\/\" \/>\n<meta property=\"og:site_name\" content=\"MyRight\" \/>\n<meta property=\"article:modified_time\" content=\"2025-08-08T07:47:23+00:00\" \/>\n<meta property=\"og:image\" content=\"https:\/\/myright.se\/wp-content\/uploads\/2021\/11\/pexels-markus-spiske-3039036-scaled.jpg\" \/>\n\t<meta property=\"og:image:width\" content=\"2560\" \/>\n\t<meta property=\"og:image:height\" content=\"1707\" \/>\n\t<meta property=\"og:image:type\" content=\"image\/jpeg\" \/>\n<meta name=\"twitter:card\" content=\"summary_large_image\" \/>\n<meta name=\"twitter:label1\" content=\"Estimated reading time\" \/>\n\t<meta name=\"twitter:data1\" content=\"5 minutes\" \/>\n<script type=\"application\/ld+json\" class=\"yoast-schema-graph\">{\"@context\":\"https:\\\/\\\/schema.org\",\"@graph\":[{\"@type\":\"WebPage\",\"@id\":\"https:\\\/\\\/myright.se\\\/vart-arbete\\\/miljo-och-klimat\\\/\",\"url\":\"https:\\\/\\\/myright.se\\\/vart-arbete\\\/miljo-och-klimat\\\/\",\"name\":\"Milj\u00f6 och klimat - MyRight\",\"isPartOf\":{\"@id\":\"https:\\\/\\\/myright.se\\\/#website\"},\"primaryImageOfPage\":{\"@id\":\"https:\\\/\\\/myright.se\\\/vart-arbete\\\/miljo-och-klimat\\\/#primaryimage\"},\"image\":{\"@id\":\"https:\\\/\\\/myright.se\\\/vart-arbete\\\/miljo-och-klimat\\\/#primaryimage\"},\"thumbnailUrl\":\"https:\\\/\\\/myright.se\\\/wp-content\\\/uploads\\\/2021\\\/11\\\/pexels-markus-spiske-3039036-scaled.jpg\",\"datePublished\":\"2022-01-10T08:08:45+00:00\",\"dateModified\":\"2025-08-08T07:47:23+00:00\",\"breadcrumb\":{\"@id\":\"https:\\\/\\\/myright.se\\\/vart-arbete\\\/miljo-och-klimat\\\/#breadcrumb\"},\"inLanguage\":\"en-GB\",\"potentialAction\":[{\"@type\":\"ReadAction\",\"target\":[\"https:\\\/\\\/myright.se\\\/vart-arbete\\\/miljo-och-klimat\\\/\"]}]},{\"@type\":\"ImageObject\",\"inLanguage\":\"en-GB\",\"@id\":\"https:\\\/\\\/myright.se\\\/vart-arbete\\\/miljo-och-klimat\\\/#primaryimage\",\"url\":\"https:\\\/\\\/myright.se\\\/wp-content\\\/uploads\\\/2021\\\/11\\\/pexels-markus-spiske-3039036-scaled.jpg\",\"contentUrl\":\"https:\\\/\\\/myright.se\\\/wp-content\\\/uploads\\\/2021\\\/11\\\/pexels-markus-spiske-3039036-scaled.jpg\",\"width\":2560,\"height\":1707,\"caption\":\"skylt med texten one world och en bild p\u00e5 jorden\"},{\"@type\":\"BreadcrumbList\",\"@id\":\"https:\\\/\\\/myright.se\\\/vart-arbete\\\/miljo-och-klimat\\\/#breadcrumb\",\"itemListElement\":[{\"@type\":\"ListItem\",\"position\":1,\"name\":\"Hem\",\"item\":\"https:\\\/\\\/myright.se\\\/\"},{\"@type\":\"ListItem\",\"position\":2,\"name\":\"V\u00e5rt arbete\",\"item\":\"https:\\\/\\\/myright.se\\\/vart-arbete\\\/\"},{\"@type\":\"ListItem\",\"position\":3,\"name\":\"Milj\u00f6 och klimat\"}]},{\"@type\":\"WebSite\",\"@id\":\"https:\\\/\\\/myright.se\\\/#website\",\"url\":\"https:\\\/\\\/myright.se\\\/\",\"name\":\"MyRight\",\"description\":\"\",\"publisher\":{\"@id\":\"https:\\\/\\\/myright.se\\\/#organization\"},\"potentialAction\":[{\"@type\":\"SearchAction\",\"target\":{\"@type\":\"EntryPoint\",\"urlTemplate\":\"https:\\\/\\\/myright.se\\\/?s={search_term_string}\"},\"query-input\":{\"@type\":\"PropertyValueSpecification\",\"valueRequired\":true,\"valueName\":\"search_term_string\"}}],\"inLanguage\":\"en-GB\"},{\"@type\":\"Organization\",\"@id\":\"https:\\\/\\\/myright.se\\\/#organization\",\"name\":\"MyRight\",\"url\":\"https:\\\/\\\/myright.se\\\/\",\"logo\":{\"@type\":\"ImageObject\",\"inLanguage\":\"en-GB\",\"@id\":\"https:\\\/\\\/myright.se\\\/#\\\/schema\\\/logo\\\/image\\\/\",\"url\":\"https:\\\/\\\/myright.se\\\/wp-content\\\/uploads\\\/2020\\\/02\\\/Myright_logo_no_text_bredvid.png\",\"contentUrl\":\"https:\\\/\\\/myright.se\\\/wp-content\\\/uploads\\\/2020\\\/02\\\/Myright_logo_no_text_bredvid.png\",\"width\":2751,\"height\":816,\"caption\":\"MyRight\"},\"image\":{\"@id\":\"https:\\\/\\\/myright.se\\\/#\\\/schema\\\/logo\\\/image\\\/\"}}]}<\/script>\n<!-- \/ Yoast SEO plugin. -->","yoast_head_json":{"title":"Environment and climate - MyRight","robots":{"index":"index","follow":"follow","max-snippet":"max-snippet:-1","max-image-preview":"max-image-preview:large","max-video-preview":"max-video-preview:-1"},"canonical":"https:\/\/myright.se\/en\/what-we-do\/environment-and-climate\/","og_locale":"en_GB","og_type":"article","og_title":"Milj\u00f6 och klimat - MyRight","og_description":"Milj\u00f6 och klimat ur ett funktionsr\u00e4ttsperspektiv Trots att personer med funktionsneds\u00e4ttning p\u00e5verkas s\u00e4rskilt h\u00e5rt av klimatf\u00f6r\u00e4ndringarna saknas i stort sett alltid ett funktionsr\u00e4ttsperspektiv i klimatfr\u00e5gor. Personer med funktionsneds\u00e4ttning \u00e4r i stort sett aldrig inkluderade i arbetet f\u00f6r ett b\u00e4ttre klimat och information om klimatf\u00f6r\u00e4ndringar finns s\u00e4llan i tillg\u00e4ngliga format. Det kan f\u00e5 f\u00f6r\u00f6dande konsekvenser.\u00a0 Klimatf\u00f6r\u00e4ndringarnas [&hellip;]","og_url":"https:\/\/myright.se\/en\/what-we-do\/environment-and-climate\/","og_site_name":"MyRight","article_modified_time":"2025-08-08T07:47:23+00:00","og_image":[{"width":2560,"height":1707,"url":"https:\/\/myright.se\/wp-content\/uploads\/2021\/11\/pexels-markus-spiske-3039036-scaled.jpg","type":"image\/jpeg"}],"twitter_card":"summary_large_image","twitter_misc":{"Estimated reading time":"5 minutes"},"schema":{"@context":"https:\/\/schema.org","@graph":[{"@type":"WebPage","@id":"https:\/\/myright.se\/vart-arbete\/miljo-och-klimat\/","url":"https:\/\/myright.se\/vart-arbete\/miljo-och-klimat\/","name":"Environment and climate - MyRight","isPartOf":{"@id":"https:\/\/myright.se\/#website"},"primaryImageOfPage":{"@id":"https:\/\/myright.se\/vart-arbete\/miljo-och-klimat\/#primaryimage"},"image":{"@id":"https:\/\/myright.se\/vart-arbete\/miljo-och-klimat\/#primaryimage"},"thumbnailUrl":"https:\/\/myright.se\/wp-content\/uploads\/2021\/11\/pexels-markus-spiske-3039036-scaled.jpg","datePublished":"2022-01-10T08:08:45+00:00","dateModified":"2025-08-08T07:47:23+00:00","breadcrumb":{"@id":"https:\/\/myright.se\/vart-arbete\/miljo-och-klimat\/#breadcrumb"},"inLanguage":"en-GB","potentialAction":[{"@type":"ReadAction","target":["https:\/\/myright.se\/vart-arbete\/miljo-och-klimat\/"]}]},{"@type":"ImageObject","inLanguage":"en-GB","@id":"https:\/\/myright.se\/vart-arbete\/miljo-och-klimat\/#primaryimage","url":"https:\/\/myright.se\/wp-content\/uploads\/2021\/11\/pexels-markus-spiske-3039036-scaled.jpg","contentUrl":"https:\/\/myright.se\/wp-content\/uploads\/2021\/11\/pexels-markus-spiske-3039036-scaled.jpg","width":2560,"height":1707,"caption":"skylt med texten one world och en bild p\u00e5 jorden"},{"@type":"BreadcrumbList","@id":"https:\/\/myright.se\/vart-arbete\/miljo-och-klimat\/#breadcrumb","itemListElement":[{"@type":"ListItem","position":1,"name":"Hem","item":"https:\/\/myright.se\/"},{"@type":"ListItem","position":2,"name":"V\u00e5rt arbete","item":"https:\/\/myright.se\/vart-arbete\/"},{"@type":"ListItem","position":3,"name":"Milj\u00f6 och klimat"}]},{"@type":"WebSite","@id":"https:\/\/myright.se\/#website","url":"https:\/\/myright.se\/","name":"MyRight","description":"","publisher":{"@id":"https:\/\/myright.se\/#organization"},"potentialAction":[{"@type":"SearchAction","target":{"@type":"EntryPoint","urlTemplate":"https:\/\/myright.se\/?s={search_term_string}"},"query-input":{"@type":"PropertyValueSpecification","valueRequired":true,"valueName":"search_term_string"}}],"inLanguage":"en-GB"},{"@type":"Organization","@id":"https:\/\/myright.se\/#organization","name":"MyRight","url":"https:\/\/myright.se\/","logo":{"@type":"ImageObject","inLanguage":"en-GB","@id":"https:\/\/myright.se\/#\/schema\/logo\/image\/","url":"https:\/\/myright.se\/wp-content\/uploads\/2020\/02\/Myright_logo_no_text_bredvid.png","contentUrl":"https:\/\/myright.se\/wp-content\/uploads\/2020\/02\/Myright_logo_no_text_bredvid.png","width":2751,"height":816,"caption":"MyRight"},"image":{"@id":"https:\/\/myright.se\/#\/schema\/logo\/image\/"}}]}},"_links":{"self":[{"href":"https:\/\/myright.se\/en\/wp-json\/wp\/v2\/pages\/19118","targetHints":{"allow":["GET"]}}],"collection":[{"href":"https:\/\/myright.se\/en\/wp-json\/wp\/v2\/pages"}],"about":[{"href":"https:\/\/myright.se\/en\/wp-json\/wp\/v2\/types\/page"}],"author":[{"embeddable":true,"href":"https:\/\/myright.se\/en\/wp-json\/wp\/v2\/users\/2"}],"replies":[{"embeddable":true,"href":"https:\/\/myright.se\/en\/wp-json\/wp\/v2\/comments?post=19118"}],"version-history":[{"count":100,"href":"https:\/\/myright.se\/en\/wp-json\/wp\/v2\/pages\/19118\/revisions"}],"predecessor-version":[{"id":29248,"href":"https:\/\/myright.se\/en\/wp-json\/wp\/v2\/pages\/19118\/revisions\/29248"}],"up":[{"embeddable":true,"href":"https:\/\/myright.se\/en\/wp-json\/wp\/v2\/pages\/12"}],"wp:featuredmedia":[{"embeddable":true,"href":"https:\/\/myright.se\/en\/wp-json\/wp\/v2\/media\/18173"}],"wp:attachment":[{"href":"https:\/\/myright.se\/en\/wp-json\/wp\/v2\/media?parent=19118"}],"curies":[{"name":"wp","href":"https:\/\/api.w.org\/{rel}","templated":true}]}}