{"id":1378,"date":"2019-07-05T13:06:19","date_gmt":"2019-07-05T13:06:19","guid":{"rendered":"http:\/\/myright.se\/?page_id=1378"},"modified":"2024-02-14T10:46:03","modified_gmt":"2024-02-14T09:46:03","slug":"topico","status":"publish","type":"page","link":"https:\/\/myright.se\/es\/om-myright\/aktuellt\/","title":{"rendered":"Actualmente"},"content":{"rendered":"\t\t<div data-elementor-type=\"wp-page\" data-elementor-id=\"1378\" class=\"elementor elementor-1378\" data-elementor-post-type=\"page\">\n\t\t\t\t\t\t<section class=\"elementor-section elementor-top-section elementor-element elementor-element-6a5488c elementor-section-boxed elementor-section-height-default elementor-section-height-default\" data-id=\"6a5488c\" data-element_type=\"section\" data-e-type=\"section\" data-settings=\"{&quot;background_background&quot;:&quot;classic&quot;}\">\n\t\t\t\t\t\t<div class=\"elementor-container elementor-column-gap-default\">\n\t\t\t\t\t<div class=\"elementor-column elementor-col-100 elementor-top-column elementor-element elementor-element-30696bc\" data-id=\"30696bc\" data-element_type=\"column\" data-e-type=\"column\">\n\t\t\t<div class=\"elementor-widget-wrap elementor-element-populated\">\n\t\t\t\t\t\t<div class=\"elementor-element elementor-element-bcc8b3c elementor-widget elementor-widget-breadcrumbs\" data-id=\"bcc8b3c\" data-element_type=\"widget\" data-e-type=\"widget\" data-widget_type=\"breadcrumbs.default\">\n\t\t\t\t<div class=\"elementor-widget-container\">\n\t\t\t\t\t<p id=\"breadcrumbs\"><span><span><a href=\"https:\/\/myright.se\/\">Hem<\/a><\/span><\/span><\/p>\t\t\t\t<\/div>\n\t\t\t\t<\/div>\n\t\t\t\t\t<\/div>\n\t\t<\/div>\n\t\t\t\t\t<\/div>\n\t\t<\/section>\n\t\t\t\t<section class=\"elementor-section elementor-top-section elementor-element elementor-element-b6e323e elementor-section-boxed elementor-section-height-default elementor-section-height-default\" data-id=\"b6e323e\" data-element_type=\"section\" data-e-type=\"section\" data-settings=\"{&quot;background_background&quot;:&quot;classic&quot;}\">\n\t\t\t\t\t\t<div class=\"elementor-container elementor-column-gap-default\">\n\t\t\t\t\t<div class=\"elementor-column elementor-col-100 elementor-top-column elementor-element elementor-element-ce9219e\" data-id=\"ce9219e\" data-element_type=\"column\" data-e-type=\"column\">\n\t\t\t<div class=\"elementor-widget-wrap elementor-element-populated\">\n\t\t\t\t\t\t<div class=\"elementor-element elementor-element-1a6a52c elementor-widget elementor-widget-heading\" data-id=\"1a6a52c\" data-element_type=\"widget\" data-e-type=\"widget\" data-widget_type=\"heading.default\">\n\t\t\t\t<div class=\"elementor-widget-container\">\n\t\t\t\t\t<h1 class=\"elementor-heading-title elementor-size-default\">Aktuellt<\/h1>\t\t\t\t<\/div>\n\t\t\t\t<\/div>\n\t\t\t\t<div class=\"elementor-element elementor-element-2c08f93 elementor-widget-divider--view-line elementor-widget elementor-widget-divider\" data-id=\"2c08f93\" data-element_type=\"widget\" data-e-type=\"widget\" data-widget_type=\"divider.default\">\n\t\t\t\t<div class=\"elementor-widget-container\">\n\t\t\t\t\t\t\t<div class=\"elementor-divider\">\n\t\t\t<span class=\"elementor-divider-separator\">\n\t\t\t\t\t\t<\/span>\n\t\t<\/div>\n\t\t\t\t\t\t<\/div>\n\t\t\t\t<\/div>\n\t\t\t\t\t<\/div>\n\t\t<\/div>\n\t\t\t\t\t<\/div>\n\t\t<\/section>\n\t\t\t\t<section class=\"elementor-section elementor-top-section elementor-element elementor-element-958a843 elementor-section-boxed elementor-section-height-default elementor-section-height-default\" data-id=\"958a843\" data-element_type=\"section\" data-e-type=\"section\" data-settings=\"{&quot;background_background&quot;:&quot;classic&quot;}\">\n\t\t\t\t\t\t<div class=\"elementor-container elementor-column-gap-default\">\n\t\t\t\t\t<div class=\"elementor-column elementor-col-100 elementor-top-column elementor-element elementor-element-5574f7d\" data-id=\"5574f7d\" data-element_type=\"column\" data-e-type=\"column\">\n\t\t\t<div class=\"elementor-widget-wrap elementor-element-populated\">\n\t\t\t\t\t\t<div class=\"elementor-element elementor-element-556d824 elementor-grid-3 elementor-grid-tablet-2 elementor-grid-mobile-1 elementor-posts--thumbnail-top elementor-card-shadow-yes elementor-posts__hover-gradient elementor-widget elementor-widget-posts\" data-id=\"556d824\" data-element_type=\"widget\" data-e-type=\"widget\" data-settings=\"{&quot;pagination_type&quot;:&quot;numbers_and_prev_next&quot;,&quot;cards_columns&quot;:&quot;3&quot;,&quot;cards_columns_tablet&quot;:&quot;2&quot;,&quot;cards_columns_mobile&quot;:&quot;1&quot;,&quot;cards_row_gap&quot;:{&quot;unit&quot;:&quot;px&quot;,&quot;size&quot;:35,&quot;sizes&quot;:[]},&quot;cards_row_gap_tablet&quot;:{&quot;unit&quot;:&quot;px&quot;,&quot;size&quot;:&quot;&quot;,&quot;sizes&quot;:[]},&quot;cards_row_gap_mobile&quot;:{&quot;unit&quot;:&quot;px&quot;,&quot;size&quot;:&quot;&quot;,&quot;sizes&quot;:[]}}\" data-widget_type=\"posts.cards\">\n\t\t\t\t<div class=\"elementor-widget-container\">\n\t\t\t\t\t\t\t<div class=\"elementor-posts-container elementor-posts elementor-posts--skin-cards elementor-grid\" role=\"list\">\n\t\t\t\t<article class=\"elementor-post elementor-grid-item post-31034 post type-post status-publish format-standard has-post-thumbnail hentry category-aktuellt\" role=\"listitem\">\n\t\t\t<div class=\"elementor-post__card\">\n\t\t\t\t<a class=\"elementor-post__thumbnail__link\" href=\"https:\/\/myright.se\/es\/fran-isolering-till-guldmedaljer-rasims-resa-genom-idrotten\/\" tabindex=\"-1\" target=\"_blank\"><div class=\"elementor-post__thumbnail\"><img fetchpriority=\"high\" decoding=\"async\" width=\"1024\" height=\"683\" src=\"https:\/\/myright.se\/wp-content\/uploads\/2026\/04\/l-bbf82b67d7f211b8df76867f91dfe69f-1741891538.jpg\" class=\"attachment-full size-full wp-image-31035\" alt=\"Rasim st\u00e5r utomhus och har en sportv\u00e4st p\u00e5 sig och m\u00f6ssa. Han biter glatt i en guldmedalj.\" srcset=\"https:\/\/myright.se\/wp-content\/uploads\/2026\/04\/l-bbf82b67d7f211b8df76867f91dfe69f-1741891538.jpg 1024w, https:\/\/myright.se\/wp-content\/uploads\/2026\/04\/l-bbf82b67d7f211b8df76867f91dfe69f-1741891538-300x200.jpg 300w, https:\/\/myright.se\/wp-content\/uploads\/2026\/04\/l-bbf82b67d7f211b8df76867f91dfe69f-1741891538-768x512.jpg 768w, https:\/\/myright.se\/wp-content\/uploads\/2026\/04\/l-bbf82b67d7f211b8df76867f91dfe69f-1741891538-18x12.jpg 18w, https:\/\/myright.se\/wp-content\/uploads\/2026\/04\/l-bbf82b67d7f211b8df76867f91dfe69f-1741891538-600x400.jpg 600w\" sizes=\"(max-width: 1024px) 100vw, 1024px\" \/><\/div><\/a>\n\t\t\t\t<div class=\"elementor-post__text\">\n\t\t\t\t<h2 class=\"elementor-post__title\">\n\t\t\t<a href=\"https:\/\/myright.se\/es\/fran-isolering-till-guldmedaljer-rasims-resa-genom-idrotten\/\" target=&quot;_blank&quot;>\n\t\t\t\tFr\u00e5n isolering till guldmedaljer \u2013 Rasims resa genom idrotten\t\t\t<\/a>\n\t\t<\/h2>\n\t\t\t\t<div class=\"elementor-post__excerpt\">\n\t\t\t\n<p>Fr\u00e5n ett isolerat liv till en passion f\u00f6r skid\u00e5kning. Med st\u00f6d fr\u00e5n organisationen OAZA har Rasim Bajri\u0107 hittat sin plats i v\u00e4rlden genom sporten. Han har g\u00e5tt fr\u00e5n att vara \u00e5sk\u00e5dare till att bli m\u00e4stare och vunnit inte bara medaljer, utan ocks\u00e5 sj\u00e4lvf\u00f6rtroende och nya v\u00e4nner. En inspirerande ber\u00e4ttelse som visar hur inkludering kan skapa verklig och varaktig f\u00f6r\u00e4ndring. <\/p>\n\t\t<\/div>\n\t\t\n\t\t<a class=\"elementor-post__read-more\" href=\"https:\/\/myright.se\/es\/fran-isolering-till-guldmedaljer-rasims-resa-genom-idrotten\/\" aria-label=\"M\u00e1s informaci\u00f3n sobre Fr\u00e5n isolering till guldmedaljer \u2013 Rasims resa genom idrotten\" tabindex=\"-1\" target=\"_blank\">\n\t\t\tL\u00e4s mer \u00bb\t\t<\/a>\n\n\t\t\t\t<\/div>\n\t\t\t\t<div class=\"elementor-post__meta-data\">\n\t\t\t\t\t<span class=\"elementor-post-date\">\n\t\t\tabril 16, 2026\t\t<\/span>\n\t\t\t\t<\/div>\n\t\t\t\t\t<\/div>\n\t\t<\/article>\n\t\t\t\t<article class=\"elementor-post elementor-grid-item post-31009 post type-post status-publish format-standard has-post-thumbnail hentry category-aktuellt category-berattelser category-bosnien-hercegovina\" role=\"listitem\">\n\t\t\t<div class=\"elementor-post__card\">\n\t\t\t\t<a class=\"elementor-post__thumbnail__link\" href=\"https:\/\/myright.se\/es\/bosnien-och-hercegovina-kvinnor-med-funktionsnedsattning-starker-sina-roster\/\" tabindex=\"-1\" target=\"_blank\"><div class=\"elementor-post__thumbnail\"><img decoding=\"async\" width=\"1600\" height=\"1200\" src=\"https:\/\/myright.se\/wp-content\/uploads\/2026\/04\/Muhida-Karalija_From-participant-of-MyRight-first-cycle-Economic-Empowerment-Programme-to-entrepreneur.jpg\" class=\"attachment-full size-full wp-image-31010\" alt=\"Muhida sitter p\u00e5 huk framf\u00f6r ett h\u00f6nshus\u00f6 Hon har m\u00f6rkt l\u00e5ngt h\u00e5r och glas\u00f6gon.\" srcset=\"https:\/\/myright.se\/wp-content\/uploads\/2026\/04\/Muhida-Karalija_From-participant-of-MyRight-first-cycle-Economic-Empowerment-Programme-to-entrepreneur.jpg 1600w, https:\/\/myright.se\/wp-content\/uploads\/2026\/04\/Muhida-Karalija_From-participant-of-MyRight-first-cycle-Economic-Empowerment-Programme-to-entrepreneur-300x225.jpg 300w, https:\/\/myright.se\/wp-content\/uploads\/2026\/04\/Muhida-Karalija_From-participant-of-MyRight-first-cycle-Economic-Empowerment-Programme-to-entrepreneur-1024x768.jpg 1024w, https:\/\/myright.se\/wp-content\/uploads\/2026\/04\/Muhida-Karalija_From-participant-of-MyRight-first-cycle-Economic-Empowerment-Programme-to-entrepreneur-768x576.jpg 768w, https:\/\/myright.se\/wp-content\/uploads\/2026\/04\/Muhida-Karalija_From-participant-of-MyRight-first-cycle-Economic-Empowerment-Programme-to-entrepreneur-1536x1152.jpg 1536w, https:\/\/myright.se\/wp-content\/uploads\/2026\/04\/Muhida-Karalija_From-participant-of-MyRight-first-cycle-Economic-Empowerment-Programme-to-entrepreneur-16x12.jpg 16w, https:\/\/myright.se\/wp-content\/uploads\/2026\/04\/Muhida-Karalija_From-participant-of-MyRight-first-cycle-Economic-Empowerment-Programme-to-entrepreneur-1200x900.jpg 1200w, https:\/\/myright.se\/wp-content\/uploads\/2026\/04\/Muhida-Karalija_From-participant-of-MyRight-first-cycle-Economic-Empowerment-Programme-to-entrepreneur-600x450.jpg 600w\" sizes=\"(max-width: 1600px) 100vw, 1600px\" \/><\/div><\/a>\n\t\t\t\t<div class=\"elementor-post__text\">\n\t\t\t\t<h2 class=\"elementor-post__title\">\n\t\t\t<a href=\"https:\/\/myright.se\/es\/bosnien-och-hercegovina-kvinnor-med-funktionsnedsattning-starker-sina-roster\/\" target=&quot;_blank&quot;>\n\t\t\t\tBosnien och Hercegovina: Kvinnor med funktionsneds\u00e4ttning st\u00e4rker sina r\u00f6ster\t\t\t<\/a>\n\t\t<\/h2>\n\t\t\t\t<div class=\"elementor-post__excerpt\">\n\t\t\t<p>Kvinnor med funktionsneds\u00e4ttning i Bosnien och Hercegovina har l\u00e4nge varit<\/p>\n\t\t<\/div>\n\t\t\n\t\t<a class=\"elementor-post__read-more\" href=\"https:\/\/myright.se\/es\/bosnien-och-hercegovina-kvinnor-med-funktionsnedsattning-starker-sina-roster\/\" aria-label=\"M\u00e1s informaci\u00f3n sobre Bosnien och Hercegovina: Kvinnor med funktionsneds\u00e4ttning st\u00e4rker sina r\u00f6ster\" tabindex=\"-1\" target=\"_blank\">\n\t\t\tL\u00e4s mer \u00bb\t\t<\/a>\n\n\t\t\t\t<\/div>\n\t\t\t\t<div class=\"elementor-post__meta-data\">\n\t\t\t\t\t<span class=\"elementor-post-date\">\n\t\t\tabril 8, 2026\t\t<\/span>\n\t\t\t\t<\/div>\n\t\t\t\t\t<\/div>\n\t\t<\/article>\n\t\t\t\t<article class=\"elementor-post elementor-grid-item post-30968 post type-post status-publish format-standard has-post-thumbnail hentry category-aktuellt category-berattelser category-tanzania\" role=\"listitem\">\n\t\t\t<div class=\"elementor-post__card\">\n\t\t\t\t<a class=\"elementor-post__thumbnail__link\" href=\"https:\/\/myright.se\/es\/abdalah-kameta\/\" tabindex=\"-1\" target=\"_blank\"><div class=\"elementor-post__thumbnail\"><img decoding=\"async\" width=\"2560\" height=\"1707\" src=\"https:\/\/myright.se\/wp-content\/uploads\/2026\/03\/IMG_5868-scaled.jpg\" class=\"attachment-full size-full wp-image-30976\" alt=\"\" srcset=\"https:\/\/myright.se\/wp-content\/uploads\/2026\/03\/IMG_5868-scaled.jpg 2560w, https:\/\/myright.se\/wp-content\/uploads\/2026\/03\/IMG_5868-300x200.jpg 300w, https:\/\/myright.se\/wp-content\/uploads\/2026\/03\/IMG_5868-1024x683.jpg 1024w, https:\/\/myright.se\/wp-content\/uploads\/2026\/03\/IMG_5868-768x512.jpg 768w, https:\/\/myright.se\/wp-content\/uploads\/2026\/03\/IMG_5868-1536x1024.jpg 1536w, https:\/\/myright.se\/wp-content\/uploads\/2026\/03\/IMG_5868-2048x1365.jpg 2048w, https:\/\/myright.se\/wp-content\/uploads\/2026\/03\/IMG_5868-18x12.jpg 18w, https:\/\/myright.se\/wp-content\/uploads\/2026\/03\/IMG_5868-1200x800.jpg 1200w, https:\/\/myright.se\/wp-content\/uploads\/2026\/03\/IMG_5868-1980x1320.jpg 1980w, https:\/\/myright.se\/wp-content\/uploads\/2026\/03\/IMG_5868-600x400.jpg 600w\" sizes=\"(max-width: 2560px) 100vw, 2560px\" \/><\/div><\/a>\n\t\t\t\t<div class=\"elementor-post__text\">\n\t\t\t\t<h2 class=\"elementor-post__title\">\n\t\t\t<a href=\"https:\/\/myright.se\/es\/abdalah-kameta\/\" target=&quot;_blank&quot;>\n\t\t\t\tFr\u00e5n utanf\u00f6rskap till politiskt deltagande \u2013 Abdalahs v\u00e4g till att st\u00e4lla upp i val\t\t\t<\/a>\n\t\t<\/h2>\n\t\t\t\t<div class=\"elementor-post__excerpt\">\n\t\t\t<p>F\u00f6r bara n\u00e5gra \u00e5r sedan s\u00e5g Abdalah Kameta inte sig<\/p>\n\t\t<\/div>\n\t\t\n\t\t<a class=\"elementor-post__read-more\" href=\"https:\/\/myright.se\/es\/abdalah-kameta\/\" aria-label=\"M\u00e1s informaci\u00f3n sobre Fr\u00e5n utanf\u00f6rskap till politiskt deltagande \u2013 Abdalahs v\u00e4g till att st\u00e4lla upp i val\" tabindex=\"-1\" target=\"_blank\">\n\t\t\tL\u00e4s mer \u00bb\t\t<\/a>\n\n\t\t\t\t<\/div>\n\t\t\t\t<div class=\"elementor-post__meta-data\">\n\t\t\t\t\t<span class=\"elementor-post-date\">\n\t\t\tmarzo 26, 2026\t\t<\/span>\n\t\t\t\t<\/div>\n\t\t\t\t\t<\/div>\n\t\t<\/article>\n\t\t\t\t<article class=\"elementor-post elementor-grid-item post-30531 post type-post status-publish format-standard has-post-thumbnail hentry category-aktuellt\" role=\"listitem\">\n\t\t\t<div class=\"elementor-post__card\">\n\t\t\t\t<a class=\"elementor-post__thumbnail__link\" href=\"https:\/\/myright.se\/es\/generalsekreterare-lamnar\/\" tabindex=\"-1\" target=\"_blank\"><div class=\"elementor-post__thumbnail\"><img loading=\"lazy\" decoding=\"async\" width=\"2560\" height=\"2560\" src=\"https:\/\/myright.se\/wp-content\/uploads\/2026\/02\/Mohammed-1-kopia-scaled.jpg\" class=\"attachment-full size-full wp-image-30689\" alt=\"Mohammed har vit skjorta, m\u00f6rkt h\u00e5r och mustasch.\" srcset=\"https:\/\/myright.se\/wp-content\/uploads\/2026\/02\/Mohammed-1-kopia-scaled.jpg 2560w, https:\/\/myright.se\/wp-content\/uploads\/2026\/02\/Mohammed-1-kopia-300x300.jpg 300w, https:\/\/myright.se\/wp-content\/uploads\/2026\/02\/Mohammed-1-kopia-1024x1024.jpg 1024w, https:\/\/myright.se\/wp-content\/uploads\/2026\/02\/Mohammed-1-kopia-150x150.jpg 150w, https:\/\/myright.se\/wp-content\/uploads\/2026\/02\/Mohammed-1-kopia-768x768.jpg 768w, https:\/\/myright.se\/wp-content\/uploads\/2026\/02\/Mohammed-1-kopia-1536x1536.jpg 1536w, https:\/\/myright.se\/wp-content\/uploads\/2026\/02\/Mohammed-1-kopia-2048x2048.jpg 2048w, https:\/\/myright.se\/wp-content\/uploads\/2026\/02\/Mohammed-1-kopia-12x12.jpg 12w, https:\/\/myright.se\/wp-content\/uploads\/2026\/02\/Mohammed-1-kopia-1200x1200.jpg 1200w, https:\/\/myright.se\/wp-content\/uploads\/2026\/02\/Mohammed-1-kopia-1980x1980.jpg 1980w, https:\/\/myright.se\/wp-content\/uploads\/2026\/02\/Mohammed-1-kopia-450x450.jpg 450w, https:\/\/myright.se\/wp-content\/uploads\/2026\/02\/Mohammed-1-kopia-600x600.jpg 600w, https:\/\/myright.se\/wp-content\/uploads\/2026\/02\/Mohammed-1-kopia-100x100.jpg 100w\" sizes=\"(max-width: 2560px) 100vw, 2560px\" \/><\/div><\/a>\n\t\t\t\t<div class=\"elementor-post__text\">\n\t\t\t\t<h2 class=\"elementor-post__title\">\n\t\t\t<a href=\"https:\/\/myright.se\/es\/generalsekreterare-lamnar\/\" target=&quot;_blank&quot;>\n\t\t\t\tGeneralsekreterare Mohammed Mohsen l\u00e4mnar MyRight i augusti\t\t\t<\/a>\n\t\t<\/h2>\n\t\t\t\t<div class=\"elementor-post__excerpt\">\n\t\t\t<p>Mohammed Mohsen avslutar sitt uppdrag som generalsekreterare den 15 augusti. Styrelsen tackar f\u00f6r hans viktiga insatser och inleder nu rekryteringen av en eftertr\u00e4dare.<\/p>\n\t\t<\/div>\n\t\t\n\t\t<a class=\"elementor-post__read-more\" href=\"https:\/\/myright.se\/es\/generalsekreterare-lamnar\/\" aria-label=\"M\u00e1s informaci\u00f3n sobre Generalsekreterare Mohammed Mohsen l\u00e4mnar MyRight i augusti\" tabindex=\"-1\" target=\"_blank\">\n\t\t\tL\u00e4s mer \u00bb\t\t<\/a>\n\n\t\t\t\t<\/div>\n\t\t\t\t<div class=\"elementor-post__meta-data\">\n\t\t\t\t\t<span class=\"elementor-post-date\">\n\t\t\tfebrero 19, 2026\t\t<\/span>\n\t\t\t\t<\/div>\n\t\t\t\t\t<\/div>\n\t\t<\/article>\n\t\t\t\t<article class=\"elementor-post elementor-grid-item post-30604 post type-post status-publish format-standard has-post-thumbnail hentry category-aktuellt\" role=\"listitem\">\n\t\t\t<div class=\"elementor-post__card\">\n\t\t\t\t<a class=\"elementor-post__thumbnail__link\" href=\"https:\/\/myright.se\/es\/10-goda-nyheter-fran-2025\/\" tabindex=\"-1\" target=\"_blank\"><div class=\"elementor-post__thumbnail\"><img loading=\"lazy\" decoding=\"async\" width=\"2560\" height=\"1440\" src=\"https:\/\/myright.se\/wp-content\/uploads\/2025\/10\/tack-kollage-scaled.jpg\" class=\"attachment-full size-full wp-image-29684\" alt=\"Ett kollage med 12 foton p\u00e5 m\u00e4nniskor och grupper av m\u00e4nniskor med olika synliga och osynliga funktionsneds\u00e4ttningar.\" srcset=\"https:\/\/myright.se\/wp-content\/uploads\/2025\/10\/tack-kollage-scaled.jpg 2560w, https:\/\/myright.se\/wp-content\/uploads\/2025\/10\/tack-kollage-300x169.jpg 300w, https:\/\/myright.se\/wp-content\/uploads\/2025\/10\/tack-kollage-1024x576.jpg 1024w, https:\/\/myright.se\/wp-content\/uploads\/2025\/10\/tack-kollage-768x432.jpg 768w, https:\/\/myright.se\/wp-content\/uploads\/2025\/10\/tack-kollage-1536x864.jpg 1536w, https:\/\/myright.se\/wp-content\/uploads\/2025\/10\/tack-kollage-2048x1152.jpg 2048w, https:\/\/myright.se\/wp-content\/uploads\/2025\/10\/tack-kollage-18x10.jpg 18w, https:\/\/myright.se\/wp-content\/uploads\/2025\/10\/tack-kollage-1200x675.jpg 1200w, https:\/\/myright.se\/wp-content\/uploads\/2025\/10\/tack-kollage-1980x1114.jpg 1980w, https:\/\/myright.se\/wp-content\/uploads\/2025\/10\/tack-kollage-600x338.jpg 600w\" sizes=\"(max-width: 2560px) 100vw, 2560px\" \/><\/div><\/a>\n\t\t\t\t<div class=\"elementor-post__text\">\n\t\t\t\t<h2 class=\"elementor-post__title\">\n\t\t\t<a href=\"https:\/\/myright.se\/es\/10-goda-nyheter-fran-2025\/\" target=&quot;_blank&quot;>\n\t\t\t\t10 goda nyheter fr\u00e5n 2025\t\t\t<\/a>\n\t\t<\/h2>\n\t\t\t\t<div class=\"elementor-post__excerpt\">\n\t\t\t<p>H\u00e4r \u00e4r tio goda nyheter fr\u00e5n 2025 \u2013 tio konkreta exempel p\u00e5 vad MyRights arbete har gjort m\u00f6jligt.<\/p>\n\t\t<\/div>\n\t\t\n\t\t<a class=\"elementor-post__read-more\" href=\"https:\/\/myright.se\/es\/10-goda-nyheter-fran-2025\/\" aria-label=\"M\u00e1s informaci\u00f3n sobre 10 goda nyheter fr\u00e5n 2025\" tabindex=\"-1\" target=\"_blank\">\n\t\t\tL\u00e4s mer \u00bb\t\t<\/a>\n\n\t\t\t\t<\/div>\n\t\t\t\t<div class=\"elementor-post__meta-data\">\n\t\t\t\t\t<span class=\"elementor-post-date\">\n\t\t\tfebrero 10, 2026\t\t<\/span>\n\t\t\t\t<\/div>\n\t\t\t\t\t<\/div>\n\t\t<\/article>\n\t\t\t\t<article class=\"elementor-post elementor-grid-item post-30630 post type-post status-publish format-standard has-post-thumbnail hentry category-aktuellt category-rwanda\" role=\"listitem\">\n\t\t\t<div class=\"elementor-post__card\">\n\t\t\t\t<a class=\"elementor-post__thumbnail__link\" href=\"https:\/\/myright.se\/es\/muhimpundu-carine-jag-fick-tillbaka-min-vardighet\/\" tabindex=\"-1\" target=\"_blank\"><div class=\"elementor-post__thumbnail\"><img loading=\"lazy\" decoding=\"async\" width=\"780\" height=\"520\" src=\"https:\/\/myright.se\/wp-content\/uploads\/2026\/01\/WhatsApp-Image-2025-08-07-at-14.14.30-1.jpeg\" class=\"attachment-full size-full wp-image-30636\" alt=\"Muhimpundu st\u00e5r med sin vita k\u00e4pp framf\u00f6r en v\u00e4gg. Hon har en kjol och en m\u00f6ssa p\u00e5 sig.\" srcset=\"https:\/\/myright.se\/wp-content\/uploads\/2026\/01\/WhatsApp-Image-2025-08-07-at-14.14.30-1.jpeg 780w, https:\/\/myright.se\/wp-content\/uploads\/2026\/01\/WhatsApp-Image-2025-08-07-at-14.14.30-1-300x200.jpeg 300w, https:\/\/myright.se\/wp-content\/uploads\/2026\/01\/WhatsApp-Image-2025-08-07-at-14.14.30-1-768x512.jpeg 768w, https:\/\/myright.se\/wp-content\/uploads\/2026\/01\/WhatsApp-Image-2025-08-07-at-14.14.30-1-18x12.jpeg 18w, https:\/\/myright.se\/wp-content\/uploads\/2026\/01\/WhatsApp-Image-2025-08-07-at-14.14.30-1-600x400.jpeg 600w\" sizes=\"(max-width: 780px) 100vw, 780px\" \/><\/div><\/a>\n\t\t\t\t<div class=\"elementor-post__text\">\n\t\t\t\t<h2 class=\"elementor-post__title\">\n\t\t\t<a href=\"https:\/\/myright.se\/es\/muhimpundu-carine-jag-fick-tillbaka-min-vardighet\/\" target=&quot;_blank&quot;>\n\t\t\t\tMuhimpundu\u00a0Carine: Jag fick tillbaka min v\u00e4rdighet\u00a0\u00a0\t\t\t<\/a>\n\t\t<\/h2>\n\t\t\t\t<div class=\"elementor-post__excerpt\">\n\t\t\t<p>Muhimpundu Carine \u00e4r 22 \u00e5r och lever med d\u00f6vblindhet i Rwanda. L\u00e4nge k\u00e4nde hon sig ensam och utanf\u00f6r, utan m\u00f6jlighet att kommunicera med sin omgivning. N\u00e4r hon kom i kontakt med organisationen ROPDB f\u00f6r\u00e4ndrades hennes liv.<\/p>\n\t\t<\/div>\n\t\t\n\t\t<a class=\"elementor-post__read-more\" href=\"https:\/\/myright.se\/es\/muhimpundu-carine-jag-fick-tillbaka-min-vardighet\/\" aria-label=\"M\u00e1s informaci\u00f3n sobre Muhimpundu\u00a0Carine: Jag fick tillbaka min v\u00e4rdighet\u00a0\u00a0\" tabindex=\"-1\" target=\"_blank\">\n\t\t\tL\u00e4s mer \u00bb\t\t<\/a>\n\n\t\t\t\t<\/div>\n\t\t\t\t<div class=\"elementor-post__meta-data\">\n\t\t\t\t\t<span class=\"elementor-post-date\">\n\t\t\tenero 28, 2026\t\t<\/span>\n\t\t\t\t<\/div>\n\t\t\t\t\t<\/div>\n\t\t<\/article>\n\t\t\t\t<article class=\"elementor-post elementor-grid-item post-30427 post type-post status-publish format-standard has-post-thumbnail hentry category-aktuellt\" role=\"listitem\">\n\t\t\t<div class=\"elementor-post__card\">\n\t\t\t\t<a class=\"elementor-post__thumbnail__link\" href=\"https:\/\/myright.se\/es\/sven-arne-persson\/\" tabindex=\"-1\" target=\"_blank\"><div class=\"elementor-post__thumbnail\"><img loading=\"lazy\" decoding=\"async\" width=\"630\" height=\"474\" src=\"https:\/\/myright.se\/wp-content\/uploads\/2025\/12\/Skarmbild-2025-12-18-101723.png\" class=\"attachment-full size-full wp-image-30428\" alt=\"Sven-Arne st\u00e5r lutad mot en l\u00e5g stenmur, i bakgrunden syns en stor stad.\" srcset=\"https:\/\/myright.se\/wp-content\/uploads\/2025\/12\/Skarmbild-2025-12-18-101723.png 630w, https:\/\/myright.se\/wp-content\/uploads\/2025\/12\/Skarmbild-2025-12-18-101723-300x226.png 300w, https:\/\/myright.se\/wp-content\/uploads\/2025\/12\/Skarmbild-2025-12-18-101723-16x12.png 16w, https:\/\/myright.se\/wp-content\/uploads\/2025\/12\/Skarmbild-2025-12-18-101723-600x451.png 600w\" sizes=\"(max-width: 630px) 100vw, 630px\" \/><\/div><\/a>\n\t\t\t\t<div class=\"elementor-post__text\">\n\t\t\t\t<h2 class=\"elementor-post__title\">\n\t\t\t<a href=\"https:\/\/myright.se\/es\/sven-arne-persson\/\" target=&quot;_blank&quot;>\n\t\t\t\tDet har format hela mitt liv\t\t\t<\/a>\n\t\t<\/h2>\n\t\t\t\t<div class=\"elementor-post__excerpt\">\n\t\t\t<p>Efter 18 \u00e5r av internationellt engagemang f\u00f6r funktionsr\u00e4tt g\u00e5r Sven-Arne Persson i pension. Fr\u00e5n klassrummet i den anpassade gymnasieskolan till projekt i Rwanda, Bolivia och Peru har hans arbete pr\u00e4glats av lyh\u00f6rdhet, \u00f6dmjukhet och en stark tro p\u00e5 allas r\u00e4tt att delta i samh\u00e4llet.<\/p>\n\t\t<\/div>\n\t\t\n\t\t<a class=\"elementor-post__read-more\" href=\"https:\/\/myright.se\/es\/sven-arne-persson\/\" aria-label=\"M\u00e1s informaci\u00f3n sobre Det har format hela mitt liv\" tabindex=\"-1\" target=\"_blank\">\n\t\t\tL\u00e4s mer \u00bb\t\t<\/a>\n\n\t\t\t\t<\/div>\n\t\t\t\t<div class=\"elementor-post__meta-data\">\n\t\t\t\t\t<span class=\"elementor-post-date\">\n\t\t\tdiciembre 18, 2025\t\t<\/span>\n\t\t\t\t<\/div>\n\t\t\t\t\t<\/div>\n\t\t<\/article>\n\t\t\t\t<article class=\"elementor-post elementor-grid-item post-30385 post type-post status-publish format-standard has-post-thumbnail hentry category-aktuellt\" role=\"listitem\">\n\t\t\t<div class=\"elementor-post__card\">\n\t\t\t\t<a class=\"elementor-post__thumbnail__link\" href=\"https:\/\/myright.se\/es\/nar-tystnaden-blir-ett-sar-krigstrauma-i-bosnien\/\" tabindex=\"-1\" target=\"_blank\"><div class=\"elementor-post__thumbnail\"><img loading=\"lazy\" decoding=\"async\" width=\"2560\" height=\"1707\" src=\"https:\/\/myright.se\/wp-content\/uploads\/2025\/12\/Peace-for-All-seminar-2-scaled.jpg\" class=\"attachment-full size-full wp-image-30386\" alt=\"\" srcset=\"https:\/\/myright.se\/wp-content\/uploads\/2025\/12\/Peace-for-All-seminar-2-scaled.jpg 2560w, https:\/\/myright.se\/wp-content\/uploads\/2025\/12\/Peace-for-All-seminar-2-300x200.jpg 300w, https:\/\/myright.se\/wp-content\/uploads\/2025\/12\/Peace-for-All-seminar-2-1024x683.jpg 1024w, https:\/\/myright.se\/wp-content\/uploads\/2025\/12\/Peace-for-All-seminar-2-768x512.jpg 768w, https:\/\/myright.se\/wp-content\/uploads\/2025\/12\/Peace-for-All-seminar-2-1536x1024.jpg 1536w, https:\/\/myright.se\/wp-content\/uploads\/2025\/12\/Peace-for-All-seminar-2-2048x1365.jpg 2048w, https:\/\/myright.se\/wp-content\/uploads\/2025\/12\/Peace-for-All-seminar-2-18x12.jpg 18w, https:\/\/myright.se\/wp-content\/uploads\/2025\/12\/Peace-for-All-seminar-2-1200x800.jpg 1200w, https:\/\/myright.se\/wp-content\/uploads\/2025\/12\/Peace-for-All-seminar-2-1980x1320.jpg 1980w, https:\/\/myright.se\/wp-content\/uploads\/2025\/12\/Peace-for-All-seminar-2-600x400.jpg 600w\" sizes=\"(max-width: 2560px) 100vw, 2560px\" \/><\/div><\/a>\n\t\t\t\t<div class=\"elementor-post__text\">\n\t\t\t\t<h2 class=\"elementor-post__title\">\n\t\t\t<a href=\"https:\/\/myright.se\/es\/nar-tystnaden-blir-ett-sar-krigstrauma-i-bosnien\/\" target=&quot;_blank&quot;>\n\t\t\t\tN\u00e4r tystnaden blir ett s\u00e5r \u2013 krigstrauma i Bosnien\t\t\t<\/a>\n\t\t<\/h2>\n\t\t\t\t<div class=\"elementor-post__excerpt\">\n\t\t\t<p>\u201dDe flesta sopar helt enkelt sina minnen under mattan.\u201d Orden<\/p>\n\t\t<\/div>\n\t\t\n\t\t<a class=\"elementor-post__read-more\" href=\"https:\/\/myright.se\/es\/nar-tystnaden-blir-ett-sar-krigstrauma-i-bosnien\/\" aria-label=\"M\u00e1s informaci\u00f3n sobre N\u00e4r tystnaden blir ett s\u00e5r \u2013 krigstrauma i Bosnien\" tabindex=\"-1\" target=\"_blank\">\n\t\t\tL\u00e4s mer \u00bb\t\t<\/a>\n\n\t\t\t\t<\/div>\n\t\t\t\t<div class=\"elementor-post__meta-data\">\n\t\t\t\t\t<span class=\"elementor-post-date\">\n\t\t\tdiciembre 8, 2025\t\t<\/span>\n\t\t\t\t<\/div>\n\t\t\t\t\t<\/div>\n\t\t<\/article>\n\t\t\t\t<article class=\"elementor-post elementor-grid-item post-30333 post type-post status-publish format-standard has-post-thumbnail hentry category-aktuellt\" role=\"listitem\">\n\t\t\t<div class=\"elementor-post__card\">\n\t\t\t\t<a class=\"elementor-post__thumbnail__link\" href=\"https:\/\/myright.se\/es\/bistandets-glomda-malgrupp\/\" tabindex=\"-1\" target=\"_blank\"><div class=\"elementor-post__thumbnail\"><img loading=\"lazy\" decoding=\"async\" width=\"1200\" height=\"800\" src=\"https:\/\/myright.se\/wp-content\/uploads\/2021\/12\/UN-A-disabled-youth-sitting-in-a-wheelchair-donated-by-the-UN-Volunteers-Nort-Darfur-Sudan-2012.jpg\" class=\"attachment-full size-full wp-image-19006\" alt=\"en ung flicka sitter i en rullstol i ett flyktingl\u00e4ger\" srcset=\"https:\/\/myright.se\/wp-content\/uploads\/2021\/12\/UN-A-disabled-youth-sitting-in-a-wheelchair-donated-by-the-UN-Volunteers-Nort-Darfur-Sudan-2012.jpg 1200w, https:\/\/myright.se\/wp-content\/uploads\/2021\/12\/UN-A-disabled-youth-sitting-in-a-wheelchair-donated-by-the-UN-Volunteers-Nort-Darfur-Sudan-2012-300x200.jpg 300w, https:\/\/myright.se\/wp-content\/uploads\/2021\/12\/UN-A-disabled-youth-sitting-in-a-wheelchair-donated-by-the-UN-Volunteers-Nort-Darfur-Sudan-2012-1024x683.jpg 1024w, https:\/\/myright.se\/wp-content\/uploads\/2021\/12\/UN-A-disabled-youth-sitting-in-a-wheelchair-donated-by-the-UN-Volunteers-Nort-Darfur-Sudan-2012-768x512.jpg 768w, https:\/\/myright.se\/wp-content\/uploads\/2021\/12\/UN-A-disabled-youth-sitting-in-a-wheelchair-donated-by-the-UN-Volunteers-Nort-Darfur-Sudan-2012-18x12.jpg 18w, https:\/\/myright.se\/wp-content\/uploads\/2021\/12\/UN-A-disabled-youth-sitting-in-a-wheelchair-donated-by-the-UN-Volunteers-Nort-Darfur-Sudan-2012-600x400.jpg 600w\" sizes=\"(max-width: 1200px) 100vw, 1200px\" \/><\/div><\/a>\n\t\t\t\t<div class=\"elementor-post__text\">\n\t\t\t\t<h2 class=\"elementor-post__title\">\n\t\t\t<a href=\"https:\/\/myright.se\/es\/bistandets-glomda-malgrupp\/\" target=&quot;_blank&quot;>\n\t\t\t\tBist\u00e5ndets gl\u00f6mda m\u00e5lgrupp\t\t\t<\/a>\n\t\t<\/h2>\n\t\t\t\t<div class=\"elementor-post__excerpt\">\n\t\t\t<p>Regeringar talar om effektiviseringar och prioriteringar i bist\u00e5ndet men personer<\/p>\n\t\t<\/div>\n\t\t\n\t\t<a class=\"elementor-post__read-more\" href=\"https:\/\/myright.se\/es\/bistandets-glomda-malgrupp\/\" aria-label=\"M\u00e1s informaci\u00f3n sobre Bist\u00e5ndets gl\u00f6mda m\u00e5lgrupp\" tabindex=\"-1\" target=\"_blank\">\n\t\t\tL\u00e4s mer \u00bb\t\t<\/a>\n\n\t\t\t\t<\/div>\n\t\t\t\t<div class=\"elementor-post__meta-data\">\n\t\t\t\t\t<span class=\"elementor-post-date\">\n\t\t\tdiciembre 3, 2025\t\t<\/span>\n\t\t\t\t<\/div>\n\t\t\t\t\t<\/div>\n\t\t<\/article>\n\t\t\t\t<\/div>\n\t\t\n\t\t\t\t<div class=\"e-load-more-anchor\" data-page=\"1\" data-max-page=\"22\" data-next-page=\"https:\/\/myright.se\/es\/wp-json\/wp\/v2\/pages\/1378\/page\/2\/\"><\/div>\n\t\t\t\t<nav class=\"elementor-pagination\" aria-label=\"Paginaci\u00f3n\">\n\t\t\t<span class=\"page-numbers prev\">&laquo; <\/span>\n<span aria-current=\"page\" class=\"page-numbers current\"><span class=\"elementor-screen-only\">P\u00e1gina<\/span>1<\/span>\n<a class=\"page-numbers\" href=\"https:\/\/myright.se\/es\/wp-json\/wp\/v2\/pages\/1378\/page\/2\/\"><span class=\"elementor-screen-only\">P\u00e1gina<\/span>2<\/a>\n<a class=\"page-numbers\" href=\"https:\/\/myright.se\/es\/wp-json\/wp\/v2\/pages\/1378\/page\/3\/\"><span class=\"elementor-screen-only\">P\u00e1gina<\/span>3<\/a>\n<span class=\"page-numbers dots\">&hellip;<\/span>\n<a class=\"page-numbers\" href=\"https:\/\/myright.se\/es\/wp-json\/wp\/v2\/pages\/1378\/page\/22\/\"><span class=\"elementor-screen-only\">P\u00e1gina<\/span>22<\/a>\n<a class=\"page-numbers next\" href=\"https:\/\/myright.se\/es\/wp-json\/wp\/v2\/pages\/1378\/page\/2\/\">&raquo;<\/a>\t\t<\/nav>\n\t\t\t\t\t\t<\/div>\n\t\t\t\t<\/div>\n\t\t\t\t\t<\/div>\n\t\t<\/div>\n\t\t\t\t\t<\/div>\n\t\t<\/section>\n\t\t\t\t<section class=\"elementor-section elementor-top-section elementor-element elementor-element-3d79238 elementor-section-boxed elementor-section-height-default elementor-section-height-default\" data-id=\"3d79238\" data-element_type=\"section\" data-e-type=\"section\" data-settings=\"{&quot;background_background&quot;:&quot;classic&quot;}\">\n\t\t\t\t\t\t<div class=\"elementor-container elementor-column-gap-default\">\n\t\t\t\t\t<div class=\"elementor-column elementor-col-100 elementor-top-column elementor-element elementor-element-96f422a\" data-id=\"96f422a\" data-element_type=\"column\" data-e-type=\"column\">\n\t\t\t<div class=\"elementor-widget-wrap elementor-element-populated\">\n\t\t\t\t\t\t<div class=\"elementor-element elementor-element-a094321 elementor-widget elementor-widget-heading\" data-id=\"a094321\" data-element_type=\"widget\" data-e-type=\"widget\" data-widget_type=\"heading.default\">\n\t\t\t\t<div class=\"elementor-widget-container\">\n\t\t\t\t\t<h2 class=\"elementor-heading-title elementor-size-default\">H\u00e5ll dig uppdaterad med MyRights nyhetsbrev!<\/h2>\t\t\t\t<\/div>\n\t\t\t\t<\/div>\n\t\t\t\t<div class=\"elementor-element elementor-element-ebfc91b elementor-widget elementor-widget-text-editor\" data-id=\"ebfc91b\" data-element_type=\"widget\" data-e-type=\"widget\" data-widget_type=\"text-editor.default\">\n\t\t\t\t<div class=\"elementor-widget-container\">\n\t\t\t\t\t\t\t\t\t<p>I MyRights nyhetsbrev\u00a0skriver vi om internationella funktionshinderfr\u00e5gor och v\u00e5rt arbete.\u00a0<\/p>\t\t\t\t\t\t\t\t<\/div>\n\t\t\t\t<\/div>\n\t\t\t\t<div class=\"elementor-element elementor-element-7428fbf elementor-widget elementor-widget-html\" data-id=\"7428fbf\" data-element_type=\"widget\" data-e-type=\"widget\" data-widget_type=\"html.default\">\n\t\t\t\t<div class=\"elementor-widget-container\">\n\t\t\t\t\t<form method=\"post\" action=\"https:\/\/ui.ungpd.com\/Api\/Subscriptions\/8055ef88-0cdc-4a9b-9a61-96ee3fd90775\">\r\n<input type=\"hidden\" name=\"ListIds\" value=\"77350235-b2a0-4200-bc21-f4078694db0f\" id=\"listId77350235-b2a0-4200-bc21-f4078694db0f\" > <input type=\"hidden\" name=\"SubscriptionConfirmedUrl\" value=\"https:\/\/myright.se\/nyhetsbrev\/tack\/\">\r\n<input type=\"hidden\" name=\"DoubleOptIn[Issue][IssueId]\" value=\"c7c8a300-b577-49e5-a705-94e6b4430cd1\">\r\n<input type=\"hidden\" name=\"ConfirmationIssue[IssueId]\" value=\"3f67186e-0c86-418d-a484-48b0b8b90414\">\r\n<label for=\"contactEmail\">E-post:<\/label> <input type=\"email\" name=\"Contact[Email]\" id=\"contactEmail\" required \/><br\/>\r\n<label for=\"contactConsentText\"><input type=\"checkbox\" required name=\"ConsentText\" id=\"contactConsentText\" value=\"Jag samtycker till att ta emot MyRights nyhetsbrev i enlighet med integritetspolicyn. \" \/> Jag samtycker till att ta emot MyRights nyhetsbrev i enlighet med integritetspolicyn. <\/label><br\/>\r\n<input type=\"submit\" value=\"Anm\u00e4lan\">\r\n<\/form>\r\n\t\t\t\t<\/div>\n\t\t\t\t<\/div>\n\t\t\t\t\t<\/div>\n\t\t<\/div>\n\t\t\t\t\t<\/div>\n\t\t<\/section>\n\t\t\t\t<\/div>\n\t\t","protected":false},"excerpt":{"rendered":"<p>Noticias \u00a1Mant\u00e9ngase al d\u00eda con el bolet\u00edn MisDerechos! En el bolet\u00edn MyRights, escribimos sobre temas internacionales de discapacidad y nuestro trabajo. Correo electr\u00f3nico: Acepto recibir el bolet\u00edn MisDerechos de acuerdo con la pol\u00edtica de privacidad.<\/p>","protected":false},"author":2,"featured_media":20872,"parent":8,"menu_order":0,"comment_status":"closed","ping_status":"closed","template":"elementor_header_footer","meta":{"footnotes":""},"class_list":["post-1378","page","type-page","status-publish","has-post-thumbnail","hentry"],"yoast_head":"<!-- This site is optimized with the Yoast SEO plugin v27.5 - https:\/\/yoast.com\/product\/yoast-seo-wordpress\/ -->\n<title>Aktuellt - MyRight<\/title>\n<meta name=\"robots\" content=\"index, follow, max-snippet:-1, max-image-preview:large, max-video-preview:-1\" \/>\n<link rel=\"canonical\" href=\"https:\/\/myright.se\/es\/sobre-mi-derecho\/topico\/\" \/>\n<meta property=\"og:locale\" content=\"es_ES\" \/>\n<meta property=\"og:type\" content=\"article\" \/>\n<meta property=\"og:title\" content=\"Aktuellt - MyRight\" \/>\n<meta property=\"og:description\" content=\"Aktuellt H\u00e5ll dig uppdaterad med MyRights nyhetsbrev! I MyRights nyhetsbrev\u00a0skriver vi om internationella funktionshinderfr\u00e5gor och v\u00e5rt arbete.\u00a0 E-post: Jag samtycker till att ta emot MyRights nyhetsbrev i enlighet med integritetspolicyn.\" \/>\n<meta property=\"og:url\" content=\"https:\/\/myright.se\/es\/sobre-mi-derecho\/topico\/\" \/>\n<meta property=\"og:site_name\" content=\"MyRight\" \/>\n<meta property=\"article:modified_time\" content=\"2024-02-14T09:46:03+00:00\" \/>\n<meta property=\"og:image\" content=\"https:\/\/myright.se\/wp-content\/uploads\/2022\/11\/House-of-hope-ASBAHT-EfraziaLove-scaled.jpg\" \/>\n\t<meta property=\"og:image:width\" content=\"2560\" \/>\n\t<meta property=\"og:image:height\" content=\"1707\" \/>\n\t<meta property=\"og:image:type\" content=\"image\/jpeg\" \/>\n<meta name=\"twitter:card\" content=\"summary_large_image\" \/>\n<meta name=\"twitter:label1\" content=\"Tiempo de lectura\" \/>\n\t<meta name=\"twitter:data1\" content=\"4 minutos\" \/>\n<script type=\"application\/ld+json\" class=\"yoast-schema-graph\">{\"@context\":\"https:\\\/\\\/schema.org\",\"@graph\":[{\"@type\":\"WebPage\",\"@id\":\"https:\\\/\\\/myright.se\\\/om-myright\\\/aktuellt\\\/\",\"url\":\"https:\\\/\\\/myright.se\\\/om-myright\\\/aktuellt\\\/\",\"name\":\"Aktuellt - MyRight\",\"isPartOf\":{\"@id\":\"https:\\\/\\\/myright.se\\\/#website\"},\"primaryImageOfPage\":{\"@id\":\"https:\\\/\\\/myright.se\\\/om-myright\\\/aktuellt\\\/#primaryimage\"},\"image\":{\"@id\":\"https:\\\/\\\/myright.se\\\/om-myright\\\/aktuellt\\\/#primaryimage\"},\"thumbnailUrl\":\"https:\\\/\\\/myright.se\\\/wp-content\\\/uploads\\\/2022\\\/11\\\/House-of-hope-ASBAHT-EfraziaLove-scaled.jpg\",\"datePublished\":\"2019-07-05T13:06:19+00:00\",\"dateModified\":\"2024-02-14T09:46:03+00:00\",\"breadcrumb\":{\"@id\":\"https:\\\/\\\/myright.se\\\/om-myright\\\/aktuellt\\\/#breadcrumb\"},\"inLanguage\":\"es\",\"potentialAction\":[{\"@type\":\"ReadAction\",\"target\":[\"https:\\\/\\\/myright.se\\\/om-myright\\\/aktuellt\\\/\"]}]},{\"@type\":\"ImageObject\",\"inLanguage\":\"es\",\"@id\":\"https:\\\/\\\/myright.se\\\/om-myright\\\/aktuellt\\\/#primaryimage\",\"url\":\"https:\\\/\\\/myright.se\\\/wp-content\\\/uploads\\\/2022\\\/11\\\/House-of-hope-ASBAHT-EfraziaLove-scaled.jpg\",\"contentUrl\":\"https:\\\/\\\/myright.se\\\/wp-content\\\/uploads\\\/2022\\\/11\\\/House-of-hope-ASBAHT-EfraziaLove-scaled.jpg\",\"width\":2560,\"height\":1707,\"caption\":\"En kvinna st\u00e5r utanf\u00f6r ett hus med ett barn i famnen.\"},{\"@type\":\"BreadcrumbList\",\"@id\":\"https:\\\/\\\/myright.se\\\/om-myright\\\/aktuellt\\\/#breadcrumb\",\"itemListElement\":[{\"@type\":\"ListItem\",\"position\":1,\"name\":\"Hem\",\"item\":\"https:\\\/\\\/myright.se\\\/\"},{\"@type\":\"ListItem\",\"position\":2,\"name\":\"Om MyRight\",\"item\":\"https:\\\/\\\/myright.se\\\/om-myright\\\/\"},{\"@type\":\"ListItem\",\"position\":3,\"name\":\"Aktuellt\"}]},{\"@type\":\"WebSite\",\"@id\":\"https:\\\/\\\/myright.se\\\/#website\",\"url\":\"https:\\\/\\\/myright.se\\\/\",\"name\":\"MyRight\",\"description\":\"\",\"publisher\":{\"@id\":\"https:\\\/\\\/myright.se\\\/#organization\"},\"potentialAction\":[{\"@type\":\"SearchAction\",\"target\":{\"@type\":\"EntryPoint\",\"urlTemplate\":\"https:\\\/\\\/myright.se\\\/?s={search_term_string}\"},\"query-input\":{\"@type\":\"PropertyValueSpecification\",\"valueRequired\":true,\"valueName\":\"search_term_string\"}}],\"inLanguage\":\"es\"},{\"@type\":\"Organization\",\"@id\":\"https:\\\/\\\/myright.se\\\/#organization\",\"name\":\"MyRight\",\"url\":\"https:\\\/\\\/myright.se\\\/\",\"logo\":{\"@type\":\"ImageObject\",\"inLanguage\":\"es\",\"@id\":\"https:\\\/\\\/myright.se\\\/#\\\/schema\\\/logo\\\/image\\\/\",\"url\":\"https:\\\/\\\/myright.se\\\/wp-content\\\/uploads\\\/2020\\\/02\\\/Myright_logo_no_text_bredvid.png\",\"contentUrl\":\"https:\\\/\\\/myright.se\\\/wp-content\\\/uploads\\\/2020\\\/02\\\/Myright_logo_no_text_bredvid.png\",\"width\":2751,\"height\":816,\"caption\":\"MyRight\"},\"image\":{\"@id\":\"https:\\\/\\\/myright.se\\\/#\\\/schema\\\/logo\\\/image\\\/\"}}]}<\/script>\n<!-- \/ Yoast SEO plugin. -->","yoast_head_json":{"title":"Noticias - MiDerecho","robots":{"index":"index","follow":"follow","max-snippet":"max-snippet:-1","max-image-preview":"max-image-preview:large","max-video-preview":"max-video-preview:-1"},"canonical":"https:\/\/myright.se\/es\/sobre-mi-derecho\/topico\/","og_locale":"es_ES","og_type":"article","og_title":"Aktuellt - MyRight","og_description":"Aktuellt H\u00e5ll dig uppdaterad med MyRights nyhetsbrev! I MyRights nyhetsbrev\u00a0skriver vi om internationella funktionshinderfr\u00e5gor och v\u00e5rt arbete.\u00a0 E-post: Jag samtycker till att ta emot MyRights nyhetsbrev i enlighet med integritetspolicyn.","og_url":"https:\/\/myright.se\/es\/sobre-mi-derecho\/topico\/","og_site_name":"MyRight","article_modified_time":"2024-02-14T09:46:03+00:00","og_image":[{"width":2560,"height":1707,"url":"https:\/\/myright.se\/wp-content\/uploads\/2022\/11\/House-of-hope-ASBAHT-EfraziaLove-scaled.jpg","type":"image\/jpeg"}],"twitter_card":"summary_large_image","twitter_misc":{"Tiempo de lectura":"4 minutos"},"schema":{"@context":"https:\/\/schema.org","@graph":[{"@type":"WebPage","@id":"https:\/\/myright.se\/om-myright\/aktuellt\/","url":"https:\/\/myright.se\/om-myright\/aktuellt\/","name":"Noticias - MiDerecho","isPartOf":{"@id":"https:\/\/myright.se\/#website"},"primaryImageOfPage":{"@id":"https:\/\/myright.se\/om-myright\/aktuellt\/#primaryimage"},"image":{"@id":"https:\/\/myright.se\/om-myright\/aktuellt\/#primaryimage"},"thumbnailUrl":"https:\/\/myright.se\/wp-content\/uploads\/2022\/11\/House-of-hope-ASBAHT-EfraziaLove-scaled.jpg","datePublished":"2019-07-05T13:06:19+00:00","dateModified":"2024-02-14T09:46:03+00:00","breadcrumb":{"@id":"https:\/\/myright.se\/om-myright\/aktuellt\/#breadcrumb"},"inLanguage":"es","potentialAction":[{"@type":"ReadAction","target":["https:\/\/myright.se\/om-myright\/aktuellt\/"]}]},{"@type":"ImageObject","inLanguage":"es","@id":"https:\/\/myright.se\/om-myright\/aktuellt\/#primaryimage","url":"https:\/\/myright.se\/wp-content\/uploads\/2022\/11\/House-of-hope-ASBAHT-EfraziaLove-scaled.jpg","contentUrl":"https:\/\/myright.se\/wp-content\/uploads\/2022\/11\/House-of-hope-ASBAHT-EfraziaLove-scaled.jpg","width":2560,"height":1707,"caption":"En kvinna st\u00e5r utanf\u00f6r ett hus med ett barn i famnen."},{"@type":"BreadcrumbList","@id":"https:\/\/myright.se\/om-myright\/aktuellt\/#breadcrumb","itemListElement":[{"@type":"ListItem","position":1,"name":"Hem","item":"https:\/\/myright.se\/"},{"@type":"ListItem","position":2,"name":"Om MyRight","item":"https:\/\/myright.se\/om-myright\/"},{"@type":"ListItem","position":3,"name":"Aktuellt"}]},{"@type":"WebSite","@id":"https:\/\/myright.se\/#website","url":"https:\/\/myright.se\/","name":"Mi derecho","description":"","publisher":{"@id":"https:\/\/myright.se\/#organization"},"potentialAction":[{"@type":"SearchAction","target":{"@type":"EntryPoint","urlTemplate":"https:\/\/myright.se\/?s={search_term_string}"},"query-input":{"@type":"PropertyValueSpecification","valueRequired":true,"valueName":"search_term_string"}}],"inLanguage":"es"},{"@type":"Organization","@id":"https:\/\/myright.se\/#organization","name":"Mi derecho","url":"https:\/\/myright.se\/","logo":{"@type":"ImageObject","inLanguage":"es","@id":"https:\/\/myright.se\/#\/schema\/logo\/image\/","url":"https:\/\/myright.se\/wp-content\/uploads\/2020\/02\/Myright_logo_no_text_bredvid.png","contentUrl":"https:\/\/myright.se\/wp-content\/uploads\/2020\/02\/Myright_logo_no_text_bredvid.png","width":2751,"height":816,"caption":"MyRight"},"image":{"@id":"https:\/\/myright.se\/#\/schema\/logo\/image\/"}}]}},"_links":{"self":[{"href":"https:\/\/myright.se\/es\/wp-json\/wp\/v2\/pages\/1378","targetHints":{"allow":["GET"]}}],"collection":[{"href":"https:\/\/myright.se\/es\/wp-json\/wp\/v2\/pages"}],"about":[{"href":"https:\/\/myright.se\/es\/wp-json\/wp\/v2\/types\/page"}],"author":[{"embeddable":true,"href":"https:\/\/myright.se\/es\/wp-json\/wp\/v2\/users\/2"}],"replies":[{"embeddable":true,"href":"https:\/\/myright.se\/es\/wp-json\/wp\/v2\/comments?post=1378"}],"version-history":[{"count":184,"href":"https:\/\/myright.se\/es\/wp-json\/wp\/v2\/pages\/1378\/revisions"}],"predecessor-version":[{"id":26226,"href":"https:\/\/myright.se\/es\/wp-json\/wp\/v2\/pages\/1378\/revisions\/26226"}],"up":[{"embeddable":true,"href":"https:\/\/myright.se\/es\/wp-json\/wp\/v2\/pages\/8"}],"wp:featuredmedia":[{"embeddable":true,"href":"https:\/\/myright.se\/es\/wp-json\/wp\/v2\/media\/20872"}],"wp:attachment":[{"href":"https:\/\/myright.se\/es\/wp-json\/wp\/v2\/media?parent=1378"}],"curies":[{"name":"wp","href":"https:\/\/api.w.org\/{rel}","templated":true}]}}